{"id":591,"date":"2021-09-27T16:55:27","date_gmt":"2021-09-27T14:55:27","guid":{"rendered":"https:\/\/trachtengau.org\/wordpress\/?page_id=591"},"modified":"2021-09-27T16:59:53","modified_gmt":"2021-09-27T14:59:53","slug":"abschied-von-otto-kragler","status":"publish","type":"page","link":"https:\/\/trachtengau.org\/wordpress\/berichte\/rueckblick-2020\/abschied-von-otto-kragler\/","title":{"rendered":"Abschied von Otto Kragler"},"content":{"rendered":"<div class=\"fusion-fullwidth fullwidth-box fusion-builder-row-1 fusion-flex-container nonhundred-percent-fullwidth non-hundred-percent-height-scrolling\" style=\"--awb-border-radius-top-left:0px;--awb-border-radius-top-right:0px;--awb-border-radius-bottom-right:0px;--awb-border-radius-bottom-left:0px;--awb-flex-wrap:wrap;\" ><div class=\"fusion-builder-row fusion-row fusion-flex-align-items-flex-start fusion-flex-content-wrap\" style=\"max-width:1248px;margin-left: calc(-4% \/ 2 );margin-right: calc(-4% \/ 2 );\"><div class=\"fusion-layout-column fusion_builder_column fusion-builder-column-0 fusion_builder_column_1_5 1_5 fusion-flex-column\" style=\"--awb-bg-size:cover;--awb-width-large:20%;--awb-margin-top-large:0px;--awb-spacing-right-large:9.6%;--awb-margin-bottom-large:20px;--awb-spacing-left-large:9.6%;--awb-width-medium:20%;--awb-order-medium:0;--awb-spacing-right-medium:9.6%;--awb-spacing-left-medium:9.6%;--awb-width-small:100%;--awb-order-small:0;--awb-spacing-right-small:1.92%;--awb-spacing-left-small:1.92%;\"><div class=\"fusion-column-wrapper fusion-column-has-shadow fusion-flex-justify-content-flex-start fusion-content-layout-column\"><\/div><\/div><div class=\"fusion-layout-column fusion_builder_column fusion-builder-column-1 fusion_builder_column_3_5 3_5 fusion-flex-column\" style=\"--awb-bg-size:cover;--awb-width-large:60%;--awb-margin-top-large:0px;--awb-spacing-right-large:3.2%;--awb-margin-bottom-large:20px;--awb-spacing-left-large:3.2%;--awb-width-medium:60%;--awb-order-medium:0;--awb-spacing-right-medium:3.2%;--awb-spacing-left-medium:3.2%;--awb-width-small:100%;--awb-order-small:0;--awb-spacing-right-small:1.92%;--awb-spacing-left-small:1.92%;\"><div class=\"fusion-column-wrapper fusion-column-has-shadow fusion-flex-justify-content-flex-start fusion-content-layout-column\"><div class=\"fusion-content-boxes content-boxes columns row fusion-columns-1 fusion-columns-total-1 fusion-content-boxes-1 content-boxes-icon-with-title content-left\" style=\"--awb-hover-accent-color:#000000;--awb-circle-hover-accent-color:#000000;--awb-item-margin-bottom:40px;\" data-animationOffset=\"top-into-view\"><div style=\"--awb-backgroundcolor:rgba(255,255,255,0);\" class=\"fusion-column content-box-column content-box-column content-box-column-1 col-lg-12 col-md-12 col-sm-12 fusion-content-box-hover content-box-column-last content-box-column-last-in-row\"><div class=\"col content-box-wrapper content-wrapper link-area-link-icon content-icon-wrapper-yes icon-hover-animation-fade\" data-animationOffset=\"top-into-view\"><div class=\"fusion-clearfix\"><\/div><div class=\"content-container\">\n<h4 style=\"text-align: center;\">Abschied f\u00fcr unser Ehrenmitglied Otto Kragler<\/h4>\n<p><img decoding=\"async\" class=\"aligncenter\" src=\"https:\/\/trachtengau.org\/wordpress\/wp-content\/uploads\/2021\/09\/Otto-Kragler-Beerdigung.jpg\" width=\"514\" height=\"343\" \/><\/p>\n<p>\u00dcber 100 Trachtler und 23 Fahnen aus den Gauen des Bayerischen Trachtenverbandes begleiteten Otto Kragler am 15.01.2020 auf seinem letzten Erdenweg. Der kurz nach seinem 95. Geburtstag Verstorbene erhielt f\u00fcr seine \u00fcber 60 j\u00e4hrige T\u00e4tigkeiten f\u00fcr das Deutsche und Bayerischen Trachtenwesen h\u00f6chste Auszeichnungen. Unter Anderem wurde ihm das Bundesverdienstkreuz verliehen, aus der Hand von Edmund Stoiber erhielt er den Bayerischen Verdienstorden und der Deutsche Trachtenverband verlieh ihm die Carl-Gr\u00fcbel-Medaille.<br \/>\nDer Ehrenpr\u00e4sident des Deutschen Trachtenverbandes, Ehrenvorsitzender des Bayerischen Trachtenverbandes, Ehrenvorstand seines Heimatvereines B\u00fcrger- Theater- und Trachtenvereinigung Alt-M\u00fcnchen e.V., Ehrenmitglied im Gau M\u00fcnchen und Umgebung und bei den D\u2019Ammertaler Ottendichl war beim Zusammenschluss 2002 der beiden Landestrachtenverb\u00e4nde Vereinigten Trachtenverb\u00e4nde des Bayerischen Oberlandes und des Landesverband Bayerischer Heimat- und Volkstrachtenvereine zum Bayerischen Trachtenverband ma\u00dfgeblich beteiligt.<br \/>\nSeine unz\u00e4hligen \u00c4mter hier aufzuz\u00e4hlen w\u00fcrde den Rahmen sprengen. Erw\u00e4hnt sei hier nur als Beispiel 11 Jahre 1. Landesvorsitzender des\u00a0 Landesverbandes Bayerischer Heimat- und Volkstrachtenvereine, 13 Jahre Bundesvorsitzender des Deutschen Trachtenverbandes und 60 Jahre Vorstand seines Heimatvereines Alt-M\u00fcnchen.<br \/>\nMonsignore Kellermann, der langj\u00e4hrige Geistliche Begleiter von Otto und Elfi Kragler, lie\u00df es sich nicht nehmen die Totenmesse und Beisetzung zu zelebrieren. Mit Stolz blickte er auf 43 gemeinsame Jahre zur\u00fcck und erw\u00e4hnte die Bedeutung f\u00fcr Heimat und Tracht im festen Glauben von Otto und Elfi.<br \/>\nAngela Steinleitner, 1. Vorsitzende von Alt M\u00fcnchen, berichtete \u00fcber ihre 15 Jahre Vorstandsarbeit an der Seite von Otto bis sie dessen Amt \u00fcbernahm. \u201eEr war nicht der Gr\u00f6\u00dfte in Zentimetern, aber der Gr\u00f6\u00dfte in Tracht und Brauchtum\u201c<br \/>\nLudwig Huber, 1. Vorstand des Gau M\u00fcnchen und Umgebung lobte Otto als Trachtler mit Leib und Seele und hob Ottos \u00c4mter im Gau besonders hervor. Er bedankte sich anschlie\u00dfend bei den Fahnenabordnungen f\u00fcr ihr Kommen.<br \/>\nPeter Eicher, stellvertretender Vorsitzender des Bayerischen Trachtenverbandes erw\u00e4hnte den Lebensinhalt und die Leidenschaft f\u00fcr die Tracht von Otto Kragler in seiner Rede. Unter Anderem die Widerbelebung der M\u00fcnchner B\u00fcrgertracht und die Organisation des 1. Gesamtdeutschen Trachtenfestes 1994 in Wechmar. Er sprach ein Vergelts Gott f\u00fcr Ottos Arbeit zum Wohle der Tracht.<br \/>\nJetzt ist Otto wieder an der Seite seiner geliebten Ehefrau Elfi, die ihm im Mai 2018 vorausgegangen war. Sie war seine gro\u00dfe St\u00fctze und treue Begleiterin.<br \/>\nIn seiner Hinterlassenschaft fand sich ein Abschiedsgedicht, das Otto selbst verfasste:<\/p>\n<p>Mit Fahne, Musik, Gesang und Blumen hab ich gegeben<br \/>\nSo vielen Freunden, einen letzten Gru\u00df beim Abschied vom Leben<br \/>\nJetzt seid ihr da \u2013 und nun<br \/>\nWollt ihr f\u00fcr mich dasselbe tun<br \/>\nEs hat in meinem langen Leben<br \/>\nSo viel gute Freunde gegeben<br \/>\nDie zu mir standen bei Theater, Tracht und Musik<br \/>\nUnd mit mir schenkten vielen Menschen Freude und Gl\u00fcck<br \/>\nBesonders m\u00f6chte ich mich bedanken<br \/>\nBei meiner Frau, die vor mir gegangen<br \/>\nUnd die mir hat so vieles gegeben<br \/>\nSo hatten wir ein gl\u00fcckliches Leben<br \/>\nUnd ich denke es w\u00e4re sch\u00f6n<br \/>\nG\u00e4be es wo anders ein Wiedersehen<br \/>\nUnd ich rufe von Oben nochmal zur\u00fcck<br \/>\nPflegt weiter Theater, Tracht und Musik<br \/>\nUnd unser Spruch soll euch weiterhin begleiten<br \/>\nDie gr\u00f6\u00dfte Freude ist \u2013 anderen Menschen Freude bereiten<\/p>\n<p>Im Anschluss an die Beisetzung lud unser Gau alle Abordnungen auf eine kleine Brotzeit im Vereinsheim der D&#8217;Ammertale Ottendichl ein.<\/p>\n<\/div><\/div><\/div><div class=\"fusion-clearfix\"><\/div><\/div><\/div><\/div><div class=\"fusion-layout-column fusion_builder_column fusion-builder-column-2 fusion_builder_column_1_5 1_5 fusion-flex-column\" style=\"--awb-bg-size:cover;--awb-width-large:20%;--awb-margin-top-large:0px;--awb-spacing-right-large:9.6%;--awb-margin-bottom-large:20px;--awb-spacing-left-large:9.6%;--awb-width-medium:20%;--awb-order-medium:0;--awb-spacing-right-medium:9.6%;--awb-spacing-left-medium:9.6%;--awb-width-small:100%;--awb-order-small:0;--awb-spacing-right-small:1.92%;--awb-spacing-left-small:1.92%;\"><div class=\"fusion-column-wrapper fusion-column-has-shadow fusion-flex-justify-content-flex-start fusion-content-layout-column\"><\/div><\/div><\/div><\/div>\n","protected":false},"excerpt":{"rendered":"","protected":false},"author":2,"featured_media":0,"parent":564,"menu_order":0,"comment_status":"closed","ping_status":"closed","template":"","meta":{"footnotes":""},"class_list":["post-591","page","type-page","status-publish","hentry"],"yoast_head":"<!-- This site is optimized with the Yoast SEO plugin v21.7 - https:\/\/yoast.com\/wordpress\/plugins\/seo\/ -->\n<title>Abschied von Otto Kragler - Trachtengau M\u00fcnchen und Umgebung<\/title>\n<meta name=\"robots\" content=\"index, follow, max-snippet:-1, max-image-preview:large, max-video-preview:-1\" \/>\n<link rel=\"canonical\" href=\"https:\/\/trachtengau.org\/wordpress\/berichte\/rueckblick-2020\/abschied-von-otto-kragler\/\" \/>\n<meta property=\"og:locale\" content=\"de_DE\" \/>\n<meta property=\"og:type\" content=\"article\" \/>\n<meta property=\"og:title\" content=\"Abschied von Otto Kragler - Trachtengau M\u00fcnchen und Umgebung\" \/>\n<meta property=\"og:url\" content=\"https:\/\/trachtengau.org\/wordpress\/berichte\/rueckblick-2020\/abschied-von-otto-kragler\/\" \/>\n<meta property=\"og:site_name\" content=\"Trachtengau M\u00fcnchen und Umgebung\" \/>\n<meta property=\"article:modified_time\" content=\"2021-09-27T14:59:53+00:00\" \/>\n<meta property=\"og:image\" content=\"https:\/\/trachtengau.org\/wordpress\/wp-content\/uploads\/2021\/09\/Otto-Kragler-Beerdigung.jpg\" \/>\n<meta name=\"twitter:card\" content=\"summary_large_image\" \/>\n<meta name=\"twitter:label1\" content=\"Gesch\u00e4tzte Lesezeit\" \/>\n\t<meta name=\"twitter:data1\" content=\"5\u00a0Minuten\" \/>\n<script type=\"application\/ld+json\" class=\"yoast-schema-graph\">{\"@context\":\"https:\/\/schema.org\",\"@graph\":[{\"@type\":\"WebPage\",\"@id\":\"https:\/\/trachtengau.org\/wordpress\/berichte\/rueckblick-2020\/abschied-von-otto-kragler\/\",\"url\":\"https:\/\/trachtengau.org\/wordpress\/berichte\/rueckblick-2020\/abschied-von-otto-kragler\/\",\"name\":\"Abschied von Otto Kragler - Trachtengau M\u00fcnchen und Umgebung\",\"isPartOf\":{\"@id\":\"https:\/\/trachtengau.org\/wordpress\/#website\"},\"datePublished\":\"2021-09-27T14:55:27+00:00\",\"dateModified\":\"2021-09-27T14:59:53+00:00\",\"breadcrumb\":{\"@id\":\"https:\/\/trachtengau.org\/wordpress\/berichte\/rueckblick-2020\/abschied-von-otto-kragler\/#breadcrumb\"},\"inLanguage\":\"de\",\"potentialAction\":[{\"@type\":\"ReadAction\",\"target\":[\"https:\/\/trachtengau.org\/wordpress\/berichte\/rueckblick-2020\/abschied-von-otto-kragler\/\"]}]},{\"@type\":\"BreadcrumbList\",\"@id\":\"https:\/\/trachtengau.org\/wordpress\/berichte\/rueckblick-2020\/abschied-von-otto-kragler\/#breadcrumb\",\"itemListElement\":[{\"@type\":\"ListItem\",\"position\":1,\"name\":\"Startseite\",\"item\":\"https:\/\/trachtengau.org\/wordpress\/\"},{\"@type\":\"ListItem\",\"position\":2,\"name\":\"Berichte\",\"item\":\"https:\/\/trachtengau.org\/wordpress\/berichte\/\"},{\"@type\":\"ListItem\",\"position\":3,\"name\":\"R\u00fcckblick 2020\",\"item\":\"https:\/\/trachtengau.org\/wordpress\/berichte\/rueckblick-2020\/\"},{\"@type\":\"ListItem\",\"position\":4,\"name\":\"Abschied von Otto Kragler\"}]},{\"@type\":\"WebSite\",\"@id\":\"https:\/\/trachtengau.org\/wordpress\/#website\",\"url\":\"https:\/\/trachtengau.org\/wordpress\/\",\"name\":\"Trachtengau M\u00fcnchen und Umgebung\",\"description\":\"\",\"potentialAction\":[{\"@type\":\"SearchAction\",\"target\":{\"@type\":\"EntryPoint\",\"urlTemplate\":\"https:\/\/trachtengau.org\/wordpress\/?s={search_term_string}\"},\"query-input\":\"required name=search_term_string\"}],\"inLanguage\":\"de\"}]}<\/script>\n<!-- \/ Yoast SEO plugin. -->","yoast_head_json":{"title":"Abschied von Otto Kragler - Trachtengau M\u00fcnchen und Umgebung","robots":{"index":"index","follow":"follow","max-snippet":"max-snippet:-1","max-image-preview":"max-image-preview:large","max-video-preview":"max-video-preview:-1"},"canonical":"https:\/\/trachtengau.org\/wordpress\/berichte\/rueckblick-2020\/abschied-von-otto-kragler\/","og_locale":"de_DE","og_type":"article","og_title":"Abschied von Otto Kragler - Trachtengau M\u00fcnchen und Umgebung","og_url":"https:\/\/trachtengau.org\/wordpress\/berichte\/rueckblick-2020\/abschied-von-otto-kragler\/","og_site_name":"Trachtengau M\u00fcnchen und Umgebung","article_modified_time":"2021-09-27T14:59:53+00:00","og_image":[{"url":"https:\/\/trachtengau.org\/wordpress\/wp-content\/uploads\/2021\/09\/Otto-Kragler-Beerdigung.jpg"}],"twitter_card":"summary_large_image","twitter_misc":{"Gesch\u00e4tzte Lesezeit":"5\u00a0Minuten"},"schema":{"@context":"https:\/\/schema.org","@graph":[{"@type":"WebPage","@id":"https:\/\/trachtengau.org\/wordpress\/berichte\/rueckblick-2020\/abschied-von-otto-kragler\/","url":"https:\/\/trachtengau.org\/wordpress\/berichte\/rueckblick-2020\/abschied-von-otto-kragler\/","name":"Abschied von Otto Kragler - Trachtengau M\u00fcnchen und Umgebung","isPartOf":{"@id":"https:\/\/trachtengau.org\/wordpress\/#website"},"datePublished":"2021-09-27T14:55:27+00:00","dateModified":"2021-09-27T14:59:53+00:00","breadcrumb":{"@id":"https:\/\/trachtengau.org\/wordpress\/berichte\/rueckblick-2020\/abschied-von-otto-kragler\/#breadcrumb"},"inLanguage":"de","potentialAction":[{"@type":"ReadAction","target":["https:\/\/trachtengau.org\/wordpress\/berichte\/rueckblick-2020\/abschied-von-otto-kragler\/"]}]},{"@type":"BreadcrumbList","@id":"https:\/\/trachtengau.org\/wordpress\/berichte\/rueckblick-2020\/abschied-von-otto-kragler\/#breadcrumb","itemListElement":[{"@type":"ListItem","position":1,"name":"Startseite","item":"https:\/\/trachtengau.org\/wordpress\/"},{"@type":"ListItem","position":2,"name":"Berichte","item":"https:\/\/trachtengau.org\/wordpress\/berichte\/"},{"@type":"ListItem","position":3,"name":"R\u00fcckblick 2020","item":"https:\/\/trachtengau.org\/wordpress\/berichte\/rueckblick-2020\/"},{"@type":"ListItem","position":4,"name":"Abschied von Otto Kragler"}]},{"@type":"WebSite","@id":"https:\/\/trachtengau.org\/wordpress\/#website","url":"https:\/\/trachtengau.org\/wordpress\/","name":"Trachtengau M\u00fcnchen und Umgebung","description":"","potentialAction":[{"@type":"SearchAction","target":{"@type":"EntryPoint","urlTemplate":"https:\/\/trachtengau.org\/wordpress\/?s={search_term_string}"},"query-input":"required name=search_term_string"}],"inLanguage":"de"}]}},"_links":{"self":[{"href":"https:\/\/trachtengau.org\/wordpress\/wp-json\/wp\/v2\/pages\/591","targetHints":{"allow":["GET"]}}],"collection":[{"href":"https:\/\/trachtengau.org\/wordpress\/wp-json\/wp\/v2\/pages"}],"about":[{"href":"https:\/\/trachtengau.org\/wordpress\/wp-json\/wp\/v2\/types\/page"}],"author":[{"embeddable":true,"href":"https:\/\/trachtengau.org\/wordpress\/wp-json\/wp\/v2\/users\/2"}],"replies":[{"embeddable":true,"href":"https:\/\/trachtengau.org\/wordpress\/wp-json\/wp\/v2\/comments?post=591"}],"version-history":[{"count":3,"href":"https:\/\/trachtengau.org\/wordpress\/wp-json\/wp\/v2\/pages\/591\/revisions"}],"predecessor-version":[{"id":596,"href":"https:\/\/trachtengau.org\/wordpress\/wp-json\/wp\/v2\/pages\/591\/revisions\/596"}],"up":[{"embeddable":true,"href":"https:\/\/trachtengau.org\/wordpress\/wp-json\/wp\/v2\/pages\/564"}],"wp:attachment":[{"href":"https:\/\/trachtengau.org\/wordpress\/wp-json\/wp\/v2\/media?parent=591"}],"curies":[{"name":"wp","href":"https:\/\/api.w.org\/{rel}","templated":true}]}}