{"id":28,"date":"2021-06-29T10:18:36","date_gmt":"2021-06-29T08:18:36","guid":{"rendered":"https:\/\/trachtengau.org\/wordpress\/?page_id=28"},"modified":"2025-04-29T16:16:28","modified_gmt":"2025-04-29T14:16:28","slug":"chronik","status":"publish","type":"page","link":"https:\/\/trachtengau.org\/wordpress\/chronik\/","title":{"rendered":"Chronik"},"content":{"rendered":"<div class=\"fusion-fullwidth fullwidth-box fusion-builder-row-1 fusion-flex-container nonhundred-percent-fullwidth non-hundred-percent-height-scrolling\" style=\"--awb-border-radius-top-left:0px;--awb-border-radius-top-right:0px;--awb-border-radius-bottom-right:0px;--awb-border-radius-bottom-left:0px;--awb-flex-wrap:wrap;\" ><div class=\"fusion-builder-row fusion-row fusion-flex-align-items-flex-start fusion-flex-content-wrap\" style=\"max-width:1248px;margin-left: calc(-4% \/ 2 );margin-right: calc(-4% \/ 2 );\"><div class=\"fusion-layout-column fusion_builder_column fusion-builder-column-0 fusion_builder_column_1_1 1_1 fusion-flex-column\" style=\"--awb-bg-size:cover;--awb-width-large:100%;--awb-margin-top-large:0px;--awb-spacing-right-large:1.92%;--awb-margin-bottom-large:20px;--awb-spacing-left-large:1.92%;--awb-width-medium:100%;--awb-order-medium:0;--awb-spacing-right-medium:1.92%;--awb-spacing-left-medium:1.92%;--awb-width-small:100%;--awb-order-small:0;--awb-spacing-right-small:1.92%;--awb-spacing-left-small:1.92%;\"><div class=\"fusion-column-wrapper fusion-column-has-shadow fusion-flex-justify-content-flex-start fusion-content-layout-column\"><div class=\"fusion-title title fusion-title-1 fusion-sep-none fusion-title-text fusion-title-size-one\"><h1 class=\"fusion-title-heading title-heading-left\" style=\"margin:0;\">Chronik des Gaues<\/h1><\/div><\/div><\/div><div class=\"fusion-layout-column fusion_builder_column fusion-builder-column-1 fusion_builder_column_1_6 1_6 fusion-flex-column\" style=\"--awb-bg-size:cover;--awb-width-large:16.666666666667%;--awb-margin-top-large:0px;--awb-spacing-right-large:11.52%;--awb-margin-bottom-large:20px;--awb-spacing-left-large:11.52%;--awb-width-medium:16.666666666667%;--awb-order-medium:0;--awb-spacing-right-medium:11.52%;--awb-spacing-left-medium:11.52%;--awb-width-small:100%;--awb-order-small:0;--awb-spacing-right-small:1.92%;--awb-spacing-left-small:1.92%;\"><div class=\"fusion-column-wrapper fusion-column-has-shadow fusion-flex-justify-content-flex-start fusion-content-layout-column\"><\/div><\/div><div class=\"fusion-layout-column fusion_builder_column fusion-builder-column-2 fusion_builder_column_2_3 2_3 fusion-flex-column\" style=\"--awb-bg-size:cover;--awb-width-large:66.666666666667%;--awb-margin-top-large:0px;--awb-spacing-right-large:2.88%;--awb-margin-bottom-large:20px;--awb-spacing-left-large:2.88%;--awb-width-medium:66.666666666667%;--awb-order-medium:0;--awb-spacing-right-medium:2.88%;--awb-spacing-left-medium:2.88%;--awb-width-small:100%;--awb-order-small:0;--awb-spacing-right-small:1.92%;--awb-spacing-left-small:1.92%;\"><div class=\"fusion-column-wrapper fusion-column-has-shadow fusion-flex-justify-content-flex-start fusion-content-layout-column\"><div class=\"fusion-text fusion-text-1\"><div class=\"fusion-title title fusion-title-1 fusion-sep-none fusion-title-text fusion-title-size-one\"><\/div>\n<div class=\"fusion-text fusion-text-1\">\n<h4 class=\"\" data-start=\"287\" data-end=\"304\">Die Gr\u00fcndung<\/h4>\n<p class=\"\" data-start=\"306\" data-end=\"353\">In einem alten Trachtenkalender ist vermerkt:<\/p>\n<blockquote data-start=\"354\" data-end=\"574\">\n<p class=\"\" data-start=\"356\" data-end=\"574\">\u201eDer Gau Oberbayern besteht seit 1910. Wiedergegr\u00fcndet am 4. April 1948.<br data-start=\"428\" data-end=\"431\" \/>Der Gau geh\u00f6rt zum Landesverband im Verband Deutscher Heimat- und Volkstrachtenvereine, Sitz M\u00fcnchen.<br data-start=\"534\" data-end=\"537\" \/>Zurzeit 7 Vereine, Mitglieder 283.\u201c<\/p>\n<\/blockquote>\n<p class=\"\" data-start=\"576\" data-end=\"808\">Leider konnten bislang keine weiteren Details zur Gr\u00fcndung selbst ermittelt werden. Auch ist unbekannt, wer als erster Gauvorstand gew\u00e4hlt wurde.<br data-start=\"721\" data-end=\"724\" \/>Die ersten Aktivit\u00e4ten innerhalb des Gaues sind jedoch ab dem Jahr 1912 nachweisbar.<\/p>\n<p class=\"\" data-start=\"810\" data-end=\"1019\">Viele Vorsitzende des Deutschen Verbandes sowie des Bayerischen Landesverbandes stammten aus dem Gau M\u00fcnchen und Umgebung \u2013 ein Zeichen f\u00fcr die starke Stellung und das hohe Engagement der damaligen Mitglieder.<\/p>\n<h4 class=\"\" data-start=\"1021\" data-end=\"1071\">Aufl\u00f6sung in der Zeit des Nationalsozialismus<\/h4>\n<p class=\"\" data-start=\"1073\" data-end=\"1272\">Im Jahr 1936 wurden der Reichsverband sowie der Bayerische Landesverband aus politischen Gr\u00fcnden aufgel\u00f6st. Damit endete auch die Arbeit des Gaues Oberbayern.<br data-start=\"1231\" data-end=\"1234\" \/>In einer damaligen Mitteilung hie\u00df es:<\/p>\n<blockquote data-start=\"1274\" data-end=\"1478\">\n<p class=\"\" data-start=\"1276\" data-end=\"1478\">\u201eMit der Aufl\u00f6sung des Reichsverbandes und dem Anschluss der Vereine des Gaues Oberbayern an die N.S. Gemeinschaft \u201aKraft durch Freude\u2018 er\u00fcbrigt sich die Weiterf\u00fchrung des Gaues in der bisherigen Form.\u201c<\/p>\n<\/blockquote>\n<p class=\"\" data-start=\"1480\" data-end=\"1748\">Zur ordnungsgem\u00e4\u00dfen Abwicklung berief Gauf\u00fchrer Josef Hohenadl den Gauausschuss ein. Anwesend waren die Kameraden Edlmann, Steindl, Zehentbauer, Rauscher, Inhuber und Sch\u00e4tz. Da der Kassier beruflich verhindert war, konnte zun\u00e4chst kein endg\u00fcltiger Abschluss erfolgen.<\/p>\n<p class=\"\" data-start=\"1750\" data-end=\"1916\">Am 4. Mai 1937 fand eine weitere Sitzung statt, bei der die vollst\u00e4ndige Kassenrevision und die Liquidation des Gaues beschlossen wurden. Die Vereinbarungen lauteten:<\/p>\n<ol data-start=\"1918\" data-end=\"2368\">\n<li class=\"\" data-start=\"1918\" data-end=\"2045\">\n<p class=\"\" data-start=\"1921\" data-end=\"2045\">Der Betrag von 180 Reichsmark, eine Schreibmaschine sowie ein Vervielf\u00e4ltigungsapparat blieben Eigentum der Trachtengruppen.<\/p>\n<\/li>\n<li class=\"\" data-start=\"2046\" data-end=\"2201\">\n<p class=\"\" data-start=\"2049\" data-end=\"2201\">Der bei Kassier Scheuk befindliche Betrag von 136,26 Reichsmark sowie die Landesverbandsfahne gingen in den Besitz der Vereine des Kreises M\u00fcnchen \u00fcber.<\/p>\n<\/li>\n<li class=\"\" data-start=\"2202\" data-end=\"2368\">\n<p class=\"\" data-start=\"2205\" data-end=\"2368\">Stempel und alte Unterlagen wurden vernichtet, die Kassenb\u00fccher versiegelt und in Verwahrung gegeben. Das Protokollbuch wurde an die politische Polizei \u00fcberstellt.<\/p>\n<\/li>\n<\/ol>\n<p class=\"\" data-start=\"2370\" data-end=\"2544\">Mit diesen Regelungen erkl\u00e4rten die Vertreter beider Seiten die Aufhebung des Gaues Oberbayern und die Liquidation als abgeschlossen. Weitere Anspr\u00fcche wurden ausgeschlossen.<\/p>\n<p><strong>Die Wiedergr\u00fcndung<\/strong><\/p>\n<p class=\"\" data-start=\"293\" data-end=\"528\">Am 4. April 1948 kamen 28 Personen zusammen, um den \u201eGau Oberbayern, Sitz M\u00fcnchen, bayerischer Heimat- und Volkstrachtenvereine\u201c neu zu gr\u00fcnden. Die Versammlung wurde von Hans Hatzinger einberufen, der in seiner Er\u00f6ffnungsrede betonte:<\/p>\n<blockquote data-start=\"530\" data-end=\"1121\">\n<p class=\"\" data-start=\"532\" data-end=\"1121\">\u201e1936 wurde der Reichsverband und mit ihm der Gau Oberbayern aufgel\u00f6st und dem K.d.F. Ring angeschlossen. Damit war man der Macht des 3. Reiches ausgeliefert. Der \u201aTanz um das goldene Kalb\u2018 begann.<br data-start=\"729\" data-end=\"732\" \/>Nach zw\u00f6lfj\u00e4hrigem Dornr\u00f6schenschlaf wurden diejenigen Kr\u00e4fte, die die Sache der Heimat- und Trachtenvereine vertraten, wieder aufger\u00fcttelt. Nach dem Wiedergutmachungsgesetz haben wir das Recht, den Gau Oberbayern zu gr\u00fcnden.<br data-start=\"959\" data-end=\"962\" \/>\u2026 Wir leben in einer Demokratie und wollen uns frei bewegen. Wir m\u00fcssen uns heute zusammenschlie\u00dfen, deshalb bin ich daf\u00fcr, den \u201aGau Oberbayern\u2018 zu gr\u00fcnden.\u201c<\/p>\n<\/blockquote>\n<p class=\"\" data-start=\"1123\" data-end=\"1361\">Eine lebhafte Diskussion \u00fcber die Vor- und Nachteile der Neugr\u00fcndung folgte. Dabei wurde festgestellt, dass bereits wieder 52 Vereine dem Landesverband angeh\u00f6rten \u2013 der Waldgau hatte beispielsweise auf einen Schlag 17 Vereine aufgenommen.<\/p>\n<p class=\"\" data-start=\"1363\" data-end=\"1519\">Schlie\u00dflich kam es zur Abstimmung:<br data-start=\"1397\" data-end=\"1400\" \/>Mit <strong data-start=\"1404\" data-end=\"1423\">f\u00fcnf Ja-Stimmen<\/strong>, <strong data-start=\"1425\" data-end=\"1446\">einer Nein-Stimme<\/strong> und <strong data-start=\"1451\" data-end=\"1477\">drei Stimmenthaltungen<\/strong> wurde die Gr\u00fcndung des Gaues beschlossen.<\/p>\n<p class=\"\" data-start=\"1521\" data-end=\"1887\">F\u00fcr das Amt des ersten Gauvorstands wurden Hans Hatzinger und Michl Edelmann vorgeschlagen. Hatzinger lehnte aus pers\u00f6nlichen Gr\u00fcnden ab. Daraufhin wurde <strong data-start=\"1675\" data-end=\"1704\">Michl Edelmann einstimmig<\/strong> zum Gauvorstand gew\u00e4hlt. Die f\u00fcnf Ja-Stimmen kamen von den Vereinen <strong data-start=\"1773\" data-end=\"1787\">Tegernseer<\/strong>, <strong data-start=\"1789\" data-end=\"1808\">Bayerischzeller<\/strong>, <strong data-start=\"1810\" data-end=\"1826\">Alt Miesbach<\/strong>, <strong data-start=\"1828\" data-end=\"1844\">Edelwei\u00dfbuam<\/strong> sowie einem Vertreter des Landesverbandes.<\/p>\n<p class=\"\" data-start=\"1889\" data-end=\"1963\">Nach der Gr\u00fcndung wurde folgendes Rundschreiben an die Vereine verschickt:<\/p>\n<blockquote data-start=\"1965\" data-end=\"2872\">\n<p class=\"\" data-start=\"1967\" data-end=\"2267\">\u201eLiebe Trachtenkameraden und Trachtlerinnen,<br data-start=\"2011\" data-end=\"2014\" \/>nach einer langen und zerr\u00fctteten Zeit, die die Trachtenvereine aus ihrer Zusammengeh\u00f6rigkeit gerissen hat, obliegt mir die Aufgabe, dieselben wieder im Gau Oberbayern im Landesverband der Bayer. Heimat- und Volkstrachtenvereine zusammenzuschlie\u00dfen.<\/p>\n<p class=\"\" data-start=\"2274\" data-end=\"2397\">Leider hat sich einiges ge\u00e4ndert, doch ungeachtet dessen wurde der Gau Oberbayern am 04.04.1948 wieder ins Leben gerufen.<\/p>\n<p class=\"\" data-start=\"2404\" data-end=\"2686\">Ich bitte alle Vereine herzlich, zu diesem Schreiben Stellung zu nehmen und mich baldm\u00f6glichst zu benachrichtigen. Besonders m\u00f6chte ich betonen:<br data-start=\"2548\" data-end=\"2551\" \/>Die Vereine, die fr\u00fcher im Gau Oberbayern zusammengeschlossen waren, wurden weder gestrichen noch haben sie ihren Austritt erkl\u00e4rt.<\/p>\n<p class=\"\" data-start=\"2693\" data-end=\"2787\">Ich werde jede Entscheidung respektieren und weiterhin die Trachtensache pflegen und achten.<\/p>\n<p class=\"\" data-start=\"2794\" data-end=\"2872\">Mit besonderer Hochachtung,<br data-start=\"2821\" data-end=\"2824\" \/>Trachtenkamerad Michl Edelmann (Gauvorstand).\u201c<\/p>\n<\/blockquote>\n<p class=\"\" data-start=\"2874\" data-end=\"3026\">Durch das Engagement vieler Mitglieder fanden sich rasch wieder Vereine zusammen, und der Gau Oberbayern konnte seine Aktivit\u00e4ten erfolgreich aufnehmen.<\/p>\n<p><strong>Umbenennung in \u201eGau M\u00fcnchen und Umgebung\u201c<\/strong><\/p>\n<p class=\"\" data-start=\"149\" data-end=\"478\">Am 25. November 1956 fand in der \u201eBergmannsquelle\u201c eine wichtige Ausschusssitzung statt.<br data-start=\"237\" data-end=\"240\" \/>Gauvorstand Huber schlug vor, den Namen \u201eGau Oberbayern\u201c in <strong data-start=\"300\" data-end=\"330\">\u201eGau M\u00fcnchen und Umgebung\u201c<\/strong> zu \u00e4ndern, um eine bessere regionale Abgrenzung zu schaffen.<br data-start=\"391\" data-end=\"394\" \/>Nach einer ausf\u00fchrlichen Diskussion wurde der Vorschlag vom Gauausschuss angenommen.<\/p>\n<p class=\"\" data-start=\"480\" data-end=\"615\">In der anschlie\u00dfenden Vorstandssitzung wurde dieser Beschluss den Vorst\u00e4nden der Gauvereine vorgestellt.<br data-start=\"584\" data-end=\"587\" \/>Aus dem damaligen Protokoll:<\/p>\n<blockquote data-start=\"617\" data-end=\"1168\">\n<p class=\"\" data-start=\"619\" data-end=\"1168\">\u201eGauvorstand Huber gab das Ergebnis der Ausschusssitzung bekannt und bat die Vereinsvorst\u00e4nde, dazu Stellung zu nehmen.<br data-start=\"738\" data-end=\"741\" \/>Alfons Bergmann ergriff das Wort und sprach sich in sehr aufschlussreichen Worten f\u00fcr die Umbenennung aus.<br data-start=\"849\" data-end=\"852\" \/>Nach weiterer Diskussion stimmten s\u00e4mtliche Vorst\u00e4nde dieser Ausf\u00fchrung zu. Auch Kamerad Hatzinger, unser 1. Verbandsvorsitzender, unterst\u00fctzte den Vorschlag.<br data-start=\"1012\" data-end=\"1015\" \/>Die anschlie\u00dfende Abstimmung fiel einstimmig aus, sodass der bisherige Gau Oberbayern nun in \u201aGau M\u00fcnchen und Umgebung, Sitz M\u00fcnchen\u2018 umbenannt wurde.\u201c<\/p>\n<\/blockquote>\n<p class=\"\" data-start=\"1170\" data-end=\"1282\">Mit dieser Entscheidung trug man der regionalen Entwicklung Rechnung und schuf klare Strukturen f\u00fcr die Zukunft.<\/p>\n<p><img decoding=\"async\" class=\"wp-image-71 size-full aligncenter\" src=\"https:\/\/trachtengau.org\/wordpress\/wp-content\/uploads\/2021\/08\/DRoaga_Buam_1958.jpg\" sizes=\"(max-width: 413px) 100vw, 413px\" srcset=\"https:\/\/trachtengau.org\/wordpress\/wp-content\/uploads\/2021\/08\/DRoaga_Buam_1958-200x129.jpg 200w, https:\/\/trachtengau.org\/wordpress\/wp-content\/uploads\/2021\/08\/DRoaga_Buam_1958-300x193.jpg 300w, https:\/\/trachtengau.org\/wordpress\/wp-content\/uploads\/2021\/08\/DRoaga_Buam_1958-400x258.jpg 400w, https:\/\/trachtengau.org\/wordpress\/wp-content\/uploads\/2021\/08\/DRoaga_Buam_1958.jpg 413w\" alt=\"\" width=\"413\" height=\"266\" \/><\/p>\n<h6 style=\"text-align: center;\">26.10.1958 D\u2019Roaga Buam werden in den Gau aufgenommen<\/h6>\n<h3 class=\"\" data-start=\"174\" data-end=\"216\">Anschaffung und Weihe der Gaustandarte<\/h3>\n<p class=\"\" data-start=\"218\" data-end=\"390\">Im Jahr 1965 konnte der Gau M\u00fcnchen und Umgebung eine eigene <strong data-start=\"279\" data-end=\"295\">Gaustandarte<\/strong> anschaffen und feierlich weihen lassen \u2013 ein bedeutendes Ereignis in der Geschichte des Gaues.<\/p>\n<p><img decoding=\"async\" class=\"size-full wp-image-73 aligncenter\" src=\"https:\/\/trachtengau.org\/wordpress\/wp-content\/uploads\/2021\/08\/standarte-1965.jpg\" sizes=\"(max-width: 296px) 100vw, 296px\" srcset=\"https:\/\/trachtengau.org\/wordpress\/wp-content\/uploads\/2021\/08\/standarte-1965-200x249.jpg 200w, https:\/\/trachtengau.org\/wordpress\/wp-content\/uploads\/2021\/08\/standarte-1965-241x300.jpg 241w, https:\/\/trachtengau.org\/wordpress\/wp-content\/uploads\/2021\/08\/standarte-1965.jpg 296w\" alt=\"\" width=\"296\" height=\"369\" \/><\/p>\n<p>Die Trachtenzeitung\u00a0berichtete damals \u00fcber die feierliche Zeremonie:<\/p>\n<p class=\"\" data-start=\"314\" data-end=\"714\">**\u201eAm 16. Oktober 1965, vormittags um 10.00 Uhr, trafen sich die Trachtler des Patengaus, dem Rhein-Main-Gau, gemeinsam mit den Trachtenkameraden des Gaues M\u00fcnchen und Umgebung und ihren Fahnen vor der alten Sendlinger Kirche. Anlass war die feierliche Weihe der neuen Standarte, die von den Trachtenkameraden Hilde und G\u00fcnter Dollinger vom Trachtenverein Alt-Miesbach M\u00fcnchen gestiftet worden war.<\/p>\n<p class=\"\" data-start=\"722\" data-end=\"931\">Unter den Kl\u00e4ngen der Gaukapelle Otto Ebner trugen sechs Kinder des Gaues M\u00fcnchen die Standarte in die Kirche, wo der hochw\u00fcrdige Stadtpfarrer nach einer eindrucksvollen Predigt die kirchliche Weihe vornahm.<\/p>\n<p class=\"\" data-start=\"939\" data-end=\"1200\">Am Abend, um 19.00 Uhr, versammelten sich die Kameraden des Patengaues mit ihrem bew\u00e4hrten Gauvorstand Fritz Richinger sowie die Vereine des Gaues M\u00fcnchen und Umgebung als Veranstalter zu einem gelungenen Heimatabend im Saal des Gasthauses &#8218;Zum Holzkirchner&#8216;.<\/p>\n<p class=\"\" data-start=\"1208\" data-end=\"1625\">Nach dem Er\u00f6ffnungsmarsch, gespielt von der Festkapelle Otto Ebner, sprach der 1. Vorsitzende des Gaues M\u00fcnchen und Umgebung, Alfons Bergmann, herzliche Begr\u00fc\u00dfungsworte im Namen des Gaues. Besonders begr\u00fc\u00dfte er den 1. Landesverbandsvorsitzenden Hans Hatzinger, die Ehrenmitglieder des Landesverbandes sowie Fritz Richinger, den 1. Vorsitzenden des Patengaues aus Frankfurt am Main, und alle erschienenen Ehreng\u00e4ste.<\/p>\n<p class=\"\" data-start=\"1633\" data-end=\"1825\">In seiner Ansprache dankte er dem Rhein-Main-Gau besonders f\u00fcr die \u00dcbernahme der Patenschaft zur Standartenweihe und hob das gute Einvernehmen und die freundschaftliche Verbundenheit hervor.<\/p>\n<p class=\"\" data-start=\"1833\" data-end=\"2115\">Es folgten Gru\u00dfworte von Hans Hatzinger, der den Gau M\u00fcnchen und Umgebung zur Standartenweihe begl\u00fcckw\u00fcnschte, die Zusammenarbeit mit dem Landesverband lobte und seine Ansprache mit den Worten schloss: \u201aEs lebe unser deutsches Vaterland, die Liebe und Treue zu Tracht und Heimat.\u2018<\/p>\n<p class=\"\" data-start=\"2123\" data-end=\"2248\">Auch Fritz Richinger \u00fcberbrachte seine Gl\u00fcckw\u00fcnsche und betonte die freundschaftliche Verbindung zwischen den beiden Gauen.<\/p>\n<p class=\"\" data-start=\"2256\" data-end=\"2567\">Im Anschluss \u00fcbergab Fahnenmutter Hilde Dollinger die neue Standarte offiziell an den Gau. Gauvorsitzender Alfons Bergmann bedankte sich mit bewegten Worten bei den Stiftern Hilde und G\u00fcnter Dollinger und \u00fcberreichte ihnen als Zeichen der Anerkennung die Ehrenmitgliedsurkunden des Gaues M\u00fcnchen und Umgebung.<\/p>\n<p class=\"\" data-start=\"2575\" data-end=\"2911\">Danach wurden die Fahnenb\u00e4nder, die ebenfalls in der Kirche gesegnet worden waren, feierlich \u00fcbergeben. Gauvorstand Bergmann \u00fcberreichte dem Vorstand des Patengaues, Fritz Richinger, einen Fahnennagel und w\u00fcrdigte die enge, langj\u00e4hrige Verbundenheit. Fritz Richinger \u00fcbergab seinerseits ebenfalls einen Fahnennagel an den Gau M\u00fcnchen.<\/p>\n<p class=\"\" data-start=\"2919\" data-end=\"3172\">Zwei Dirndl \u2013 eines von den Ismaningern und eines von den Alpspitzlern \u2013 trugen feierliche Prologe vor, die die \u00dcbergabe der Fahnenb\u00e4nder begleiteten. Abschlie\u00dfend befestigte Hans Huber das von ihm gestiftete Trauerband selbst an der neuen Standarte.\u201c**<\/p>\n<p><img decoding=\"async\" class=\" wp-image-75 aligncenter\" src=\"https:\/\/trachtengau.org\/wordpress\/wp-content\/uploads\/2021\/08\/Peter-Fischer-1968.jpg\" sizes=\"(max-width: 385px) 100vw, 385px\" srcset=\"https:\/\/trachtengau.org\/wordpress\/wp-content\/uploads\/2021\/08\/Peter-Fischer-1968-200x288.jpg 200w, https:\/\/trachtengau.org\/wordpress\/wp-content\/uploads\/2021\/08\/Peter-Fischer-1968-208x300.jpg 208w, https:\/\/trachtengau.org\/wordpress\/wp-content\/uploads\/2021\/08\/Peter-Fischer-1968-400x576.jpg 400w, https:\/\/trachtengau.org\/wordpress\/wp-content\/uploads\/2021\/08\/Peter-Fischer-1968.jpg 437w\" alt=\"\" width=\"310\" height=\"447\" \/><\/p>\n<h6 style=\"text-align: center;\">14.07.1968 Gaufest in Unterf\u00f6hring<br \/>\nPeter Fischer (USA) und Gauvorstand Alfons Bergmann<\/h6>\n<h3 class=\"\" data-start=\"175\" data-end=\"196\">Wie es weiterging<\/h3>\n<p class=\"\" data-start=\"198\" data-end=\"380\">Nach dem pl\u00f6tzlichen Tod des langj\u00e4hrigen Gauvorstands <strong data-start=\"253\" data-end=\"272\">Alfons Bergmann<\/strong> im Jahr 1980 wurde <strong data-start=\"292\" data-end=\"311\">Valentin Lainer<\/strong> vom Verein <strong data-start=\"323\" data-end=\"350\">D\u2019Ammertaler Ottendichl<\/strong> zu seinem Nachfolger gew\u00e4hlt.<\/p>\n<p class=\"\" data-start=\"382\" data-end=\"591\">1983 feierten die <strong data-start=\"400\" data-end=\"425\">D\u2019Roaga Buam Ismaning<\/strong> ihr <strong data-start=\"430\" data-end=\"459\">25-j\u00e4hriges Gr\u00fcndungsfest<\/strong>.<br data-start=\"460\" data-end=\"463\" \/>Zwei Jahre sp\u00e4ter, 1985, wurde das <strong data-start=\"498\" data-end=\"538\">75-j\u00e4hrige Bestehen des Trachtengaus<\/strong> im festlichen Rahmen im <strong data-start=\"563\" data-end=\"581\">Salvatorkeller<\/strong> begangen.<\/p>\n<p class=\"\" data-start=\"593\" data-end=\"748\">Im Jahr 1988 fand erstmals ein <strong data-start=\"624\" data-end=\"657\">S\u00e4nger- und Musikantentreffen<\/strong> in <strong data-start=\"661\" data-end=\"673\">Garching<\/strong> statt, das gro\u00dfen Anklang fand und im Folgejahr erneut ausgerichtet wurde.<\/p>\n<p class=\"\" data-start=\"750\" data-end=\"995\">Das <strong data-start=\"754\" data-end=\"786\">80-j\u00e4hrige Gr\u00fcndungsjubil\u00e4um<\/strong> wurde 1990 ebenfalls in <strong data-start=\"811\" data-end=\"823\">Garching<\/strong> gefeiert.<br data-start=\"833\" data-end=\"836\" \/>Anl\u00e4sslich der <strong data-start=\"851\" data-end=\"931\">Tagung des Landesverbandes Bayerischer Heimat- und Volkstrachtenvereine e.V.<\/strong> richtete der Gau 1997 einen gro\u00dfen <strong data-start=\"967\" data-end=\"990\">Heimatabend in Haar<\/strong> aus.<\/p>\n<p class=\"\" data-start=\"997\" data-end=\"1197\">1998 stellte <strong data-start=\"1010\" data-end=\"1029\">Valentin Lainer<\/strong> sein Amt aus gesundheitlichen Gr\u00fcnden zur Verf\u00fcgung und verstarb wenig sp\u00e4ter. Zu seinem Nachfolger wurde <strong data-start=\"1136\" data-end=\"1152\">Anderl Huber<\/strong> vom Verein <strong data-start=\"1164\" data-end=\"1188\">Alt Miesbach M\u00fcnchen<\/strong> gew\u00e4hlt.<\/p>\n<p class=\"\" data-start=\"1199\" data-end=\"1327\">Das <strong data-start=\"1203\" data-end=\"1231\">90-j\u00e4hrige Gr\u00fcndungsfest<\/strong> feierte der Gau im Jahr 2000, ausgerichtet von den <strong data-start=\"1283\" data-end=\"1326\">K\u00f6niglich Bayerischen Patrioten M\u00fcnchen<\/strong>.<\/p>\n<p class=\"\" data-start=\"1329\" data-end=\"1520\">Im gleichen Jahr trat <strong data-start=\"1351\" data-end=\"1371\">G\u00fcnter Tschirner<\/strong> nach langj\u00e4hriger T\u00e4tigkeit als Gau-Jugendleiter zur\u00fcck und wurde zum <strong data-start=\"1442\" data-end=\"1467\">Ehren-Gaujugendleiter<\/strong> ernannt. Sein Nachfolger wurde <strong data-start=\"1499\" data-end=\"1519\">Herbert Thiemann<\/strong>.<\/p>\n<p class=\"\" data-start=\"1522\" data-end=\"1674\">2002 legte <strong data-start=\"1533\" data-end=\"1549\">Anderl Huber<\/strong> sein Amt als Gauvorstand aus pers\u00f6nlichen Gr\u00fcnden nieder. <strong data-start=\"1608\" data-end=\"1626\">Franz Klietsch<\/strong> von <strong data-start=\"1631\" data-end=\"1656\">Edelwei\u00df Unterf\u00f6hring<\/strong> \u00fcbernahm das Amt.<\/p>\n<p class=\"\" data-start=\"1676\" data-end=\"1880\">Auf Initiative von <strong data-start=\"1695\" data-end=\"1712\">Erich Gebhard<\/strong> (V.T.V. Alt-Miesbach M\u00fcnchen, Sachausschuss Musik) wurde bei den Ammertalern Ottendichl wieder ein <strong data-start=\"1812\" data-end=\"1827\">Gau-Hoagarten<\/strong> ins Leben gerufen, der seither j\u00e4hrlich stattfindet.<\/p>\n<p class=\"\" data-start=\"1882\" data-end=\"2058\">2004 wurde <strong data-start=\"1893\" data-end=\"1917\">Leonhard Steinbei\u00dfer<\/strong> von den <strong data-start=\"1926\" data-end=\"1949\">Roaga Buam Ismaning<\/strong> zum Gauvorstand gew\u00e4hlt,<br data-start=\"1974\" data-end=\"1977\" \/>2008 \u00fcbernahm <strong data-start=\"1991\" data-end=\"2008\">Martin Werner<\/strong> von der <strong data-start=\"2017\" data-end=\"2049\">Riesengebirgs-Trachtengruppe<\/strong> das Amt.<\/p>\n<p class=\"\" data-start=\"2060\" data-end=\"2143\">Das <strong data-start=\"2064\" data-end=\"2097\">100-j\u00e4hrige Gr\u00fcndungsjubil\u00e4um<\/strong> feierte der Gau 2010 feierlich in <strong data-start=\"2132\" data-end=\"2142\">Aubing<\/strong>.<\/p>\n<p>Ab <strong data-start=\"98\" data-end=\"106\">2016<\/strong> leitete <strong data-start=\"115\" data-end=\"131\">Ludwig Huber<\/strong> vom Trachtenverein <strong data-start=\"151\" data-end=\"176\">Edelwei\u00df Unterf\u00f6hring<\/strong> mit gro\u00dfem Engagement die Geschicke des Gaues.<br data-start=\"223\" data-end=\"226\" \/>Im Jahr <strong data-start=\"234\" data-end=\"242\">2024<\/strong> \u00fcbergab er das Amt an <strong data-start=\"265\" data-end=\"286\">Markus Hochlahner<\/strong> vom <strong data-start=\"291\" data-end=\"316\" data-is-only-node=\"\">Heimatverein Garching<\/strong>, der seither als 1. Gauvorstand die Verantwortung tr\u00e4gt.<\/p>\n<p><img decoding=\"async\" class=\"wp-image-77 aligncenter\" src=\"https:\/\/trachtengau.org\/wordpress\/wp-content\/uploads\/2021\/08\/Erich-Gebhard.jpg\" sizes=\"(max-width: 317px) 100vw, 317px\" srcset=\"https:\/\/trachtengau.org\/wordpress\/wp-content\/uploads\/2021\/08\/Erich-Gebhard-200x266.jpg 200w, https:\/\/trachtengau.org\/wordpress\/wp-content\/uploads\/2021\/08\/Erich-Gebhard-226x300.jpg 226w, https:\/\/trachtengau.org\/wordpress\/wp-content\/uploads\/2021\/08\/Erich-Gebhard.jpg 228w\" alt=\"\" width=\"317\" height=\"422\" \/><\/p>\n<h6 style=\"text-align: center;\">Musiker Erich Gebhard<\/h6>\n<p>Als Gauvorst\u00e4nde sind bekannt:<\/p>\n<p>1929 Sepp Huber, 43 Vereine<\/p>\n<p>1936 Josef Hohenadl, 51 Vereine<\/p>\n<p>1948 Michael Edlmann, 5 Vereine<\/p>\n<p>1952 Josef Huber, 8 Vereine<\/p>\n<p>1958 Fritz Loder, 11 Vereine<\/p>\n<p>1959 Xaver Hinterholzer (\u00fcbernahm als 2. Gauvorstand die Gesch\u00e4fte)<\/p>\n<p>1960 Alfons Bergmann, 10 Vereine<\/p>\n<p>1980 Valentin Lainer, 15 Vereine<\/p>\n<p>1998 Anderl Huber, 14 Vereine<\/p>\n<p>2002 Franz Klietsch, 15 Vereine<\/p>\n<p>2004 Leonhard Steinbeisser, 15 Vereine<\/p>\n<p>2008 Martin Werner, 15 Vereine<\/p>\n<p>2016 Ludwig Huber, 11 Vereine<\/p>\n<p>seit 2024 Markus Hochlahner, 10 Vereine<\/p>\n<\/div>\n<p class=\"\" data-start=\"207\" data-end=\"558\">F\u00fcr Au\u00dfenstehende oft kaum sichtbar, verbirgt sich hinter der Arbeit f\u00fcr unseren Gau eine Vielzahl gro\u00dfer und verantwortungsvoller Aufgaben.<br data-start=\"347\" data-end=\"350\" \/>Diese Aufgaben zu meistern, war und ist nicht immer einfach. Doch dank des Engagements vieler Trachtlerinnen und Trachtler konnten und k\u00f6nnen wir uns den Herausforderungen stets mit Herz und Tatkraft stellen.<\/p>\n<p class=\"\" data-start=\"560\" data-end=\"827\">Unser besonderer Dank und unsere aufrichtige Anerkennung gelten allen, die in den vergangenen <strong data-start=\"654\" data-end=\"668\">115 Jahren<\/strong> den Gau M\u00fcnchen und Umgebung unterst\u00fctzt und gepr\u00e4gt haben \u2013 sowie allen Mitgliedern unserer Trachtenvereine, die Tag f\u00fcr Tag die Tradition lebendig erhalten.<\/p>\n<p class=\"\" data-start=\"829\" data-end=\"861\"><strong data-start=\"829\" data-end=\"861\">A herzlich\u2019s Vergelt\u2019s Gott!<\/strong><\/p>\n<\/div><\/div><\/div><\/div><\/div>\n","protected":false},"excerpt":{"rendered":"","protected":false},"author":1,"featured_media":0,"parent":0,"menu_order":0,"comment_status":"closed","ping_status":"closed","template":"","meta":{"footnotes":""},"class_list":["post-28","page","type-page","status-publish","hentry"],"yoast_head":"<!-- This site is optimized with the Yoast SEO plugin v21.7 - https:\/\/yoast.com\/wordpress\/plugins\/seo\/ -->\n<title>Chronik - Trachtengau M\u00fcnchen und Umgebung<\/title>\n<meta name=\"robots\" content=\"index, follow, max-snippet:-1, max-image-preview:large, max-video-preview:-1\" \/>\n<link rel=\"canonical\" href=\"https:\/\/trachtengau.org\/wordpress\/chronik\/\" \/>\n<meta property=\"og:locale\" content=\"de_DE\" \/>\n<meta property=\"og:type\" content=\"article\" \/>\n<meta property=\"og:title\" content=\"Chronik - Trachtengau M\u00fcnchen und Umgebung\" \/>\n<meta property=\"og:url\" content=\"https:\/\/trachtengau.org\/wordpress\/chronik\/\" \/>\n<meta property=\"og:site_name\" content=\"Trachtengau M\u00fcnchen und Umgebung\" \/>\n<meta property=\"article:modified_time\" content=\"2025-04-29T14:16:28+00:00\" \/>\n<meta property=\"og:image\" content=\"https:\/\/trachtengau.org\/wordpress\/wp-content\/uploads\/2021\/08\/DRoaga_Buam_1958.jpg\" \/>\n<meta name=\"twitter:card\" content=\"summary_large_image\" \/>\n<meta name=\"twitter:label1\" content=\"Gesch\u00e4tzte Lesezeit\" \/>\n\t<meta name=\"twitter:data1\" content=\"9\u00a0Minuten\" \/>\n<script type=\"application\/ld+json\" class=\"yoast-schema-graph\">{\"@context\":\"https:\/\/schema.org\",\"@graph\":[{\"@type\":\"WebPage\",\"@id\":\"https:\/\/trachtengau.org\/wordpress\/chronik\/\",\"url\":\"https:\/\/trachtengau.org\/wordpress\/chronik\/\",\"name\":\"Chronik - Trachtengau M\u00fcnchen und Umgebung\",\"isPartOf\":{\"@id\":\"https:\/\/trachtengau.org\/wordpress\/#website\"},\"datePublished\":\"2021-06-29T08:18:36+00:00\",\"dateModified\":\"2025-04-29T14:16:28+00:00\",\"breadcrumb\":{\"@id\":\"https:\/\/trachtengau.org\/wordpress\/chronik\/#breadcrumb\"},\"inLanguage\":\"de\",\"potentialAction\":[{\"@type\":\"ReadAction\",\"target\":[\"https:\/\/trachtengau.org\/wordpress\/chronik\/\"]}]},{\"@type\":\"BreadcrumbList\",\"@id\":\"https:\/\/trachtengau.org\/wordpress\/chronik\/#breadcrumb\",\"itemListElement\":[{\"@type\":\"ListItem\",\"position\":1,\"name\":\"Startseite\",\"item\":\"https:\/\/trachtengau.org\/wordpress\/\"},{\"@type\":\"ListItem\",\"position\":2,\"name\":\"Chronik\"}]},{\"@type\":\"WebSite\",\"@id\":\"https:\/\/trachtengau.org\/wordpress\/#website\",\"url\":\"https:\/\/trachtengau.org\/wordpress\/\",\"name\":\"Trachtengau M\u00fcnchen und Umgebung\",\"description\":\"\",\"potentialAction\":[{\"@type\":\"SearchAction\",\"target\":{\"@type\":\"EntryPoint\",\"urlTemplate\":\"https:\/\/trachtengau.org\/wordpress\/?s={search_term_string}\"},\"query-input\":\"required name=search_term_string\"}],\"inLanguage\":\"de\"}]}<\/script>\n<!-- \/ Yoast SEO plugin. -->","yoast_head_json":{"title":"Chronik - Trachtengau M\u00fcnchen und Umgebung","robots":{"index":"index","follow":"follow","max-snippet":"max-snippet:-1","max-image-preview":"max-image-preview:large","max-video-preview":"max-video-preview:-1"},"canonical":"https:\/\/trachtengau.org\/wordpress\/chronik\/","og_locale":"de_DE","og_type":"article","og_title":"Chronik - Trachtengau M\u00fcnchen und Umgebung","og_url":"https:\/\/trachtengau.org\/wordpress\/chronik\/","og_site_name":"Trachtengau M\u00fcnchen und Umgebung","article_modified_time":"2025-04-29T14:16:28+00:00","og_image":[{"url":"https:\/\/trachtengau.org\/wordpress\/wp-content\/uploads\/2021\/08\/DRoaga_Buam_1958.jpg"}],"twitter_card":"summary_large_image","twitter_misc":{"Gesch\u00e4tzte Lesezeit":"9\u00a0Minuten"},"schema":{"@context":"https:\/\/schema.org","@graph":[{"@type":"WebPage","@id":"https:\/\/trachtengau.org\/wordpress\/chronik\/","url":"https:\/\/trachtengau.org\/wordpress\/chronik\/","name":"Chronik - Trachtengau M\u00fcnchen und Umgebung","isPartOf":{"@id":"https:\/\/trachtengau.org\/wordpress\/#website"},"datePublished":"2021-06-29T08:18:36+00:00","dateModified":"2025-04-29T14:16:28+00:00","breadcrumb":{"@id":"https:\/\/trachtengau.org\/wordpress\/chronik\/#breadcrumb"},"inLanguage":"de","potentialAction":[{"@type":"ReadAction","target":["https:\/\/trachtengau.org\/wordpress\/chronik\/"]}]},{"@type":"BreadcrumbList","@id":"https:\/\/trachtengau.org\/wordpress\/chronik\/#breadcrumb","itemListElement":[{"@type":"ListItem","position":1,"name":"Startseite","item":"https:\/\/trachtengau.org\/wordpress\/"},{"@type":"ListItem","position":2,"name":"Chronik"}]},{"@type":"WebSite","@id":"https:\/\/trachtengau.org\/wordpress\/#website","url":"https:\/\/trachtengau.org\/wordpress\/","name":"Trachtengau M\u00fcnchen und Umgebung","description":"","potentialAction":[{"@type":"SearchAction","target":{"@type":"EntryPoint","urlTemplate":"https:\/\/trachtengau.org\/wordpress\/?s={search_term_string}"},"query-input":"required name=search_term_string"}],"inLanguage":"de"}]}},"_links":{"self":[{"href":"https:\/\/trachtengau.org\/wordpress\/wp-json\/wp\/v2\/pages\/28","targetHints":{"allow":["GET"]}}],"collection":[{"href":"https:\/\/trachtengau.org\/wordpress\/wp-json\/wp\/v2\/pages"}],"about":[{"href":"https:\/\/trachtengau.org\/wordpress\/wp-json\/wp\/v2\/types\/page"}],"author":[{"embeddable":true,"href":"https:\/\/trachtengau.org\/wordpress\/wp-json\/wp\/v2\/users\/1"}],"replies":[{"embeddable":true,"href":"https:\/\/trachtengau.org\/wordpress\/wp-json\/wp\/v2\/comments?post=28"}],"version-history":[{"count":24,"href":"https:\/\/trachtengau.org\/wordpress\/wp-json\/wp\/v2\/pages\/28\/revisions"}],"predecessor-version":[{"id":2075,"href":"https:\/\/trachtengau.org\/wordpress\/wp-json\/wp\/v2\/pages\/28\/revisions\/2075"}],"wp:attachment":[{"href":"https:\/\/trachtengau.org\/wordpress\/wp-json\/wp\/v2\/media?parent=28"}],"curies":[{"name":"wp","href":"https:\/\/api.w.org\/{rel}","templated":true}]}}