{"id":203,"date":"2021-09-12T16:26:39","date_gmt":"2021-09-12T14:26:39","guid":{"rendered":"https:\/\/trachtengau.org\/wordpress\/?page_id=203"},"modified":"2024-03-21T15:44:46","modified_gmt":"2024-03-21T14:44:46","slug":"chronik-der-gaujugend","status":"publish","type":"page","link":"https:\/\/trachtengau.org\/wordpress\/gaujugend\/chronik-der-gaujugend\/","title":{"rendered":"Chronik der Gaujugend"},"content":{"rendered":"<p><div class=\"fusion-fullwidth fullwidth-box fusion-builder-row-1 fusion-flex-container nonhundred-percent-fullwidth non-hundred-percent-height-scrolling\" style=\"--awb-border-radius-top-left:0px;--awb-border-radius-top-right:0px;--awb-border-radius-bottom-right:0px;--awb-border-radius-bottom-left:0px;--awb-flex-wrap:wrap;\" ><div class=\"fusion-builder-row fusion-row fusion-flex-align-items-flex-start fusion-flex-content-wrap\" style=\"max-width:1248px;margin-left: calc(-4% \/ 2 );margin-right: calc(-4% \/ 2 );\"><div class=\"fusion-layout-column fusion_builder_column fusion-builder-column-0 fusion_builder_column_1_1 1_1 fusion-flex-column\" style=\"--awb-bg-size:cover;--awb-width-large:100%;--awb-margin-top-large:0px;--awb-spacing-right-large:1.92%;--awb-margin-bottom-large:20px;--awb-spacing-left-large:1.92%;--awb-width-medium:100%;--awb-order-medium:0;--awb-spacing-right-medium:1.92%;--awb-spacing-left-medium:1.92%;--awb-width-small:100%;--awb-order-small:0;--awb-spacing-right-small:1.92%;--awb-spacing-left-small:1.92%;\"><div class=\"fusion-column-wrapper fusion-column-has-shadow fusion-flex-justify-content-flex-start fusion-content-layout-column\"><div class=\"fusion-title title fusion-title-1 fusion-sep-none fusion-title-text fusion-title-size-one\"><h1 class=\"fusion-title-heading title-heading-left\" style=\"margin:0;\">Chronik der Gaujugend<\/h1><\/div><\/div><\/div><\/div><\/div><div class=\"fusion-fullwidth fullwidth-box fusion-builder-row-2 fusion-flex-container nonhundred-percent-fullwidth non-hundred-percent-height-scrolling\" style=\"--awb-border-radius-top-left:0px;--awb-border-radius-top-right:0px;--awb-border-radius-bottom-right:0px;--awb-border-radius-bottom-left:0px;--awb-flex-wrap:wrap;\" ><div class=\"fusion-builder-row fusion-row fusion-flex-align-items-flex-start fusion-flex-content-wrap\" style=\"max-width:calc( 1200px + 1px );margin-left: calc(-1px \/ 2 );margin-right: calc(-1px \/ 2 );\"><div class=\"fusion-layout-column fusion_builder_column fusion-builder-column-1 fusion_builder_column_1_4 1_4 fusion-flex-column\" style=\"--awb-bg-size:cover;--awb-width-large:25%;--awb-margin-top-large:0px;--awb-spacing-right-large:0.5;--awb-margin-bottom-large:20px;--awb-spacing-left-large:0.5;--awb-width-medium:25%;--awb-order-medium:0;--awb-spacing-right-medium:0.5;--awb-spacing-left-medium:0.5;--awb-width-small:100%;--awb-order-small:0;--awb-spacing-right-small:0.5;--awb-spacing-left-small:0.5;\"><div class=\"fusion-column-wrapper fusion-column-has-shadow fusion-flex-justify-content-flex-start fusion-content-layout-column\"><div class=\"fusion-content-boxes content-boxes columns row fusion-columns-1 fusion-columns-total-1 fusion-content-boxes-1 content-boxes-icon-with-title content-left\" style=\"--awb-hover-accent-color:#000000;--awb-circle-hover-accent-color:#000000;--awb-item-margin-bottom:40px;\" data-animationOffset=\"top-into-view\"><div style=\"--awb-backgroundcolor:rgba(255,255,255,0);\" class=\"fusion-column content-box-column content-box-column content-box-column-1 col-lg-12 col-md-12 col-sm-12 fusion-content-box-hover content-box-column-last content-box-column-last-in-row\"><div class=\"col content-box-wrapper content-wrapper link-area-link-icon content-icon-wrapper-yes icon-hover-animation-fade\" data-animationOffset=\"top-into-view\"><div class=\"fusion-clearfix\"><\/div><div class=\"content-container\">\n<p><img decoding=\"async\" class=\"alignnone wp-image-757\" src=\"https:\/\/trachtengau.org\/wordpress\/wp-content\/uploads\/2021\/10\/Guenter-Tschirner-210x300.jpg\" alt=\"\" width=\"210\" height=\"300\" srcset=\"https:\/\/trachtengau.org\/wordpress\/wp-content\/uploads\/2021\/10\/Guenter-Tschirner-200x285.jpg 200w, https:\/\/trachtengau.org\/wordpress\/wp-content\/uploads\/2021\/10\/Guenter-Tschirner-210x300.jpg 210w, https:\/\/trachtengau.org\/wordpress\/wp-content\/uploads\/2021\/10\/Guenter-Tschirner.jpg 323w\" sizes=\"(max-width: 210px) 100vw, 210px\" \/><\/p>\n<p>G\u00fcnter Tschirner<\/p>\n<\/div><\/div><\/div><div class=\"fusion-clearfix\"><\/div><\/div><\/div><\/div><div class=\"fusion-layout-column fusion_builder_column fusion-builder-column-2 fusion_builder_column_1_4 1_4 fusion-flex-column\" style=\"--awb-bg-size:cover;--awb-width-large:25%;--awb-margin-top-large:0px;--awb-spacing-right-large:0.5;--awb-margin-bottom-large:20px;--awb-spacing-left-large:0.5;--awb-width-medium:25%;--awb-order-medium:0;--awb-spacing-right-medium:0.5;--awb-spacing-left-medium:0.5;--awb-width-small:100%;--awb-order-small:0;--awb-spacing-right-small:0.5;--awb-spacing-left-small:0.5;\"><div class=\"fusion-column-wrapper fusion-column-has-shadow fusion-flex-justify-content-flex-start fusion-content-layout-column\"><div class=\"fusion-content-boxes content-boxes columns row fusion-columns-1 fusion-columns-total-1 fusion-content-boxes-2 content-boxes-icon-with-title content-left\" style=\"--awb-hover-accent-color:#000000;--awb-circle-hover-accent-color:#000000;--awb-item-margin-bottom:40px;\" data-animationOffset=\"top-into-view\"><div style=\"--awb-backgroundcolor:rgba(255,255,255,0);\" class=\"fusion-column content-box-column content-box-column content-box-column-1 col-lg-12 col-md-12 col-sm-12 fusion-content-box-hover content-box-column-last content-box-column-last-in-row\"><div class=\"col content-box-wrapper content-wrapper link-area-link-icon content-icon-wrapper-yes icon-hover-animation-fade\" data-animationOffset=\"top-into-view\"><div class=\"fusion-clearfix\"><\/div><div class=\"content-container\">\n<p><img decoding=\"async\" class=\"alignnone size-medium wp-image-786\" src=\"https:\/\/trachtengau.org\/wordpress\/wp-content\/uploads\/2021\/10\/Herbert-Thiemann.-3jpg-1-248x300.jpg\" alt=\"\" width=\"248\" height=\"300\" srcset=\"https:\/\/trachtengau.org\/wordpress\/wp-content\/uploads\/2021\/10\/Herbert-Thiemann.-3jpg-1-200x242.jpg 200w, https:\/\/trachtengau.org\/wordpress\/wp-content\/uploads\/2021\/10\/Herbert-Thiemann.-3jpg-1-248x300.jpg 248w, https:\/\/trachtengau.org\/wordpress\/wp-content\/uploads\/2021\/10\/Herbert-Thiemann.-3jpg-1.jpg 332w\" sizes=\"(max-width: 248px) 100vw, 248px\" \/><\/p>\n<p>Herbert Thiemann<\/p>\n<\/div><\/div><\/div><div class=\"fusion-clearfix\"><\/div><\/div><\/div><\/div><div class=\"fusion-layout-column fusion_builder_column fusion-builder-column-3 fusion_builder_column_1_4 1_4 fusion-flex-column\" style=\"--awb-bg-size:cover;--awb-width-large:25%;--awb-margin-top-large:0px;--awb-spacing-right-large:0.5;--awb-margin-bottom-large:20px;--awb-spacing-left-large:0.5;--awb-width-medium:25%;--awb-order-medium:0;--awb-spacing-right-medium:0.5;--awb-spacing-left-medium:0.5;--awb-width-small:100%;--awb-order-small:0;--awb-spacing-right-small:0.5;--awb-spacing-left-small:0.5;\"><div class=\"fusion-column-wrapper fusion-column-has-shadow fusion-flex-justify-content-flex-start fusion-content-layout-column\"><div class=\"fusion-content-boxes content-boxes columns row fusion-columns-1 fusion-columns-total-1 fusion-content-boxes-3 content-boxes-icon-with-title content-left\" style=\"--awb-hover-accent-color:#000000;--awb-circle-hover-accent-color:#000000;--awb-item-margin-bottom:40px;\" data-animationOffset=\"top-into-view\"><div style=\"--awb-backgroundcolor:rgba(255,255,255,0);\" class=\"fusion-column content-box-column content-box-column content-box-column-1 col-lg-12 col-md-12 col-sm-12 fusion-content-box-hover content-box-column-last content-box-column-last-in-row\"><div class=\"col content-box-wrapper content-wrapper link-area-link-icon content-icon-wrapper-yes icon-hover-animation-fade\" data-animationOffset=\"top-into-view\"><div class=\"fusion-clearfix\"><\/div><div class=\"content-container\">\n<p><img decoding=\"async\" class=\"alignnone size-medium wp-image-788\" src=\"https:\/\/trachtengau.org\/wordpress\/wp-content\/uploads\/2021\/10\/Martin-Werner-RTG-klein-248x300.jpg\" alt=\"\" width=\"248\" height=\"300\" srcset=\"https:\/\/trachtengau.org\/wordpress\/wp-content\/uploads\/2021\/10\/Martin-Werner-RTG-klein-200x242.jpg 200w, https:\/\/trachtengau.org\/wordpress\/wp-content\/uploads\/2021\/10\/Martin-Werner-RTG-klein-248x300.jpg 248w, https:\/\/trachtengau.org\/wordpress\/wp-content\/uploads\/2021\/10\/Martin-Werner-RTG-klein.jpg 303w\" sizes=\"(max-width: 248px) 100vw, 248px\" \/><\/p>\n<p>Martin Werner<\/p>\n<\/div><\/div><\/div><div class=\"fusion-clearfix\"><\/div><\/div><\/div><\/div><div class=\"fusion-layout-column fusion_builder_column fusion-builder-column-4 fusion_builder_column_1_4 1_4 fusion-flex-column\" style=\"--awb-bg-size:cover;--awb-width-large:25%;--awb-margin-top-large:0px;--awb-spacing-right-large:0.5;--awb-margin-bottom-large:20px;--awb-spacing-left-large:0.5;--awb-width-medium:25%;--awb-order-medium:0;--awb-spacing-right-medium:0.5;--awb-spacing-left-medium:0.5;--awb-width-small:100%;--awb-order-small:0;--awb-spacing-right-small:0.5;--awb-spacing-left-small:0.5;\"><div class=\"fusion-column-wrapper fusion-column-has-shadow fusion-flex-justify-content-flex-start fusion-content-layout-block\"><div class=\"fusion-content-boxes content-boxes columns row fusion-columns-1 fusion-columns-total-1 fusion-content-boxes-4 content-boxes-icon-with-title content-left\" style=\"--awb-hover-accent-color:#000000;--awb-circle-hover-accent-color:#000000;--awb-item-margin-bottom:40px;\" data-animationOffset=\"top-into-view\"><div style=\"--awb-backgroundcolor:rgba(255,255,255,0);\" class=\"fusion-column content-box-column content-box-column content-box-column-1 col-lg-12 col-md-12 col-sm-12 fusion-content-box-hover content-box-column-last content-box-column-last-in-row\"><div class=\"col content-box-wrapper content-wrapper link-area-link-icon content-icon-wrapper-yes icon-hover-animation-fade\" data-animationOffset=\"top-into-view\"><div class=\"fusion-clearfix\"><\/div><div class=\"content-container\">\n<p><img decoding=\"async\" class=\"alignnone wp-image-764\" src=\"https:\/\/trachtengau.org\/wordpress\/wp-content\/uploads\/2021\/10\/Heike-und-Markus-klein-247x300.jpg\" alt=\"\" width=\"248\" height=\"301\" srcset=\"https:\/\/trachtengau.org\/wordpress\/wp-content\/uploads\/2021\/10\/Heike-und-Markus-klein-200x243.jpg 200w, https:\/\/trachtengau.org\/wordpress\/wp-content\/uploads\/2021\/10\/Heike-und-Markus-klein-247x300.jpg 247w, https:\/\/trachtengau.org\/wordpress\/wp-content\/uploads\/2021\/10\/Heike-und-Markus-klein-400x485.jpg 400w, https:\/\/trachtengau.org\/wordpress\/wp-content\/uploads\/2021\/10\/Heike-und-Markus-klein.jpg 460w\" sizes=\"(max-width: 248px) 100vw, 248px\" \/><\/p>\n<p>Heike Hardi &amp; Markus Hochlahner<\/p>\n<\/div><\/div><\/div><div class=\"fusion-clearfix\"><\/div><\/div><\/div><\/div><div class=\"fusion-layout-column fusion_builder_column fusion-builder-column-5 fusion_builder_column_1_6 1_6 fusion-flex-column\" style=\"--awb-bg-size:cover;--awb-width-large:16.666666666667%;--awb-margin-top-large:0px;--awb-spacing-right-large:0.5;--awb-margin-bottom-large:20px;--awb-spacing-left-large:0.5;--awb-width-medium:16.666666666667%;--awb-order-medium:0;--awb-spacing-right-medium:0.5;--awb-spacing-left-medium:0.5;--awb-width-small:100%;--awb-order-small:0;--awb-spacing-right-small:0.5;--awb-spacing-left-small:0.5;\"><div class=\"fusion-column-wrapper fusion-column-has-shadow fusion-flex-justify-content-flex-start fusion-content-layout-column\"><\/div><\/div><div class=\"fusion-layout-column fusion_builder_column fusion-builder-column-6 fusion_builder_column_2_3 2_3 fusion-flex-column\" style=\"--awb-bg-size:cover;--awb-width-large:66.666666666667%;--awb-margin-top-large:0px;--awb-spacing-right-large:0.5;--awb-margin-bottom-large:20px;--awb-spacing-left-large:0.5;--awb-width-medium:66.666666666667%;--awb-order-medium:0;--awb-spacing-right-medium:0.5;--awb-spacing-left-medium:0.5;--awb-width-small:100%;--awb-order-small:0;--awb-spacing-right-small:0.5;--awb-spacing-left-small:0.5;\"><div class=\"fusion-column-wrapper fusion-column-has-shadow fusion-flex-justify-content-flex-start fusion-content-layout-column\"><div class=\"fusion-content-boxes content-boxes columns row fusion-columns-1 fusion-columns-total-1 fusion-content-boxes-5 content-boxes-icon-with-title content-left\" style=\"--awb-hover-accent-color:#000000;--awb-circle-hover-accent-color:#000000;--awb-item-margin-bottom:40px;\" data-animationOffset=\"top-into-view\"><div style=\"--awb-backgroundcolor:rgba(255,255,255,0);\" class=\"fusion-column content-box-column content-box-column content-box-column-1 col-lg-12 col-md-12 col-sm-12 fusion-content-box-hover content-box-column-last content-box-column-last-in-row\"><div class=\"col content-box-wrapper content-wrapper link-area-link-icon content-icon-wrapper-yes icon-hover-animation-fade\" data-animationOffset=\"top-into-view\"><div class=\"fusion-clearfix\"><\/div><div class=\"content-container\">\n<p>Unser Trachtengau M\u00fcnchen und Umgebung wurde 2020 einhundertzehn Jahre alt, eine eigene Jugendarbeit gab es zur Gr\u00fcndungszeit wahrscheinlich noch nicht. Erst in den 60er Jahren wurde damit begonnen. Hans Huber und Hermann Zettler jun. vom Trachtenverein Alt Miesbach M\u00fcnchen sowie Hans Leitl vom Trachtenverein D`Roaga Buam Ismaning fingen mit der Jugendarbeit in unserem Gau an, um die Jugend f\u00fcr die Trachtensache zu begeistern.<\/p>\n<p>Im Jahre 1973 wurde erstmals ein Gaujugendleiter und sein Stellvertreter gew\u00e4hlt: G\u00fcnter Tschirner von der Riesengebirgs-Trachtengruppe M\u00fcnchen war der erste Gew\u00e4hlte in diesem Amt, zu seinem Stellvertreter wurde Arnold Lainer vom Trachtenverein D\u00b4Ammertaler Ottendichl gew\u00e4hlt. Gemeinsam bekleideten die beiden das Amt bis 1978. Danach musste f\u00fcr die Bereiche M\u00fcnchen Stadt und M\u00fcnchen Land jeweils ein eigener Gaujugendleiter gew\u00e4hlt werden.<br \/>\nG\u00fcnter Tschirner \u00fcbernahm das Amt als Gaujugendleiter M\u00fcnchen Stadt und f\u00fchrte diese Aufgabe insgesamt 27 Jahre aus. Im Jahr 2000 gab er dieses Amt aus Altersgr\u00fcnden ab und wurde von der Versammlung zum Ehrengaujugendleiter ernannt. G\u00fcnter verstarb im Oktober 2004 nach langer, schwerer Krankheit.<br \/>\nZum Gaujugendleiter M\u00fcnchen Land wurde 1978 Herbert Thiemann vom Trachtenverein R\u00fcbezahl Germering gew\u00e4hlt. Mangels eines Nachfolgers von G\u00fcnter Tschirner f\u00fcr den Jugendleiter M\u00fcnchen Stadt vereinte Herbert Thiemann im Jahr 2000 beide \u00c4mter wieder. Einen zweiten Gaujugendleiter gab es damals nicht.<\/p>\n<p>Im Jahr 2003 wurde Martin Werner von der Riesengebirgs-Trachtengruppe M\u00fcnchen als neuer zweiter Gaujugendleiter gew\u00e4hlt. Im darauffolgenden Jahr trat nun Herbert Thiemann nach 26 Jahren als Gaujugendleiter in den wohlverdienten Ruhestand. Ein Jahr sp\u00e4ter, genauer in der Fr\u00fchjahrsversammlung 2005, wurde Herbert zum Ehrengaujugendleiter ernannt. Bei unserem 100 j\u00e4hriges Gau Jubil\u00e4um mit Fahnenweihe arbeitete Herbert noch aktiv mit. Danach konnte Herbert aufgrund seiner Krankheit nicht mehr so aktiv am Gauleben teilnehmen, wie er es wollte. Am 29.08.2011 verstarb Herbert nach schwerer Krankheit.<br \/>\nDer bisherige zweite Gaujugendleiter, Martin Werner, \u00fcbernahm im Jahr 2004 den Posten des ersten Gaujugendleiters. Ihm zur Seite wurde als zweiter Gaujugendleiter Markus Hochlahner vom Heimatverein Garching gew\u00e4hlt.<\/p>\n<p>2008 folgte Markus Hochlahner im Amt des ersten Gaujugendleiters nach und zum ersten Mal in der Geschichte der Trachtenjugend wurde eine Frau als zweite Gaujugendleiterin gew\u00e4hlt, Heike Hardi vom Trachtenverein D\u00b4Ammertaler Ottendichl.<\/p>\n<p>Seit 2024 ist die Gaujugendvorstandschaft nun in komplett weiblicher Hand. Nun k\u00fcmmert sich Petra Seifert von den Roaga Buam Ismaning zusammen mit den beiden Stellvertreterinnen Franziska Graf (D&#8216; Untersberger M\u00fcnchen) und Katharina Weidendorfer (Heimatverein Garching) um die Geschicke der Gaujugend.<\/p>\n<\/div><\/div><\/div><div class=\"fusion-clearfix\"><\/div><\/div><\/div><\/div><div class=\"fusion-layout-column fusion_builder_column fusion-builder-column-7 fusion_builder_column_1_6 1_6 fusion-flex-column\" style=\"--awb-bg-size:cover;--awb-width-large:16.666666666667%;--awb-margin-top-large:0px;--awb-spacing-right-large:0.5;--awb-margin-bottom-large:20px;--awb-spacing-left-large:0.5;--awb-width-medium:16.666666666667%;--awb-order-medium:0;--awb-spacing-right-medium:0.5;--awb-spacing-left-medium:0.5;--awb-width-small:100%;--awb-order-small:0;--awb-spacing-right-small:0.5;--awb-spacing-left-small:0.5;\"><div class=\"fusion-column-wrapper fusion-column-has-shadow fusion-flex-justify-content-flex-start fusion-content-layout-column\"><\/div><\/div><\/div><\/div><\/p>\n","protected":false},"excerpt":{"rendered":"","protected":false},"author":1,"featured_media":0,"parent":193,"menu_order":0,"comment_status":"closed","ping_status":"closed","template":"","meta":{"footnotes":""},"class_list":["post-203","page","type-page","status-publish","hentry"],"yoast_head":"<!-- This site is optimized with the Yoast SEO plugin v21.7 - https:\/\/yoast.com\/wordpress\/plugins\/seo\/ -->\n<title>Chronik der Gaujugend - Trachtengau M\u00fcnchen und Umgebung<\/title>\n<meta name=\"robots\" content=\"index, follow, max-snippet:-1, max-image-preview:large, max-video-preview:-1\" \/>\n<link rel=\"canonical\" href=\"https:\/\/trachtengau.org\/wordpress\/gaujugend\/chronik-der-gaujugend\/\" \/>\n<meta property=\"og:locale\" content=\"de_DE\" \/>\n<meta property=\"og:type\" content=\"article\" \/>\n<meta property=\"og:title\" content=\"Chronik der Gaujugend - Trachtengau M\u00fcnchen und Umgebung\" \/>\n<meta property=\"og:url\" content=\"https:\/\/trachtengau.org\/wordpress\/gaujugend\/chronik-der-gaujugend\/\" \/>\n<meta property=\"og:site_name\" content=\"Trachtengau M\u00fcnchen und Umgebung\" \/>\n<meta property=\"article:modified_time\" content=\"2024-03-21T14:44:46+00:00\" \/>\n<meta property=\"og:image\" content=\"https:\/\/trachtengau.org\/wordpress\/wp-content\/uploads\/2021\/10\/Guenter-Tschirner-210x300.jpg\" \/>\n<meta name=\"twitter:card\" content=\"summary_large_image\" \/>\n<meta name=\"twitter:label1\" content=\"Gesch\u00e4tzte Lesezeit\" \/>\n\t<meta name=\"twitter:data1\" content=\"4\u00a0Minuten\" \/>\n<script type=\"application\/ld+json\" class=\"yoast-schema-graph\">{\"@context\":\"https:\/\/schema.org\",\"@graph\":[{\"@type\":\"WebPage\",\"@id\":\"https:\/\/trachtengau.org\/wordpress\/gaujugend\/chronik-der-gaujugend\/\",\"url\":\"https:\/\/trachtengau.org\/wordpress\/gaujugend\/chronik-der-gaujugend\/\",\"name\":\"Chronik der Gaujugend - Trachtengau M\u00fcnchen und Umgebung\",\"isPartOf\":{\"@id\":\"https:\/\/trachtengau.org\/wordpress\/#website\"},\"datePublished\":\"2021-09-12T14:26:39+00:00\",\"dateModified\":\"2024-03-21T14:44:46+00:00\",\"breadcrumb\":{\"@id\":\"https:\/\/trachtengau.org\/wordpress\/gaujugend\/chronik-der-gaujugend\/#breadcrumb\"},\"inLanguage\":\"de\",\"potentialAction\":[{\"@type\":\"ReadAction\",\"target\":[\"https:\/\/trachtengau.org\/wordpress\/gaujugend\/chronik-der-gaujugend\/\"]}]},{\"@type\":\"BreadcrumbList\",\"@id\":\"https:\/\/trachtengau.org\/wordpress\/gaujugend\/chronik-der-gaujugend\/#breadcrumb\",\"itemListElement\":[{\"@type\":\"ListItem\",\"position\":1,\"name\":\"Startseite\",\"item\":\"https:\/\/trachtengau.org\/wordpress\/\"},{\"@type\":\"ListItem\",\"position\":2,\"name\":\"Gaujugend\",\"item\":\"https:\/\/trachtengau.org\/wordpress\/gaujugend\/\"},{\"@type\":\"ListItem\",\"position\":3,\"name\":\"Chronik der Gaujugend\"}]},{\"@type\":\"WebSite\",\"@id\":\"https:\/\/trachtengau.org\/wordpress\/#website\",\"url\":\"https:\/\/trachtengau.org\/wordpress\/\",\"name\":\"Trachtengau M\u00fcnchen und Umgebung\",\"description\":\"\",\"potentialAction\":[{\"@type\":\"SearchAction\",\"target\":{\"@type\":\"EntryPoint\",\"urlTemplate\":\"https:\/\/trachtengau.org\/wordpress\/?s={search_term_string}\"},\"query-input\":\"required name=search_term_string\"}],\"inLanguage\":\"de\"}]}<\/script>\n<!-- \/ Yoast SEO plugin. -->","yoast_head_json":{"title":"Chronik der Gaujugend - Trachtengau M\u00fcnchen und Umgebung","robots":{"index":"index","follow":"follow","max-snippet":"max-snippet:-1","max-image-preview":"max-image-preview:large","max-video-preview":"max-video-preview:-1"},"canonical":"https:\/\/trachtengau.org\/wordpress\/gaujugend\/chronik-der-gaujugend\/","og_locale":"de_DE","og_type":"article","og_title":"Chronik der Gaujugend - Trachtengau M\u00fcnchen und Umgebung","og_url":"https:\/\/trachtengau.org\/wordpress\/gaujugend\/chronik-der-gaujugend\/","og_site_name":"Trachtengau M\u00fcnchen und Umgebung","article_modified_time":"2024-03-21T14:44:46+00:00","og_image":[{"url":"https:\/\/trachtengau.org\/wordpress\/wp-content\/uploads\/2021\/10\/Guenter-Tschirner-210x300.jpg"}],"twitter_card":"summary_large_image","twitter_misc":{"Gesch\u00e4tzte Lesezeit":"4\u00a0Minuten"},"schema":{"@context":"https:\/\/schema.org","@graph":[{"@type":"WebPage","@id":"https:\/\/trachtengau.org\/wordpress\/gaujugend\/chronik-der-gaujugend\/","url":"https:\/\/trachtengau.org\/wordpress\/gaujugend\/chronik-der-gaujugend\/","name":"Chronik der Gaujugend - Trachtengau M\u00fcnchen und Umgebung","isPartOf":{"@id":"https:\/\/trachtengau.org\/wordpress\/#website"},"datePublished":"2021-09-12T14:26:39+00:00","dateModified":"2024-03-21T14:44:46+00:00","breadcrumb":{"@id":"https:\/\/trachtengau.org\/wordpress\/gaujugend\/chronik-der-gaujugend\/#breadcrumb"},"inLanguage":"de","potentialAction":[{"@type":"ReadAction","target":["https:\/\/trachtengau.org\/wordpress\/gaujugend\/chronik-der-gaujugend\/"]}]},{"@type":"BreadcrumbList","@id":"https:\/\/trachtengau.org\/wordpress\/gaujugend\/chronik-der-gaujugend\/#breadcrumb","itemListElement":[{"@type":"ListItem","position":1,"name":"Startseite","item":"https:\/\/trachtengau.org\/wordpress\/"},{"@type":"ListItem","position":2,"name":"Gaujugend","item":"https:\/\/trachtengau.org\/wordpress\/gaujugend\/"},{"@type":"ListItem","position":3,"name":"Chronik der Gaujugend"}]},{"@type":"WebSite","@id":"https:\/\/trachtengau.org\/wordpress\/#website","url":"https:\/\/trachtengau.org\/wordpress\/","name":"Trachtengau M\u00fcnchen und Umgebung","description":"","potentialAction":[{"@type":"SearchAction","target":{"@type":"EntryPoint","urlTemplate":"https:\/\/trachtengau.org\/wordpress\/?s={search_term_string}"},"query-input":"required name=search_term_string"}],"inLanguage":"de"}]}},"_links":{"self":[{"href":"https:\/\/trachtengau.org\/wordpress\/wp-json\/wp\/v2\/pages\/203","targetHints":{"allow":["GET"]}}],"collection":[{"href":"https:\/\/trachtengau.org\/wordpress\/wp-json\/wp\/v2\/pages"}],"about":[{"href":"https:\/\/trachtengau.org\/wordpress\/wp-json\/wp\/v2\/types\/page"}],"author":[{"embeddable":true,"href":"https:\/\/trachtengau.org\/wordpress\/wp-json\/wp\/v2\/users\/1"}],"replies":[{"embeddable":true,"href":"https:\/\/trachtengau.org\/wordpress\/wp-json\/wp\/v2\/comments?post=203"}],"version-history":[{"count":32,"href":"https:\/\/trachtengau.org\/wordpress\/wp-json\/wp\/v2\/pages\/203\/revisions"}],"predecessor-version":[{"id":1764,"href":"https:\/\/trachtengau.org\/wordpress\/wp-json\/wp\/v2\/pages\/203\/revisions\/1764"}],"up":[{"embeddable":true,"href":"https:\/\/trachtengau.org\/wordpress\/wp-json\/wp\/v2\/pages\/193"}],"wp:attachment":[{"href":"https:\/\/trachtengau.org\/wordpress\/wp-json\/wp\/v2\/media?parent=203"}],"curies":[{"name":"wp","href":"https:\/\/api.w.org\/{rel}","templated":true}]}}