{"id":2019,"date":"2025-01-24T17:44:39","date_gmt":"2025-01-24T16:44:39","guid":{"rendered":"https:\/\/trachtengau.org\/wordpress\/?page_id=2019"},"modified":"2025-01-24T17:47:36","modified_gmt":"2025-01-24T16:47:36","slug":"ehrung-fuer-peter-betz","status":"publish","type":"page","link":"https:\/\/trachtengau.org\/wordpress\/ehrung-fuer-peter-betz\/","title":{"rendered":"Ehrung f\u00fcr Peter Betz"},"content":{"rendered":"<div class=\"fusion-fullwidth fullwidth-box fusion-builder-row-1 fusion-flex-container has-pattern-background has-mask-background nonhundred-percent-fullwidth non-hundred-percent-height-scrolling\" style=\"--awb-border-radius-top-left:0px;--awb-border-radius-top-right:0px;--awb-border-radius-bottom-right:0px;--awb-border-radius-bottom-left:0px;--awb-flex-wrap:wrap;\" ><div class=\"fusion-builder-row fusion-row fusion-flex-align-items-flex-start fusion-flex-content-wrap\" style=\"max-width:1248px;margin-left: calc(-4% \/ 2 );margin-right: calc(-4% \/ 2 );\"><div class=\"fusion-layout-column fusion_builder_column fusion-builder-column-0 fusion_builder_column_1_1 1_1 fusion-flex-column\" style=\"--awb-bg-size:cover;--awb-width-large:100%;--awb-margin-top-large:0px;--awb-spacing-right-large:1.92%;--awb-margin-bottom-large:20px;--awb-spacing-left-large:1.92%;--awb-width-medium:100%;--awb-order-medium:0;--awb-spacing-right-medium:1.92%;--awb-spacing-left-medium:1.92%;--awb-width-small:100%;--awb-order-small:0;--awb-spacing-right-small:1.92%;--awb-spacing-left-small:1.92%;\"><div class=\"fusion-column-wrapper fusion-column-has-shadow fusion-flex-justify-content-flex-start fusion-content-layout-column\"><div class=\"fusion-text fusion-text-1\"><p><img decoding=\"async\" class=\"alignnone wp-image-2020\" src=\"https:\/\/trachtengau.org\/wordpress\/wp-content\/uploads\/2025\/01\/IMG_8210-1024x683.jpg\" alt=\"\" width=\"502\" height=\"335\" srcset=\"https:\/\/trachtengau.org\/wordpress\/wp-content\/uploads\/2025\/01\/IMG_8210-200x133.jpg 200w, https:\/\/trachtengau.org\/wordpress\/wp-content\/uploads\/2025\/01\/IMG_8210-300x200.jpg 300w, https:\/\/trachtengau.org\/wordpress\/wp-content\/uploads\/2025\/01\/IMG_8210-400x267.jpg 400w, https:\/\/trachtengau.org\/wordpress\/wp-content\/uploads\/2025\/01\/IMG_8210-600x400.jpg 600w, https:\/\/trachtengau.org\/wordpress\/wp-content\/uploads\/2025\/01\/IMG_8210-768x512.jpg 768w, https:\/\/trachtengau.org\/wordpress\/wp-content\/uploads\/2025\/01\/IMG_8210-800x533.jpg 800w, https:\/\/trachtengau.org\/wordpress\/wp-content\/uploads\/2025\/01\/IMG_8210-1024x683.jpg 1024w, https:\/\/trachtengau.org\/wordpress\/wp-content\/uploads\/2025\/01\/IMG_8210-1200x800.jpg 1200w, https:\/\/trachtengau.org\/wordpress\/wp-content\/uploads\/2025\/01\/IMG_8210-1536x1024.jpg 1536w\" sizes=\"(max-width: 502px) 100vw, 502px\" \/> <img decoding=\"async\" class=\"alignnone wp-image-2021\" src=\"https:\/\/trachtengau.org\/wordpress\/wp-content\/uploads\/2025\/01\/IMG_8216-1024x683.jpg\" alt=\"\" width=\"500\" height=\"333\" srcset=\"https:\/\/trachtengau.org\/wordpress\/wp-content\/uploads\/2025\/01\/IMG_8216-200x133.jpg 200w, https:\/\/trachtengau.org\/wordpress\/wp-content\/uploads\/2025\/01\/IMG_8216-300x200.jpg 300w, https:\/\/trachtengau.org\/wordpress\/wp-content\/uploads\/2025\/01\/IMG_8216-400x267.jpg 400w, https:\/\/trachtengau.org\/wordpress\/wp-content\/uploads\/2025\/01\/IMG_8216-600x400.jpg 600w, https:\/\/trachtengau.org\/wordpress\/wp-content\/uploads\/2025\/01\/IMG_8216-768x512.jpg 768w, https:\/\/trachtengau.org\/wordpress\/wp-content\/uploads\/2025\/01\/IMG_8216-800x533.jpg 800w, https:\/\/trachtengau.org\/wordpress\/wp-content\/uploads\/2025\/01\/IMG_8216-1024x683.jpg 1024w, https:\/\/trachtengau.org\/wordpress\/wp-content\/uploads\/2025\/01\/IMG_8216-1200x800.jpg 1200w, https:\/\/trachtengau.org\/wordpress\/wp-content\/uploads\/2025\/01\/IMG_8216-1536x1024.jpg 1536w\" sizes=\"(max-width: 500px) 100vw, 500px\" \/><\/p>\n<p style=\"text-align: center;\"><strong><u>Ehrenzeichen in Gold f\u00fcr Peter Betz<\/u><\/strong><\/p>\n<p>Im Rahmen der Vereinsweihnachtsfeier hatten drei Vertreterinnen der Gauvorstandschaft die Ehre, einen ganz besonderen Menschen zu w\u00fcrdigen, der sich \u00fcber viele Jahre hinweg mit gro\u00dfem Einsatz und viel Herzblut f\u00fcr unseren Trachtengau eingesetzt hat.<\/p>\n<p>Peter Betz, der 10 Jahre lang das Amt des Pressewarts ausf\u00fcllte und uns bereits lange Zeit zuvor schon immer mit seiner Kamera begleitet hat, wurde mit dem Ehrenzeichen in Gold f\u00fcr treue Verdienste ausgezeichnet!<\/p>\n<p>Seine Leidenschaft f\u00fcr die Fotografie hat unz\u00e4hlige Erinnerungen festgehalten, die wir alle in unseren Herzen tragen. Er versteht es, die besonderen Momente einzufangen und sie f\u00fcr die Nachwelt zu bewahren. Seine Bilder erz\u00e4hlen Geschichten und lassen uns die Freude und den Zusammenhalt in unserem Gau immer wieder neu erleben.<\/p>\n<p>Im Sachausschuss Presse- und \u00d6ffentlichkeitsarbeit war er eine \u00e4u\u00dferst gesch\u00e4tzte Person. Seine Ideen und sein kreativer Input haben dazu beigetragen, unsere Botschaften klar und ansprechend zu kommunizieren. Er hat stets ein offenes Ohr f\u00fcr die Anliegen anderer gehabt und war bereit, Zeit und Energie zu investieren, um die Gemeinschaft zu st\u00e4rken.<\/p>\n<p>Besonders zu erw\u00e4hnen ist seine wertvolle Mitwirkung beim 100-j\u00e4hrigen Jubil\u00e4um unseres Trachtengaues im Jahr 2012 sowie bei der Landestagung 2018. Seine Ideen und sein Engagement haben diese Veranstaltungen zu etwas ganz Besonderem gemacht.<\/p>\n<p>Au\u00dferdem konnte man immer auf ihn z\u00e4hlen, wenn es darum ging, mit der Gaustandarte auszur\u00fccken.<\/p>\n<p>Sein unerm\u00fcdlicher Einsatz und seine positive Einstellung sind ein Vorbild f\u00fcr uns alle. Nicht nur seine Zeit, sondern auch sein Herz hat er in unsere Gemeinschaft eingebracht. Daf\u00fcr danken wir von ganzem Herzen!<\/p>\n<p>Im Namen der gesamten Gauvorstandschaft und des Gauausschusses gratulieren wir und freuen uns auf viele weitere Jahre der Zusammenarbeit. M\u00f6ge dein Engagement weiterhin so strahlend bleiben wie die Bilder, die du f\u00fcr uns festh\u00e4ltst.<\/p>\n<p>Caroline Hupfauer<\/p>\n<\/div><\/div><\/div><\/div><\/div>\n","protected":false},"excerpt":{"rendered":"","protected":false},"author":2,"featured_media":0,"parent":0,"menu_order":0,"comment_status":"closed","ping_status":"closed","template":"","meta":{"footnotes":""},"class_list":["post-2019","page","type-page","status-publish","hentry"],"yoast_head":"<!-- This site is optimized with the Yoast SEO plugin v21.7 - https:\/\/yoast.com\/wordpress\/plugins\/seo\/ -->\n<title>Ehrung f\u00fcr Peter Betz - Trachtengau M\u00fcnchen und Umgebung<\/title>\n<meta name=\"robots\" content=\"index, follow, max-snippet:-1, max-image-preview:large, max-video-preview:-1\" \/>\n<link rel=\"canonical\" href=\"https:\/\/trachtengau.org\/wordpress\/ehrung-fuer-peter-betz\/\" \/>\n<meta property=\"og:locale\" content=\"de_DE\" \/>\n<meta property=\"og:type\" content=\"article\" \/>\n<meta property=\"og:title\" content=\"Ehrung f\u00fcr Peter Betz - Trachtengau M\u00fcnchen und Umgebung\" \/>\n<meta property=\"og:url\" content=\"https:\/\/trachtengau.org\/wordpress\/ehrung-fuer-peter-betz\/\" \/>\n<meta property=\"og:site_name\" content=\"Trachtengau M\u00fcnchen und Umgebung\" \/>\n<meta property=\"article:modified_time\" content=\"2025-01-24T16:47:36+00:00\" \/>\n<meta property=\"og:image\" content=\"https:\/\/trachtengau.org\/wordpress\/wp-content\/uploads\/2025\/01\/IMG_8210-1024x683.jpg\" \/>\n<meta name=\"twitter:card\" content=\"summary_large_image\" \/>\n<meta name=\"twitter:label1\" content=\"Gesch\u00e4tzte Lesezeit\" \/>\n\t<meta name=\"twitter:data1\" content=\"3\u00a0Minuten\" \/>\n<script type=\"application\/ld+json\" class=\"yoast-schema-graph\">{\"@context\":\"https:\/\/schema.org\",\"@graph\":[{\"@type\":\"WebPage\",\"@id\":\"https:\/\/trachtengau.org\/wordpress\/ehrung-fuer-peter-betz\/\",\"url\":\"https:\/\/trachtengau.org\/wordpress\/ehrung-fuer-peter-betz\/\",\"name\":\"Ehrung f\u00fcr Peter Betz - Trachtengau M\u00fcnchen und Umgebung\",\"isPartOf\":{\"@id\":\"https:\/\/trachtengau.org\/wordpress\/#website\"},\"datePublished\":\"2025-01-24T16:44:39+00:00\",\"dateModified\":\"2025-01-24T16:47:36+00:00\",\"breadcrumb\":{\"@id\":\"https:\/\/trachtengau.org\/wordpress\/ehrung-fuer-peter-betz\/#breadcrumb\"},\"inLanguage\":\"de\",\"potentialAction\":[{\"@type\":\"ReadAction\",\"target\":[\"https:\/\/trachtengau.org\/wordpress\/ehrung-fuer-peter-betz\/\"]}]},{\"@type\":\"BreadcrumbList\",\"@id\":\"https:\/\/trachtengau.org\/wordpress\/ehrung-fuer-peter-betz\/#breadcrumb\",\"itemListElement\":[{\"@type\":\"ListItem\",\"position\":1,\"name\":\"Startseite\",\"item\":\"https:\/\/trachtengau.org\/wordpress\/\"},{\"@type\":\"ListItem\",\"position\":2,\"name\":\"Ehrung f\u00fcr Peter Betz\"}]},{\"@type\":\"WebSite\",\"@id\":\"https:\/\/trachtengau.org\/wordpress\/#website\",\"url\":\"https:\/\/trachtengau.org\/wordpress\/\",\"name\":\"Trachtengau M\u00fcnchen und Umgebung\",\"description\":\"\",\"potentialAction\":[{\"@type\":\"SearchAction\",\"target\":{\"@type\":\"EntryPoint\",\"urlTemplate\":\"https:\/\/trachtengau.org\/wordpress\/?s={search_term_string}\"},\"query-input\":\"required name=search_term_string\"}],\"inLanguage\":\"de\"}]}<\/script>\n<!-- \/ Yoast SEO plugin. -->","yoast_head_json":{"title":"Ehrung f\u00fcr Peter Betz - Trachtengau M\u00fcnchen und Umgebung","robots":{"index":"index","follow":"follow","max-snippet":"max-snippet:-1","max-image-preview":"max-image-preview:large","max-video-preview":"max-video-preview:-1"},"canonical":"https:\/\/trachtengau.org\/wordpress\/ehrung-fuer-peter-betz\/","og_locale":"de_DE","og_type":"article","og_title":"Ehrung f\u00fcr Peter Betz - Trachtengau M\u00fcnchen und Umgebung","og_url":"https:\/\/trachtengau.org\/wordpress\/ehrung-fuer-peter-betz\/","og_site_name":"Trachtengau M\u00fcnchen und Umgebung","article_modified_time":"2025-01-24T16:47:36+00:00","og_image":[{"url":"https:\/\/trachtengau.org\/wordpress\/wp-content\/uploads\/2025\/01\/IMG_8210-1024x683.jpg"}],"twitter_card":"summary_large_image","twitter_misc":{"Gesch\u00e4tzte Lesezeit":"3\u00a0Minuten"},"schema":{"@context":"https:\/\/schema.org","@graph":[{"@type":"WebPage","@id":"https:\/\/trachtengau.org\/wordpress\/ehrung-fuer-peter-betz\/","url":"https:\/\/trachtengau.org\/wordpress\/ehrung-fuer-peter-betz\/","name":"Ehrung f\u00fcr Peter Betz - Trachtengau M\u00fcnchen und Umgebung","isPartOf":{"@id":"https:\/\/trachtengau.org\/wordpress\/#website"},"datePublished":"2025-01-24T16:44:39+00:00","dateModified":"2025-01-24T16:47:36+00:00","breadcrumb":{"@id":"https:\/\/trachtengau.org\/wordpress\/ehrung-fuer-peter-betz\/#breadcrumb"},"inLanguage":"de","potentialAction":[{"@type":"ReadAction","target":["https:\/\/trachtengau.org\/wordpress\/ehrung-fuer-peter-betz\/"]}]},{"@type":"BreadcrumbList","@id":"https:\/\/trachtengau.org\/wordpress\/ehrung-fuer-peter-betz\/#breadcrumb","itemListElement":[{"@type":"ListItem","position":1,"name":"Startseite","item":"https:\/\/trachtengau.org\/wordpress\/"},{"@type":"ListItem","position":2,"name":"Ehrung f\u00fcr Peter Betz"}]},{"@type":"WebSite","@id":"https:\/\/trachtengau.org\/wordpress\/#website","url":"https:\/\/trachtengau.org\/wordpress\/","name":"Trachtengau M\u00fcnchen und Umgebung","description":"","potentialAction":[{"@type":"SearchAction","target":{"@type":"EntryPoint","urlTemplate":"https:\/\/trachtengau.org\/wordpress\/?s={search_term_string}"},"query-input":"required name=search_term_string"}],"inLanguage":"de"}]}},"_links":{"self":[{"href":"https:\/\/trachtengau.org\/wordpress\/wp-json\/wp\/v2\/pages\/2019","targetHints":{"allow":["GET"]}}],"collection":[{"href":"https:\/\/trachtengau.org\/wordpress\/wp-json\/wp\/v2\/pages"}],"about":[{"href":"https:\/\/trachtengau.org\/wordpress\/wp-json\/wp\/v2\/types\/page"}],"author":[{"embeddable":true,"href":"https:\/\/trachtengau.org\/wordpress\/wp-json\/wp\/v2\/users\/2"}],"replies":[{"embeddable":true,"href":"https:\/\/trachtengau.org\/wordpress\/wp-json\/wp\/v2\/comments?post=2019"}],"version-history":[{"count":2,"href":"https:\/\/trachtengau.org\/wordpress\/wp-json\/wp\/v2\/pages\/2019\/revisions"}],"predecessor-version":[{"id":2024,"href":"https:\/\/trachtengau.org\/wordpress\/wp-json\/wp\/v2\/pages\/2019\/revisions\/2024"}],"wp:attachment":[{"href":"https:\/\/trachtengau.org\/wordpress\/wp-json\/wp\/v2\/media?parent=2019"}],"curies":[{"name":"wp","href":"https:\/\/api.w.org\/{rel}","templated":true}]}}