{"id":181,"date":"2021-09-12T16:18:15","date_gmt":"2021-09-12T14:18:15","guid":{"rendered":"https:\/\/trachtengau.org\/wordpress\/?page_id=181"},"modified":"2021-11-04T15:27:57","modified_gmt":"2021-11-04T14:27:57","slug":"trachten-im-gau","status":"publish","type":"page","link":"https:\/\/trachtengau.org\/wordpress\/trachten-im-gau\/","title":{"rendered":"Trachten im Gau"},"content":{"rendered":"<p><div class=\"fusion-fullwidth fullwidth-box fusion-builder-row-1 fusion-flex-container nonhundred-percent-fullwidth non-hundred-percent-height-scrolling\" style=\"--awb-border-radius-top-left:0px;--awb-border-radius-top-right:0px;--awb-border-radius-bottom-right:0px;--awb-border-radius-bottom-left:0px;--awb-flex-wrap:wrap;\" ><div class=\"fusion-builder-row fusion-row fusion-flex-align-items-flex-start fusion-flex-content-wrap\" style=\"max-width:1248px;margin-left: calc(-4% \/ 2 );margin-right: calc(-4% \/ 2 );\"><div class=\"fusion-layout-column fusion_builder_column fusion-builder-column-0 fusion_builder_column_1_1 1_1 fusion-flex-column\" style=\"--awb-bg-size:cover;--awb-width-large:100%;--awb-margin-top-large:0px;--awb-spacing-right-large:1.92%;--awb-margin-bottom-large:20px;--awb-spacing-left-large:1.92%;--awb-width-medium:100%;--awb-order-medium:0;--awb-spacing-right-medium:1.92%;--awb-spacing-left-medium:1.92%;--awb-width-small:100%;--awb-order-small:0;--awb-spacing-right-small:1.92%;--awb-spacing-left-small:1.92%;\"><div class=\"fusion-column-wrapper fusion-column-has-shadow fusion-flex-justify-content-flex-start fusion-content-layout-column\"><div class=\"fusion-title title fusion-title-1 fusion-sep-none fusion-title-text fusion-title-size-one\"><h1 class=\"fusion-title-heading title-heading-left\" style=\"margin:0;\">Trachten im Gau<\/h1><\/div><\/div><\/div><\/div><\/div><div class=\"fusion-fullwidth fullwidth-box fusion-builder-row-2 fusion-flex-container nonhundred-percent-fullwidth non-hundred-percent-height-scrolling\" style=\"--awb-border-radius-top-left:0px;--awb-border-radius-top-right:0px;--awb-border-radius-bottom-right:0px;--awb-border-radius-bottom-left:0px;--awb-flex-wrap:wrap;\" ><div class=\"fusion-builder-row fusion-row fusion-flex-align-items-flex-end fusion-flex-content-wrap\" style=\"max-width:1248px;margin-left: calc(-4% \/ 2 );margin-right: calc(-4% \/ 2 );\"><div class=\"fusion-layout-column fusion_builder_column fusion-builder-column-1 fusion_builder_column_1_5 1_5 fusion-flex-column\" style=\"--awb-bg-size:cover;--awb-width-large:20%;--awb-margin-top-large:0px;--awb-spacing-right-large:9.6%;--awb-margin-bottom-large:20px;--awb-spacing-left-large:9.6%;--awb-width-medium:20%;--awb-order-medium:0;--awb-spacing-right-medium:9.6%;--awb-spacing-left-medium:9.6%;--awb-width-small:100%;--awb-order-small:0;--awb-spacing-right-small:1.92%;--awb-spacing-left-small:1.92%;\"><div class=\"fusion-column-wrapper fusion-column-has-shadow fusion-flex-justify-content-flex-start fusion-content-layout-column\"><div class=\"fusion-content-boxes content-boxes columns row fusion-columns-1 fusion-columns-total-1 fusion-content-boxes-1 content-boxes-icon-with-title content-left\" style=\"--awb-hover-accent-color:#000000;--awb-circle-hover-accent-color:#000000;--awb-item-margin-bottom:40px;\" data-animationOffset=\"top-into-view\"><div style=\"--awb-backgroundcolor:rgba(255,255,255,0);\" class=\"fusion-column content-box-column content-box-column content-box-column-1 col-lg-12 col-md-12 col-sm-12 fusion-content-box-hover content-box-column-last content-box-column-last-in-row\"><div class=\"col content-box-wrapper content-wrapper link-area-link-icon content-icon-wrapper-yes icon-hover-animation-fade\" data-animationOffset=\"top-into-view\"><div class=\"fusion-clearfix\"><\/div><div class=\"content-container\">\n<p><img decoding=\"async\" class=\"alignnone wp-image-455\" src=\"https:\/\/trachtengau.org\/wordpress\/wp-content\/uploads\/2021\/09\/Alt-miesbach-2-198x300.jpg\" alt=\"\" width=\"180\" height=\"272\" srcset=\"https:\/\/trachtengau.org\/wordpress\/wp-content\/uploads\/2021\/09\/Alt-miesbach-2-198x300.jpg 198w, https:\/\/trachtengau.org\/wordpress\/wp-content\/uploads\/2021\/09\/Alt-miesbach-2-200x303.jpg 200w, https:\/\/trachtengau.org\/wordpress\/wp-content\/uploads\/2021\/09\/Alt-miesbach-2.jpg 265w\" sizes=\"(max-width: 180px) 100vw, 180px\" \/><\/p>\n<\/div><\/div><\/div><div class=\"fusion-clearfix\"><\/div><\/div><\/div><\/div><div class=\"fusion-layout-column fusion_builder_column fusion-builder-column-2 fusion_builder_column_1_5 1_5 fusion-flex-column\" style=\"--awb-bg-size:cover;--awb-width-large:20%;--awb-margin-top-large:0px;--awb-spacing-right-large:9.6%;--awb-margin-bottom-large:20px;--awb-spacing-left-large:9.6%;--awb-width-medium:20%;--awb-order-medium:0;--awb-spacing-right-medium:9.6%;--awb-spacing-left-medium:9.6%;--awb-width-small:100%;--awb-order-small:0;--awb-spacing-right-small:1.92%;--awb-spacing-left-small:1.92%;\"><div class=\"fusion-column-wrapper fusion-column-has-shadow fusion-flex-justify-content-flex-start fusion-content-layout-column\"><div class=\"fusion-content-boxes content-boxes columns row fusion-columns-1 fusion-columns-total-1 fusion-content-boxes-2 content-boxes-icon-with-title content-left\" style=\"--awb-hover-accent-color:#000000;--awb-circle-hover-accent-color:#000000;--awb-item-margin-bottom:40px;\" data-animationOffset=\"top-into-view\"><div style=\"--awb-backgroundcolor:rgba(255,255,255,0);\" class=\"fusion-column content-box-column content-box-column content-box-column-1 col-lg-12 col-md-12 col-sm-12 fusion-content-box-hover content-box-column-last content-box-column-last-in-row\"><div class=\"col content-box-wrapper content-wrapper link-area-link-icon content-icon-wrapper-yes icon-hover-animation-fade\" data-animationOffset=\"top-into-view\"><div class=\"fusion-clearfix\"><\/div><div class=\"content-container\">\n<p><img decoding=\"async\" class=\"alignnone wp-image-456\" src=\"https:\/\/trachtengau.org\/wordpress\/wp-content\/uploads\/2021\/09\/Ammertaler-199x300.jpg\" alt=\"\" width=\"179\" height=\"270\" srcset=\"https:\/\/trachtengau.org\/wordpress\/wp-content\/uploads\/2021\/09\/Ammertaler-199x300.jpg 199w, https:\/\/trachtengau.org\/wordpress\/wp-content\/uploads\/2021\/09\/Ammertaler-200x302.jpg 200w, https:\/\/trachtengau.org\/wordpress\/wp-content\/uploads\/2021\/09\/Ammertaler.jpg 341w\" sizes=\"(max-width: 179px) 100vw, 179px\" \/><\/p>\n<\/div><\/div><\/div><div class=\"fusion-clearfix\"><\/div><\/div><\/div><\/div><div class=\"fusion-layout-column fusion_builder_column fusion-builder-column-3 fusion_builder_column_1_5 1_5 fusion-flex-column\" style=\"--awb-bg-size:cover;--awb-width-large:20%;--awb-margin-top-large:0px;--awb-spacing-right-large:9.6%;--awb-margin-bottom-large:20px;--awb-spacing-left-large:9.6%;--awb-width-medium:20%;--awb-order-medium:0;--awb-spacing-right-medium:9.6%;--awb-spacing-left-medium:9.6%;--awb-width-small:100%;--awb-order-small:0;--awb-spacing-right-small:1.92%;--awb-spacing-left-small:1.92%;\"><div class=\"fusion-column-wrapper fusion-column-has-shadow fusion-flex-justify-content-flex-start fusion-content-layout-column\"><div class=\"fusion-content-boxes content-boxes columns row fusion-columns-1 fusion-columns-total-1 fusion-content-boxes-3 content-boxes-icon-with-title content-left\" style=\"--awb-hover-accent-color:#000000;--awb-circle-hover-accent-color:#000000;--awb-item-margin-bottom:40px;\" data-animationOffset=\"top-into-view\"><div style=\"--awb-backgroundcolor:rgba(255,255,255,0);\" class=\"fusion-column content-box-column content-box-column content-box-column-1 col-lg-12 col-md-12 col-sm-12 fusion-content-box-hover content-box-column-last content-box-column-last-in-row\"><div class=\"col content-box-wrapper content-wrapper link-area-link-icon content-icon-wrapper-yes icon-hover-animation-fade\" data-animationOffset=\"top-into-view\"><div class=\"fusion-clearfix\"><\/div><div class=\"content-container\">\n<p><img decoding=\"async\" class=\"alignnone wp-image-462\" src=\"https:\/\/trachtengau.org\/wordpress\/wp-content\/uploads\/2021\/09\/RTG-2-209x300.jpg\" alt=\"\" width=\"188\" height=\"270\" srcset=\"https:\/\/trachtengau.org\/wordpress\/wp-content\/uploads\/2021\/09\/RTG-2-200x287.jpg 200w, https:\/\/trachtengau.org\/wordpress\/wp-content\/uploads\/2021\/09\/RTG-2-209x300.jpg 209w, https:\/\/trachtengau.org\/wordpress\/wp-content\/uploads\/2021\/09\/RTG-2.jpg 312w\" sizes=\"(max-width: 188px) 100vw, 188px\" \/><\/p>\n<\/div><\/div><\/div><div class=\"fusion-clearfix\"><\/div><\/div><\/div><\/div><div class=\"fusion-layout-column fusion_builder_column fusion-builder-column-4 fusion_builder_column_1_5 1_5 fusion-flex-column\" style=\"--awb-bg-size:cover;--awb-width-large:20%;--awb-margin-top-large:0px;--awb-spacing-right-large:9.6%;--awb-margin-bottom-large:20px;--awb-spacing-left-large:9.6%;--awb-width-medium:20%;--awb-order-medium:0;--awb-spacing-right-medium:9.6%;--awb-spacing-left-medium:9.6%;--awb-width-small:100%;--awb-order-small:0;--awb-spacing-right-small:1.92%;--awb-spacing-left-small:1.92%;\"><div class=\"fusion-column-wrapper fusion-column-has-shadow fusion-flex-justify-content-flex-start fusion-content-layout-column\"><div class=\"fusion-content-boxes content-boxes columns row fusion-columns-1 fusion-columns-total-1 fusion-content-boxes-4 content-boxes-icon-with-title content-left\" style=\"--awb-hover-accent-color:#000000;--awb-circle-hover-accent-color:#000000;--awb-item-margin-bottom:40px;\" data-animationOffset=\"top-into-view\"><div style=\"--awb-backgroundcolor:rgba(255,255,255,0);\" class=\"fusion-column content-box-column content-box-column content-box-column-1 col-lg-12 col-md-12 col-sm-12 fusion-content-box-hover content-box-column-last content-box-column-last-in-row\"><div class=\"col content-box-wrapper content-wrapper link-area-link-icon content-icon-wrapper-yes icon-hover-animation-fade\" data-animationOffset=\"top-into-view\"><div class=\"fusion-clearfix\"><\/div><div class=\"content-container\">\n<p><img decoding=\"async\" class=\"alignnone wp-image-458\" src=\"https:\/\/trachtengau.org\/wordpress\/wp-content\/uploads\/2021\/09\/Garching-182x300.jpg\" alt=\"\" width=\"164\" height=\"270\" srcset=\"https:\/\/trachtengau.org\/wordpress\/wp-content\/uploads\/2021\/09\/Garching-182x300.jpg 182w, https:\/\/trachtengau.org\/wordpress\/wp-content\/uploads\/2021\/09\/Garching-200x329.jpg 200w, https:\/\/trachtengau.org\/wordpress\/wp-content\/uploads\/2021\/09\/Garching.jpg 268w\" sizes=\"(max-width: 164px) 100vw, 164px\" \/><\/p>\n<\/div><\/div><\/div><div class=\"fusion-clearfix\"><\/div><\/div><\/div><\/div><div class=\"fusion-layout-column fusion_builder_column fusion-builder-column-5 fusion_builder_column_1_5 1_5 fusion-flex-column\" style=\"--awb-bg-size:cover;--awb-width-large:20%;--awb-margin-top-large:0px;--awb-spacing-right-large:9.6%;--awb-margin-bottom-large:20px;--awb-spacing-left-large:9.6%;--awb-width-medium:20%;--awb-order-medium:0;--awb-spacing-right-medium:9.6%;--awb-spacing-left-medium:9.6%;--awb-width-small:100%;--awb-order-small:0;--awb-spacing-right-small:1.92%;--awb-spacing-left-small:1.92%;\"><div class=\"fusion-column-wrapper fusion-column-has-shadow fusion-flex-justify-content-flex-start fusion-content-layout-column\"><div class=\"fusion-content-boxes content-boxes columns row fusion-columns-1 fusion-columns-total-1 fusion-content-boxes-5 content-boxes-icon-with-title content-left\" style=\"--awb-hover-accent-color:#000000;--awb-circle-hover-accent-color:#000000;--awb-item-margin-bottom:40px;\" data-animationOffset=\"top-into-view\"><div style=\"--awb-backgroundcolor:rgba(255,255,255,0);\" class=\"fusion-column content-box-column content-box-column content-box-column-1 col-lg-12 col-md-12 col-sm-12 fusion-content-box-hover content-box-column-last content-box-column-last-in-row\"><div class=\"col content-box-wrapper content-wrapper link-area-link-icon content-icon-wrapper-yes icon-hover-animation-fade\" data-animationOffset=\"top-into-view\"><div class=\"fusion-clearfix\"><\/div><div class=\"content-container\">\n<p><img decoding=\"async\" class=\"\" src=\"https:\/\/trachtengau.org\/wordpress\/wp-content\/uploads\/2021\/09\/Lechler-2.jpg\" width=\"175\" height=\"271\" \/><\/p>\n<\/div><\/div><\/div><div class=\"fusion-clearfix\"><\/div><\/div><\/div><\/div><\/div><\/div><div class=\"fusion-fullwidth fullwidth-box fusion-builder-row-3 fusion-flex-container nonhundred-percent-fullwidth non-hundred-percent-height-scrolling\" style=\"--awb-border-radius-top-left:0px;--awb-border-radius-top-right:0px;--awb-border-radius-bottom-right:0px;--awb-border-radius-bottom-left:0px;--awb-flex-wrap:wrap;\" ><div class=\"fusion-builder-row fusion-row fusion-flex-align-items-flex-end fusion-flex-content-wrap\" style=\"max-width:1248px;margin-left: calc(-4% \/ 2 );margin-right: calc(-4% \/ 2 );\"><div class=\"fusion-layout-column fusion_builder_column fusion-builder-column-6 fusion_builder_column_1_1 1_1 fusion-flex-column\" style=\"--awb-bg-size:cover;--awb-width-large:100%;--awb-margin-top-large:0px;--awb-spacing-right-large:1.92%;--awb-margin-bottom-large:20px;--awb-spacing-left-large:1.92%;--awb-width-medium:100%;--awb-order-medium:0;--awb-spacing-right-medium:1.92%;--awb-spacing-left-medium:1.92%;--awb-width-small:100%;--awb-order-small:0;--awb-spacing-right-small:1.92%;--awb-spacing-left-small:1.92%;\"><div class=\"fusion-column-wrapper fusion-column-has-shadow fusion-flex-justify-content-flex-start fusion-content-layout-column\"><div class=\"fusion-text fusion-text-1\"><p>Der Trachtengau M\u00fcnchen und Umgebung z\u00e4hlt zu den kleineren Gauen innerhalb des Bayerischen Trachtenverbandes, aber zeigt bei den Trachten\u00a0 ein vielseitiges und abwechslungsreiches Bild.<br \/>\nWir unterscheiden zwischen Gebirgstrachten, Historischen Trachten, Schlesischen Trachten und erneuerten Trachten.<br \/>\nDie wohl weltweit bekannteste Gebirgstracht, die Miesbacher Tracht, ist auch im Gau M\u00fcnchen am h\u00e4ufigsten vertreten. Neben der Voll,- und Halbtracht der Frauen und Deandl wird auch das Kirchengewand und der Schalk getragen.<br \/>\nDie Miesbacher Tracht der M\u00e4nner und Buam bleibt bis auf kleine Unterschiede in den jeweiligen Vereinen f\u00fcr alle gleich.<br \/>\nW\u00e4hrend wir bei den Gebirgstrachten den Zeitraum ihrer Entstehung um 1900 haben, k\u00f6nnen wir bei den Historischen Trachten (M\u00fcnchner B\u00fcrgergwand) auf die Zeit um 1800 bis 1840 zur\u00fcckgehen.<br \/>\nSchlesische Trachten, z.B. die Oberschreiberhauer Tracht, sind seit Ende des zweiten Weltkrieges in Bayern beheimatet und werden im Gau M\u00fcnchen gepflegt.<br \/>\nIn den siebziger Jahren des vergangenen Jahrhunderts fanden die bedeutendsten Trachtenerneuerungen statt. Bekannte Namen wie Paul Ernst Rattelm\u00fcller, Dr. Barbara Br\u00fcckner und viele andere waren bestrebt, das gro\u00dfe Interesse an echter Volkskultur, speziell der Trachtenformen, der Bev\u00f6lkerung nahe zu bringen.<br \/>\nDie Tracht ist das Erkennungszeichen eines Trachtenvereins. Daher ist es die Aufgabe eines jeden Vereins, die Echtheit, Sauberkeit und Bodenst\u00e4ndigkeit der jeweiligen Trachtenform zu bewahren.<\/p>\n<p>Eva und Caroline Tomasini<br \/>\nSachausschuss<br \/>\nTrachtenforschung und -pflege<\/p>\n<\/div><div class=\"fusion-text fusion-text-2\" style=\"--awb-text-transform:none;\"><p>Die Beschreibungen der jeweiligen Trachten findet Ihr \u00fcber die Links in den Vereinsnamen.<\/p>\n<ul>\n<li><a href=\"https:\/\/trachtengau.org\/wordpress\/wp-content\/uploads\/2021\/09\/Alt-Miesbach-Trachtenbeschreibung.pdf\" target=\"_blank\" rel=\"noopener\">Alt Miesbach M\u00fcnchen<\/a><\/li>\n<li><a href=\"https:\/\/trachtengau.org\/wordpress\/wp-content\/uploads\/2021\/09\/Ammertaler-Trachtenbeschreibung.pdf\" target=\"_blank\" rel=\"noopener\">D`Ammertaler Ottendichl<\/a><\/li>\n<li><a href=\"https:\/\/trachtengau.org\/wordpress\/vogtareuth-trachtenbeschreibung\/\" target=\"_blank\" rel=\"noopener\">D&#8216; Lindbergler Vogtareuth<\/a><\/li>\n<li><a href=\"https:\/\/trachtengau.org\/wordpress\/roaga-buam-trachtenbeschreibung\/\" target=\"_blank\" rel=\"noopener\">D&#8216; Roaga Buam Ismaning<\/a><\/li>\n<li><a href=\"https:\/\/trachtengau.org\/wordpress\/schloesslbergler-trachtenbeschreibung\/\" target=\"_blank\" rel=\"noopener\">D&#8216; Schl\u00f6\u00dflbergler Anzing<\/a><\/li>\n<li><a href=\"https:\/\/trachtengau.org\/wordpress\/d-untersberger-muenchen-neu\/\" target=\"_blank\" rel=\"noopener\">D&#8216; Untersberger M\u00fcnchen<\/a><\/li>\n<li><a href=\"https:\/\/trachtengau.org\/wordpress\/unterfoehring-trachtenbeschreibung\/\" target=\"_blank\" rel=\"noopener\">Edelwei\u00df Unterf\u00f6hring<\/a><\/li>\n<li><a href=\"https:\/\/trachtengau.org\/wordpress\/garching-trachtenbeschreibung\/\" target=\"_blank\" rel=\"noopener\">Heimatverein Garching<\/a><\/li>\n<li><a href=\"https:\/\/trachtengau.org\/wordpress\/lechler-trachtenbeschreibung\/\" target=\"_blank\" rel=\"noopener\">Lechler M\u00fcnchen<\/a><\/li>\n<li><a href=\"https:\/\/trachtengau.org\/wordpress\/rtg-trachtenbeschreibung\/\" target=\"_blank\" rel=\"noopener\">Riesengebirgs-Trachtengruppe M\u00fcnchen<\/a><\/li>\n<\/ul>\n<\/div><\/div><\/div><div class=\"fusion-layout-column fusion_builder_column fusion-builder-column-7 fusion_builder_column_1_5 1_5 fusion-flex-column\" style=\"--awb-bg-size:cover;--awb-width-large:20%;--awb-margin-top-large:0px;--awb-spacing-right-large:9.6%;--awb-margin-bottom-large:20px;--awb-spacing-left-large:9.6%;--awb-width-medium:20%;--awb-order-medium:0;--awb-spacing-right-medium:9.6%;--awb-spacing-left-medium:9.6%;--awb-width-small:100%;--awb-order-small:0;--awb-spacing-right-small:1.92%;--awb-spacing-left-small:1.92%;\"><div class=\"fusion-column-wrapper fusion-column-has-shadow fusion-flex-justify-content-flex-start fusion-content-layout-column\"><div class=\"fusion-content-boxes content-boxes columns row fusion-columns-1 fusion-columns-total-1 fusion-content-boxes-6 content-boxes-icon-with-title content-left\" style=\"--awb-hover-accent-color:#000000;--awb-circle-hover-accent-color:#000000;--awb-item-margin-bottom:40px;\" data-animationOffset=\"top-into-view\"><div style=\"--awb-backgroundcolor:rgba(255,255,255,0);\" class=\"fusion-column content-box-column content-box-column content-box-column-1 col-lg-12 col-md-12 col-sm-12 fusion-content-box-hover content-box-column-last content-box-column-last-in-row\"><div class=\"col content-box-wrapper content-wrapper link-area-link-icon content-icon-wrapper-yes icon-hover-animation-fade\" data-animationOffset=\"top-into-view\"><div class=\"fusion-clearfix\"><\/div><div class=\"content-container\">\n<p><img decoding=\"async\" class=\"alignnone wp-image-460\" src=\"https:\/\/trachtengau.org\/wordpress\/wp-content\/uploads\/2021\/09\/Lindbergler-185x300.jpg\" alt=\"\" width=\"166\" height=\"269\" srcset=\"https:\/\/trachtengau.org\/wordpress\/wp-content\/uploads\/2021\/09\/Lindbergler-185x300.jpg 185w, https:\/\/trachtengau.org\/wordpress\/wp-content\/uploads\/2021\/09\/Lindbergler-200x324.jpg 200w, https:\/\/trachtengau.org\/wordpress\/wp-content\/uploads\/2021\/09\/Lindbergler-400x649.jpg 400w, https:\/\/trachtengau.org\/wordpress\/wp-content\/uploads\/2021\/09\/Lindbergler.jpg 547w\" sizes=\"(max-width: 166px) 100vw, 166px\" \/><\/p>\n<\/div><\/div><\/div><div class=\"fusion-clearfix\"><\/div><\/div><\/div><\/div><div class=\"fusion-layout-column fusion_builder_column fusion-builder-column-8 fusion_builder_column_1_5 1_5 fusion-flex-column\" style=\"--awb-bg-size:cover;--awb-width-large:20%;--awb-margin-top-large:0px;--awb-spacing-right-large:9.6%;--awb-margin-bottom-large:20px;--awb-spacing-left-large:9.6%;--awb-width-medium:20%;--awb-order-medium:0;--awb-spacing-right-medium:9.6%;--awb-spacing-left-medium:9.6%;--awb-width-small:100%;--awb-order-small:0;--awb-spacing-right-small:1.92%;--awb-spacing-left-small:1.92%;\"><div class=\"fusion-column-wrapper fusion-column-has-shadow fusion-flex-justify-content-flex-start fusion-content-layout-column\"><div class=\"fusion-content-boxes content-boxes columns row fusion-columns-1 fusion-columns-total-1 fusion-content-boxes-7 content-boxes-icon-with-title content-left\" style=\"--awb-hover-accent-color:#000000;--awb-circle-hover-accent-color:#000000;--awb-item-margin-bottom:40px;\" data-animationOffset=\"top-into-view\"><div style=\"--awb-backgroundcolor:rgba(255,255,255,0);\" class=\"fusion-column content-box-column content-box-column content-box-column-1 col-lg-12 col-md-12 col-sm-12 fusion-content-box-hover content-box-column-last content-box-column-last-in-row\"><div class=\"col content-box-wrapper content-wrapper link-area-link-icon content-icon-wrapper-yes icon-hover-animation-fade\" data-animationOffset=\"top-into-view\"><div class=\"fusion-clearfix\"><\/div><div class=\"content-container\">\n<p><img decoding=\"async\" class=\"alignnone wp-image-461\" src=\"https:\/\/trachtengau.org\/wordpress\/wp-content\/uploads\/2021\/09\/Roaga-227x300.jpg\" alt=\"\" width=\"204\" height=\"269\" srcset=\"https:\/\/trachtengau.org\/wordpress\/wp-content\/uploads\/2021\/09\/Roaga-200x265.jpg 200w, https:\/\/trachtengau.org\/wordpress\/wp-content\/uploads\/2021\/09\/Roaga-227x300.jpg 227w, https:\/\/trachtengau.org\/wordpress\/wp-content\/uploads\/2021\/09\/Roaga.jpg 350w\" sizes=\"(max-width: 204px) 100vw, 204px\" \/><\/p>\n<\/div><\/div><\/div><div class=\"fusion-clearfix\"><\/div><\/div><\/div><\/div><div class=\"fusion-layout-column fusion_builder_column fusion-builder-column-9 fusion_builder_column_1_5 1_5 fusion-flex-column\" style=\"--awb-bg-size:cover;--awb-width-large:20%;--awb-margin-top-large:0px;--awb-spacing-right-large:9.6%;--awb-margin-bottom-large:20px;--awb-spacing-left-large:9.6%;--awb-width-medium:20%;--awb-order-medium:0;--awb-spacing-right-medium:9.6%;--awb-spacing-left-medium:9.6%;--awb-width-small:100%;--awb-order-small:0;--awb-spacing-right-small:1.92%;--awb-spacing-left-small:1.92%;\"><div class=\"fusion-column-wrapper fusion-column-has-shadow fusion-flex-justify-content-flex-start fusion-content-layout-column\"><div class=\"fusion-content-boxes content-boxes columns row fusion-columns-1 fusion-columns-total-1 fusion-content-boxes-8 content-boxes-icon-with-title content-left\" style=\"--awb-hover-accent-color:#000000;--awb-circle-hover-accent-color:#000000;--awb-item-margin-bottom:40px;\" data-animationOffset=\"top-into-view\"><div style=\"--awb-backgroundcolor:rgba(255,255,255,0);\" class=\"fusion-column content-box-column content-box-column content-box-column-1 col-lg-12 col-md-12 col-sm-12 fusion-content-box-hover content-box-column-last content-box-column-last-in-row\"><div class=\"col content-box-wrapper content-wrapper link-area-link-icon content-icon-wrapper-yes icon-hover-animation-fade\" data-animationOffset=\"top-into-view\"><div class=\"fusion-clearfix\"><\/div><div class=\"content-container\">\n<p><img decoding=\"async\" class=\"alignnone wp-image-457\" src=\"https:\/\/trachtengau.org\/wordpress\/wp-content\/uploads\/2021\/09\/Anzing-1-225x300.jpg\" alt=\"\" width=\"202\" height=\"270\" srcset=\"https:\/\/trachtengau.org\/wordpress\/wp-content\/uploads\/2021\/09\/Anzing-1-200x267.jpg 200w, https:\/\/trachtengau.org\/wordpress\/wp-content\/uploads\/2021\/09\/Anzing-1-225x300.jpg 225w, https:\/\/trachtengau.org\/wordpress\/wp-content\/uploads\/2021\/09\/Anzing-1-400x533.jpg 400w, https:\/\/trachtengau.org\/wordpress\/wp-content\/uploads\/2021\/09\/Anzing-1.jpg 600w\" sizes=\"(max-width: 202px) 100vw, 202px\" \/><\/p>\n<\/div><\/div><\/div><div class=\"fusion-clearfix\"><\/div><\/div><\/div><\/div><div class=\"fusion-layout-column fusion_builder_column fusion-builder-column-10 fusion_builder_column_1_5 1_5 fusion-flex-column\" style=\"--awb-bg-size:cover;--awb-width-large:20%;--awb-margin-top-large:0px;--awb-spacing-right-large:9.6%;--awb-margin-bottom-large:20px;--awb-spacing-left-large:9.6%;--awb-width-medium:20%;--awb-order-medium:0;--awb-spacing-right-medium:9.6%;--awb-spacing-left-medium:9.6%;--awb-width-small:100%;--awb-order-small:0;--awb-spacing-right-small:1.92%;--awb-spacing-left-small:1.92%;\"><div class=\"fusion-column-wrapper fusion-column-has-shadow fusion-flex-justify-content-flex-start fusion-content-layout-column\"><div class=\"fusion-content-boxes content-boxes columns row fusion-columns-1 fusion-columns-total-1 fusion-content-boxes-9 content-boxes-icon-with-title content-left\" style=\"--awb-hover-accent-color:#000000;--awb-circle-hover-accent-color:#000000;--awb-item-margin-bottom:40px;\" data-animationOffset=\"top-into-view\"><div style=\"--awb-backgroundcolor:rgba(255,255,255,0);\" class=\"fusion-column content-box-column content-box-column content-box-column-1 col-lg-12 col-md-12 col-sm-12 fusion-content-box-hover content-box-column-last content-box-column-last-in-row\"><div class=\"col content-box-wrapper content-wrapper link-area-link-icon content-icon-wrapper-yes icon-hover-animation-fade\" data-animationOffset=\"top-into-view\"><div class=\"fusion-clearfix\"><\/div><div class=\"content-container\">\n<p><img decoding=\"async\" class=\"alignnone wp-image-463\" src=\"https:\/\/trachtengau.org\/wordpress\/wp-content\/uploads\/2021\/09\/Unterfoehring-218x300.jpg\" alt=\"\" width=\"196\" height=\"270\" srcset=\"https:\/\/trachtengau.org\/wordpress\/wp-content\/uploads\/2021\/09\/Unterfoehring-200x275.jpg 200w, https:\/\/trachtengau.org\/wordpress\/wp-content\/uploads\/2021\/09\/Unterfoehring-218x300.jpg 218w, https:\/\/trachtengau.org\/wordpress\/wp-content\/uploads\/2021\/09\/Unterfoehring.jpg 328w\" sizes=\"(max-width: 196px) 100vw, 196px\" \/><\/p>\n<\/div><\/div><\/div><div class=\"fusion-clearfix\"><\/div><\/div><\/div><\/div><div class=\"fusion-layout-column fusion_builder_column fusion-builder-column-11 fusion_builder_column_1_5 1_5 fusion-flex-column\" style=\"--awb-bg-size:cover;--awb-width-large:20%;--awb-margin-top-large:0px;--awb-spacing-right-large:9.6%;--awb-margin-bottom-large:20px;--awb-spacing-left-large:9.6%;--awb-width-medium:20%;--awb-order-medium:0;--awb-spacing-right-medium:9.6%;--awb-spacing-left-medium:9.6%;--awb-width-small:100%;--awb-order-small:0;--awb-spacing-right-small:1.92%;--awb-spacing-left-small:1.92%;\"><div class=\"fusion-column-wrapper fusion-column-has-shadow fusion-flex-justify-content-flex-start fusion-content-layout-column\"><div class=\"fusion-content-boxes content-boxes columns row fusion-columns-1 fusion-columns-total-1 fusion-content-boxes-10 content-boxes-icon-with-title content-left\" style=\"--awb-hover-accent-color:#000000;--awb-circle-hover-accent-color:#000000;--awb-item-margin-bottom:40px;\" data-animationOffset=\"top-into-view\"><div style=\"--awb-backgroundcolor:rgba(255,255,255,0);\" class=\"fusion-column content-box-column content-box-column content-box-column-1 col-lg-12 col-md-12 col-sm-12 fusion-content-box-hover content-box-column-last content-box-column-last-in-row\"><div class=\"col content-box-wrapper content-wrapper link-area-link-icon content-icon-wrapper-yes icon-hover-animation-fade\" data-animationOffset=\"top-into-view\"><div class=\"fusion-clearfix\"><\/div><div class=\"content-container\">\n<p><img decoding=\"async\" class=\"alignnone wp-image-1219\" src=\"https:\/\/trachtengau.org\/wordpress\/wp-content\/uploads\/2021\/11\/IMG_20211015_184055-002-721x1024.jpg\" alt=\"\" width=\"188\" height=\"267\" srcset=\"https:\/\/trachtengau.org\/wordpress\/wp-content\/uploads\/2021\/11\/IMG_20211015_184055-002-200x284.jpg 200w, https:\/\/trachtengau.org\/wordpress\/wp-content\/uploads\/2021\/11\/IMG_20211015_184055-002-211x300.jpg 211w, https:\/\/trachtengau.org\/wordpress\/wp-content\/uploads\/2021\/11\/IMG_20211015_184055-002-400x568.jpg 400w, https:\/\/trachtengau.org\/wordpress\/wp-content\/uploads\/2021\/11\/IMG_20211015_184055-002-600x853.jpg 600w, https:\/\/trachtengau.org\/wordpress\/wp-content\/uploads\/2021\/11\/IMG_20211015_184055-002-721x1024.jpg 721w, https:\/\/trachtengau.org\/wordpress\/wp-content\/uploads\/2021\/11\/IMG_20211015_184055-002-768x1091.jpg 768w, https:\/\/trachtengau.org\/wordpress\/wp-content\/uploads\/2021\/11\/IMG_20211015_184055-002-800x1137.jpg 800w, https:\/\/trachtengau.org\/wordpress\/wp-content\/uploads\/2021\/11\/IMG_20211015_184055-002-1081x1536.jpg 1081w, https:\/\/trachtengau.org\/wordpress\/wp-content\/uploads\/2021\/11\/IMG_20211015_184055-002-1200x1705.jpg 1200w, https:\/\/trachtengau.org\/wordpress\/wp-content\/uploads\/2021\/11\/IMG_20211015_184055-002-1441x2048.jpg 1441w, https:\/\/trachtengau.org\/wordpress\/wp-content\/uploads\/2021\/11\/IMG_20211015_184055-002-scaled.jpg 1801w\" sizes=\"(max-width: 188px) 100vw, 188px\" \/><\/p>\n<\/div><\/div><\/div><div class=\"fusion-clearfix\"><\/div><\/div><\/div><\/div><\/div><\/div><\/p>\n","protected":false},"excerpt":{"rendered":"","protected":false},"author":1,"featured_media":0,"parent":0,"menu_order":0,"comment_status":"closed","ping_status":"closed","template":"","meta":{"footnotes":""},"class_list":["post-181","page","type-page","status-publish","hentry"],"yoast_head":"<!-- This site is optimized with the Yoast SEO plugin v21.7 - https:\/\/yoast.com\/wordpress\/plugins\/seo\/ -->\n<title>Trachten im Gau - Trachtengau M\u00fcnchen und Umgebung<\/title>\n<meta name=\"robots\" content=\"index, follow, max-snippet:-1, max-image-preview:large, max-video-preview:-1\" \/>\n<link rel=\"canonical\" href=\"https:\/\/trachtengau.org\/wordpress\/trachten-im-gau\/\" \/>\n<meta property=\"og:locale\" content=\"de_DE\" \/>\n<meta property=\"og:type\" content=\"article\" \/>\n<meta property=\"og:title\" content=\"Trachten im Gau - Trachtengau M\u00fcnchen und Umgebung\" \/>\n<meta property=\"og:url\" content=\"https:\/\/trachtengau.org\/wordpress\/trachten-im-gau\/\" \/>\n<meta property=\"og:site_name\" content=\"Trachtengau M\u00fcnchen und Umgebung\" \/>\n<meta property=\"article:modified_time\" content=\"2021-11-04T14:27:57+00:00\" \/>\n<meta property=\"og:image\" content=\"https:\/\/trachtengau.org\/wordpress\/wp-content\/uploads\/2021\/09\/Alt-miesbach-2-198x300.jpg\" \/>\n<meta name=\"twitter:card\" content=\"summary_large_image\" \/>\n<meta name=\"twitter:label1\" content=\"Gesch\u00e4tzte Lesezeit\" \/>\n\t<meta name=\"twitter:data1\" content=\"15\u00a0Minuten\" \/>\n<script type=\"application\/ld+json\" class=\"yoast-schema-graph\">{\"@context\":\"https:\/\/schema.org\",\"@graph\":[{\"@type\":\"WebPage\",\"@id\":\"https:\/\/trachtengau.org\/wordpress\/trachten-im-gau\/\",\"url\":\"https:\/\/trachtengau.org\/wordpress\/trachten-im-gau\/\",\"name\":\"Trachten im Gau - Trachtengau M\u00fcnchen und Umgebung\",\"isPartOf\":{\"@id\":\"https:\/\/trachtengau.org\/wordpress\/#website\"},\"datePublished\":\"2021-09-12T14:18:15+00:00\",\"dateModified\":\"2021-11-04T14:27:57+00:00\",\"breadcrumb\":{\"@id\":\"https:\/\/trachtengau.org\/wordpress\/trachten-im-gau\/#breadcrumb\"},\"inLanguage\":\"de\",\"potentialAction\":[{\"@type\":\"ReadAction\",\"target\":[\"https:\/\/trachtengau.org\/wordpress\/trachten-im-gau\/\"]}]},{\"@type\":\"BreadcrumbList\",\"@id\":\"https:\/\/trachtengau.org\/wordpress\/trachten-im-gau\/#breadcrumb\",\"itemListElement\":[{\"@type\":\"ListItem\",\"position\":1,\"name\":\"Startseite\",\"item\":\"https:\/\/trachtengau.org\/wordpress\/\"},{\"@type\":\"ListItem\",\"position\":2,\"name\":\"Trachten im Gau\"}]},{\"@type\":\"WebSite\",\"@id\":\"https:\/\/trachtengau.org\/wordpress\/#website\",\"url\":\"https:\/\/trachtengau.org\/wordpress\/\",\"name\":\"Trachtengau M\u00fcnchen und Umgebung\",\"description\":\"\",\"potentialAction\":[{\"@type\":\"SearchAction\",\"target\":{\"@type\":\"EntryPoint\",\"urlTemplate\":\"https:\/\/trachtengau.org\/wordpress\/?s={search_term_string}\"},\"query-input\":\"required name=search_term_string\"}],\"inLanguage\":\"de\"}]}<\/script>\n<!-- \/ Yoast SEO plugin. -->","yoast_head_json":{"title":"Trachten im Gau - Trachtengau M\u00fcnchen und Umgebung","robots":{"index":"index","follow":"follow","max-snippet":"max-snippet:-1","max-image-preview":"max-image-preview:large","max-video-preview":"max-video-preview:-1"},"canonical":"https:\/\/trachtengau.org\/wordpress\/trachten-im-gau\/","og_locale":"de_DE","og_type":"article","og_title":"Trachten im Gau - Trachtengau M\u00fcnchen und Umgebung","og_url":"https:\/\/trachtengau.org\/wordpress\/trachten-im-gau\/","og_site_name":"Trachtengau M\u00fcnchen und Umgebung","article_modified_time":"2021-11-04T14:27:57+00:00","og_image":[{"url":"https:\/\/trachtengau.org\/wordpress\/wp-content\/uploads\/2021\/09\/Alt-miesbach-2-198x300.jpg"}],"twitter_card":"summary_large_image","twitter_misc":{"Gesch\u00e4tzte Lesezeit":"15\u00a0Minuten"},"schema":{"@context":"https:\/\/schema.org","@graph":[{"@type":"WebPage","@id":"https:\/\/trachtengau.org\/wordpress\/trachten-im-gau\/","url":"https:\/\/trachtengau.org\/wordpress\/trachten-im-gau\/","name":"Trachten im Gau - Trachtengau M\u00fcnchen und Umgebung","isPartOf":{"@id":"https:\/\/trachtengau.org\/wordpress\/#website"},"datePublished":"2021-09-12T14:18:15+00:00","dateModified":"2021-11-04T14:27:57+00:00","breadcrumb":{"@id":"https:\/\/trachtengau.org\/wordpress\/trachten-im-gau\/#breadcrumb"},"inLanguage":"de","potentialAction":[{"@type":"ReadAction","target":["https:\/\/trachtengau.org\/wordpress\/trachten-im-gau\/"]}]},{"@type":"BreadcrumbList","@id":"https:\/\/trachtengau.org\/wordpress\/trachten-im-gau\/#breadcrumb","itemListElement":[{"@type":"ListItem","position":1,"name":"Startseite","item":"https:\/\/trachtengau.org\/wordpress\/"},{"@type":"ListItem","position":2,"name":"Trachten im Gau"}]},{"@type":"WebSite","@id":"https:\/\/trachtengau.org\/wordpress\/#website","url":"https:\/\/trachtengau.org\/wordpress\/","name":"Trachtengau M\u00fcnchen und Umgebung","description":"","potentialAction":[{"@type":"SearchAction","target":{"@type":"EntryPoint","urlTemplate":"https:\/\/trachtengau.org\/wordpress\/?s={search_term_string}"},"query-input":"required name=search_term_string"}],"inLanguage":"de"}]}},"_links":{"self":[{"href":"https:\/\/trachtengau.org\/wordpress\/wp-json\/wp\/v2\/pages\/181","targetHints":{"allow":["GET"]}}],"collection":[{"href":"https:\/\/trachtengau.org\/wordpress\/wp-json\/wp\/v2\/pages"}],"about":[{"href":"https:\/\/trachtengau.org\/wordpress\/wp-json\/wp\/v2\/types\/page"}],"author":[{"embeddable":true,"href":"https:\/\/trachtengau.org\/wordpress\/wp-json\/wp\/v2\/users\/1"}],"replies":[{"embeddable":true,"href":"https:\/\/trachtengau.org\/wordpress\/wp-json\/wp\/v2\/comments?post=181"}],"version-history":[{"count":45,"href":"https:\/\/trachtengau.org\/wordpress\/wp-json\/wp\/v2\/pages\/181\/revisions"}],"predecessor-version":[{"id":1228,"href":"https:\/\/trachtengau.org\/wordpress\/wp-json\/wp\/v2\/pages\/181\/revisions\/1228"}],"wp:attachment":[{"href":"https:\/\/trachtengau.org\/wordpress\/wp-json\/wp\/v2\/media?parent=181"}],"curies":[{"name":"wp","href":"https:\/\/api.w.org\/{rel}","templated":true}]}}