{"id":1772,"date":"2024-05-21T18:09:39","date_gmt":"2024-05-21T16:09:39","guid":{"rendered":"https:\/\/trachtengau.org\/wordpress\/?page_id=1772"},"modified":"2024-05-21T18:12:58","modified_gmt":"2024-05-21T16:12:58","slug":"gaujugendnachmittag-2024","status":"publish","type":"page","link":"https:\/\/trachtengau.org\/wordpress\/gaujugendnachmittag-2024\/","title":{"rendered":"Gaujugendnachmittag 2024"},"content":{"rendered":"<p><img decoding=\"async\" class=\"wp-image-1773 aligncenter\" src=\"https:\/\/trachtengau.org\/wordpress\/wp-content\/uploads\/2024\/05\/Bild-fuer-HTB-GJT_24-1024x501.jpg\" alt=\"\" width=\"729\" height=\"357\" srcset=\"https:\/\/trachtengau.org\/wordpress\/wp-content\/uploads\/2024\/05\/Bild-fuer-HTB-GJT_24-200x98.jpg 200w, https:\/\/trachtengau.org\/wordpress\/wp-content\/uploads\/2024\/05\/Bild-fuer-HTB-GJT_24-300x147.jpg 300w, https:\/\/trachtengau.org\/wordpress\/wp-content\/uploads\/2024\/05\/Bild-fuer-HTB-GJT_24-400x196.jpg 400w, https:\/\/trachtengau.org\/wordpress\/wp-content\/uploads\/2024\/05\/Bild-fuer-HTB-GJT_24-600x293.jpg 600w, https:\/\/trachtengau.org\/wordpress\/wp-content\/uploads\/2024\/05\/Bild-fuer-HTB-GJT_24-768x376.jpg 768w, https:\/\/trachtengau.org\/wordpress\/wp-content\/uploads\/2024\/05\/Bild-fuer-HTB-GJT_24-800x391.jpg 800w, https:\/\/trachtengau.org\/wordpress\/wp-content\/uploads\/2024\/05\/Bild-fuer-HTB-GJT_24-1024x501.jpg 1024w, https:\/\/trachtengau.org\/wordpress\/wp-content\/uploads\/2024\/05\/Bild-fuer-HTB-GJT_24-1200x587.jpg 1200w, https:\/\/trachtengau.org\/wordpress\/wp-content\/uploads\/2024\/05\/Bild-fuer-HTB-GJT_24-1536x751.jpg 1536w\" sizes=\"(max-width: 729px) 100vw, 729px\" \/><\/p>\n<p>&nbsp;<\/p>\n<p>Der diesj\u00e4hrige letzte Sonntag im April geh\u00f6rte unseren Kindern und Jugendlichen aus dem Trachtengau M\u00fcnchen und Umgebung. Die Gaujugend lud zum Gaujugendnachmittag ins B\u00fcrgerhaus nach Haar ein. Auch in diesem Jahr durften unsere Jugendlichen wieder Werkst\u00e4tten besuchen, wie zum Beispiel Glockenspielen, Volkstanz oder Theater. Auch f\u00fcr die Eltern, Vorst\u00e4nde und G\u00e4ste gab es eine Werkst\u00e4tte.<\/p>\n<p>Um 15:00 Uhr begr\u00fc\u00dfte unsere neue Gaujugendleiterin Petra Seifert die G\u00e4ste, sowie unsere Ehreng\u00e4ste stellv. Landrat Ernst Weidenbusch und den ersten B\u00fcrgermeister von Haar Andreas Bukowski. Nach dem Auftanz war eine kleine Aufregung im Saal zu sp\u00fcren, denn die Jugendlichen zeigten ihr Erlerntes aus den Werkst\u00e4tten. Mit viel Freude wurden die Ergebnisse pr\u00e4sentiert.<\/p>\n<p>Im Laufe des Nachmittags besuchte uns unser Maskottchen Ludwig. Doch er suchte jemanden im Saal und er fand ihn auch, den ersten Vorstand des Trachtenvereins \u00a0D\u2018 Schl\u00f6\u00dflbergler Anzing. Kurzerhand nahm er ihn in den Arm und f\u00fchrte ihn zur Tanzfl\u00e4che. J\u00fcrgen Jantke wurde f\u00fcr seine langj\u00e4hrige T\u00e4tigkeit in der Jugend von der Bayerischen Trachtenjugend mit der golden Ehrennadel ausgezeichnet.<\/p>\n<p>Der Nachmittag verging viel zu schnell und wir freuen uns schon auf das n\u00e4chste Jahr.<\/p>\n<p>&nbsp;<\/p>\n<p>Gaujugendschriftf\u00fchrerin Heike Hardi<\/p>\n","protected":false},"excerpt":{"rendered":"<p>&nbsp; Der diesj\u00e4hrige letzte Sonntag im April geh\u00f6rte unseren Kindern [&hellip;]<\/p>\n","protected":false},"author":2,"featured_media":0,"parent":0,"menu_order":0,"comment_status":"closed","ping_status":"closed","template":"","meta":{"footnotes":""},"class_list":["post-1772","page","type-page","status-publish","hentry"],"yoast_head":"<!-- This site is optimized with the Yoast SEO plugin v21.7 - https:\/\/yoast.com\/wordpress\/plugins\/seo\/ -->\n<title>Gaujugendnachmittag 2024 - Trachtengau M\u00fcnchen und Umgebung<\/title>\n<meta name=\"robots\" content=\"index, follow, max-snippet:-1, max-image-preview:large, max-video-preview:-1\" \/>\n<link rel=\"canonical\" href=\"https:\/\/trachtengau.org\/wordpress\/gaujugendnachmittag-2024\/\" \/>\n<meta property=\"og:locale\" content=\"de_DE\" \/>\n<meta property=\"og:type\" content=\"article\" \/>\n<meta property=\"og:title\" content=\"Gaujugendnachmittag 2024 - Trachtengau M\u00fcnchen und Umgebung\" \/>\n<meta property=\"og:description\" content=\"&nbsp; Der diesj\u00e4hrige letzte Sonntag im April geh\u00f6rte unseren Kindern [&hellip;]\" \/>\n<meta property=\"og:url\" content=\"https:\/\/trachtengau.org\/wordpress\/gaujugendnachmittag-2024\/\" \/>\n<meta property=\"og:site_name\" content=\"Trachtengau M\u00fcnchen und Umgebung\" \/>\n<meta property=\"article:modified_time\" content=\"2024-05-21T16:12:58+00:00\" \/>\n<meta property=\"og:image\" content=\"https:\/\/trachtengau.org\/wordpress\/wp-content\/uploads\/2024\/05\/Bild-fuer-HTB-GJT_24-1024x501.jpg\" \/>\n<meta name=\"twitter:card\" content=\"summary_large_image\" \/>\n<meta name=\"twitter:label1\" content=\"Gesch\u00e4tzte Lesezeit\" \/>\n\t<meta name=\"twitter:data1\" content=\"2\u00a0Minuten\" \/>\n<script type=\"application\/ld+json\" class=\"yoast-schema-graph\">{\"@context\":\"https:\/\/schema.org\",\"@graph\":[{\"@type\":\"WebPage\",\"@id\":\"https:\/\/trachtengau.org\/wordpress\/gaujugendnachmittag-2024\/\",\"url\":\"https:\/\/trachtengau.org\/wordpress\/gaujugendnachmittag-2024\/\",\"name\":\"Gaujugendnachmittag 2024 - Trachtengau M\u00fcnchen und Umgebung\",\"isPartOf\":{\"@id\":\"https:\/\/trachtengau.org\/wordpress\/#website\"},\"datePublished\":\"2024-05-21T16:09:39+00:00\",\"dateModified\":\"2024-05-21T16:12:58+00:00\",\"breadcrumb\":{\"@id\":\"https:\/\/trachtengau.org\/wordpress\/gaujugendnachmittag-2024\/#breadcrumb\"},\"inLanguage\":\"de\",\"potentialAction\":[{\"@type\":\"ReadAction\",\"target\":[\"https:\/\/trachtengau.org\/wordpress\/gaujugendnachmittag-2024\/\"]}]},{\"@type\":\"BreadcrumbList\",\"@id\":\"https:\/\/trachtengau.org\/wordpress\/gaujugendnachmittag-2024\/#breadcrumb\",\"itemListElement\":[{\"@type\":\"ListItem\",\"position\":1,\"name\":\"Startseite\",\"item\":\"https:\/\/trachtengau.org\/wordpress\/\"},{\"@type\":\"ListItem\",\"position\":2,\"name\":\"Gaujugendnachmittag 2024\"}]},{\"@type\":\"WebSite\",\"@id\":\"https:\/\/trachtengau.org\/wordpress\/#website\",\"url\":\"https:\/\/trachtengau.org\/wordpress\/\",\"name\":\"Trachtengau M\u00fcnchen und Umgebung\",\"description\":\"\",\"potentialAction\":[{\"@type\":\"SearchAction\",\"target\":{\"@type\":\"EntryPoint\",\"urlTemplate\":\"https:\/\/trachtengau.org\/wordpress\/?s={search_term_string}\"},\"query-input\":\"required name=search_term_string\"}],\"inLanguage\":\"de\"}]}<\/script>\n<!-- \/ Yoast SEO plugin. -->","yoast_head_json":{"title":"Gaujugendnachmittag 2024 - Trachtengau M\u00fcnchen und Umgebung","robots":{"index":"index","follow":"follow","max-snippet":"max-snippet:-1","max-image-preview":"max-image-preview:large","max-video-preview":"max-video-preview:-1"},"canonical":"https:\/\/trachtengau.org\/wordpress\/gaujugendnachmittag-2024\/","og_locale":"de_DE","og_type":"article","og_title":"Gaujugendnachmittag 2024 - Trachtengau M\u00fcnchen und Umgebung","og_description":"&nbsp; Der diesj\u00e4hrige letzte Sonntag im April geh\u00f6rte unseren Kindern [&hellip;]","og_url":"https:\/\/trachtengau.org\/wordpress\/gaujugendnachmittag-2024\/","og_site_name":"Trachtengau M\u00fcnchen und Umgebung","article_modified_time":"2024-05-21T16:12:58+00:00","og_image":[{"url":"https:\/\/trachtengau.org\/wordpress\/wp-content\/uploads\/2024\/05\/Bild-fuer-HTB-GJT_24-1024x501.jpg"}],"twitter_card":"summary_large_image","twitter_misc":{"Gesch\u00e4tzte Lesezeit":"2\u00a0Minuten"},"schema":{"@context":"https:\/\/schema.org","@graph":[{"@type":"WebPage","@id":"https:\/\/trachtengau.org\/wordpress\/gaujugendnachmittag-2024\/","url":"https:\/\/trachtengau.org\/wordpress\/gaujugendnachmittag-2024\/","name":"Gaujugendnachmittag 2024 - Trachtengau M\u00fcnchen und Umgebung","isPartOf":{"@id":"https:\/\/trachtengau.org\/wordpress\/#website"},"datePublished":"2024-05-21T16:09:39+00:00","dateModified":"2024-05-21T16:12:58+00:00","breadcrumb":{"@id":"https:\/\/trachtengau.org\/wordpress\/gaujugendnachmittag-2024\/#breadcrumb"},"inLanguage":"de","potentialAction":[{"@type":"ReadAction","target":["https:\/\/trachtengau.org\/wordpress\/gaujugendnachmittag-2024\/"]}]},{"@type":"BreadcrumbList","@id":"https:\/\/trachtengau.org\/wordpress\/gaujugendnachmittag-2024\/#breadcrumb","itemListElement":[{"@type":"ListItem","position":1,"name":"Startseite","item":"https:\/\/trachtengau.org\/wordpress\/"},{"@type":"ListItem","position":2,"name":"Gaujugendnachmittag 2024"}]},{"@type":"WebSite","@id":"https:\/\/trachtengau.org\/wordpress\/#website","url":"https:\/\/trachtengau.org\/wordpress\/","name":"Trachtengau M\u00fcnchen und Umgebung","description":"","potentialAction":[{"@type":"SearchAction","target":{"@type":"EntryPoint","urlTemplate":"https:\/\/trachtengau.org\/wordpress\/?s={search_term_string}"},"query-input":"required name=search_term_string"}],"inLanguage":"de"}]}},"_links":{"self":[{"href":"https:\/\/trachtengau.org\/wordpress\/wp-json\/wp\/v2\/pages\/1772","targetHints":{"allow":["GET"]}}],"collection":[{"href":"https:\/\/trachtengau.org\/wordpress\/wp-json\/wp\/v2\/pages"}],"about":[{"href":"https:\/\/trachtengau.org\/wordpress\/wp-json\/wp\/v2\/types\/page"}],"author":[{"embeddable":true,"href":"https:\/\/trachtengau.org\/wordpress\/wp-json\/wp\/v2\/users\/2"}],"replies":[{"embeddable":true,"href":"https:\/\/trachtengau.org\/wordpress\/wp-json\/wp\/v2\/comments?post=1772"}],"version-history":[{"count":2,"href":"https:\/\/trachtengau.org\/wordpress\/wp-json\/wp\/v2\/pages\/1772\/revisions"}],"predecessor-version":[{"id":1776,"href":"https:\/\/trachtengau.org\/wordpress\/wp-json\/wp\/v2\/pages\/1772\/revisions\/1776"}],"wp:attachment":[{"href":"https:\/\/trachtengau.org\/wordpress\/wp-json\/wp\/v2\/media?parent=1772"}],"curies":[{"name":"wp","href":"https:\/\/api.w.org\/{rel}","templated":true}]}}