{"id":130,"date":"2021-09-12T15:24:48","date_gmt":"2021-09-12T13:24:48","guid":{"rendered":"https:\/\/trachtengau.org\/wordpress\/?page_id=130"},"modified":"2021-09-30T19:35:57","modified_gmt":"2021-09-30T17:35:57","slug":"volkstanz-und-plattler","status":"publish","type":"page","link":"https:\/\/trachtengau.org\/wordpress\/volkstanz-und-plattler\/","title":{"rendered":"Volkstanz und Plattler"},"content":{"rendered":"<p><div class=\"fusion-fullwidth fullwidth-box fusion-builder-row-1 fusion-flex-container nonhundred-percent-fullwidth non-hundred-percent-height-scrolling\" style=\"--awb-border-radius-top-left:0px;--awb-border-radius-top-right:0px;--awb-border-radius-bottom-right:0px;--awb-border-radius-bottom-left:0px;--awb-flex-wrap:wrap;\" ><div class=\"fusion-builder-row fusion-row fusion-flex-align-items-flex-start fusion-flex-content-wrap\" style=\"max-width:1248px;margin-left: calc(-4% \/ 2 );margin-right: calc(-4% \/ 2 );\"><div class=\"fusion-layout-column fusion_builder_column fusion-builder-column-0 fusion_builder_column_1_1 1_1 fusion-flex-column\" style=\"--awb-bg-size:cover;--awb-width-large:100%;--awb-margin-top-large:0px;--awb-spacing-right-large:1.92%;--awb-margin-bottom-large:20px;--awb-spacing-left-large:1.92%;--awb-width-medium:100%;--awb-order-medium:0;--awb-spacing-right-medium:1.92%;--awb-spacing-left-medium:1.92%;--awb-width-small:100%;--awb-order-small:0;--awb-spacing-right-small:1.92%;--awb-spacing-left-small:1.92%;\"><div class=\"fusion-column-wrapper fusion-column-has-shadow fusion-flex-justify-content-flex-start fusion-content-layout-column\"><div class=\"fusion-title title fusion-title-1 fusion-sep-none fusion-title-text fusion-title-size-one\"><h1 class=\"fusion-title-heading title-heading-left\" style=\"margin:0;\">Volkstanz und Plattler<\/h1><\/div><\/div><\/div><\/div><\/div><div class=\"fusion-fullwidth fullwidth-box fusion-builder-row-2 fusion-flex-container nonhundred-percent-fullwidth non-hundred-percent-height-scrolling\" style=\"--awb-border-radius-top-left:0px;--awb-border-radius-top-right:0px;--awb-border-radius-bottom-right:0px;--awb-border-radius-bottom-left:0px;--awb-flex-wrap:wrap;\" ><div class=\"fusion-builder-row fusion-row fusion-flex-align-items-flex-start fusion-flex-content-wrap\" style=\"max-width:1248px;margin-left: calc(-4% \/ 2 );margin-right: calc(-4% \/ 2 );\"><div class=\"fusion-layout-column fusion_builder_column fusion-builder-column-1 fusion_builder_column_1_3 1_3 fusion-flex-column\" style=\"--awb-bg-size:cover;--awb-width-large:33.333333333333%;--awb-margin-top-large:0px;--awb-spacing-right-large:5.76%;--awb-margin-bottom-large:20px;--awb-spacing-left-large:5.76%;--awb-width-medium:33.333333333333%;--awb-order-medium:0;--awb-spacing-right-medium:5.76%;--awb-spacing-left-medium:5.76%;--awb-width-small:100%;--awb-order-small:0;--awb-spacing-right-small:1.92%;--awb-spacing-left-small:1.92%;\"><div class=\"fusion-column-wrapper fusion-column-has-shadow fusion-flex-justify-content-flex-start fusion-content-layout-column\"><div class=\"fusion-content-boxes content-boxes columns row fusion-columns-1 fusion-columns-total-1 fusion-content-boxes-1 content-boxes-icon-with-title content-left\" style=\"--awb-hover-accent-color:#000000;--awb-circle-hover-accent-color:#000000;--awb-item-margin-bottom:40px;\" data-animationOffset=\"top-into-view\"><div style=\"--awb-backgroundcolor:rgba(255,255,255,0);\" class=\"fusion-column content-box-column content-box-column content-box-column-1 col-lg-12 col-md-12 col-sm-12 fusion-content-box-hover content-box-column-last content-box-column-last-in-row\"><div class=\"col content-box-wrapper content-wrapper link-area-link-icon content-icon-wrapper-yes icon-hover-animation-fade\" data-animationOffset=\"top-into-view\"><div class=\"fusion-clearfix\"><\/div><div class=\"content-container\">\n<p><img decoding=\"async\" class=\"alignnone size-medium wp-image-380\" src=\"https:\/\/trachtengau.org\/wordpress\/wp-content\/uploads\/2021\/09\/Oide-Wiesn-2-300x205.jpg\" alt=\"\" width=\"300\" height=\"205\" srcset=\"https:\/\/trachtengau.org\/wordpress\/wp-content\/uploads\/2021\/09\/Oide-Wiesn-2-200x137.jpg 200w, https:\/\/trachtengau.org\/wordpress\/wp-content\/uploads\/2021\/09\/Oide-Wiesn-2-300x205.jpg 300w, https:\/\/trachtengau.org\/wordpress\/wp-content\/uploads\/2021\/09\/Oide-Wiesn-2-400x274.jpg 400w, https:\/\/trachtengau.org\/wordpress\/wp-content\/uploads\/2021\/09\/Oide-Wiesn-2-600x411.jpg 600w, https:\/\/trachtengau.org\/wordpress\/wp-content\/uploads\/2021\/09\/Oide-Wiesn-2-768x526.jpg 768w, https:\/\/trachtengau.org\/wordpress\/wp-content\/uploads\/2021\/09\/Oide-Wiesn-2-800x548.jpg 800w, https:\/\/trachtengau.org\/wordpress\/wp-content\/uploads\/2021\/09\/Oide-Wiesn-2.jpg 1018w\" sizes=\"(max-width: 300px) 100vw, 300px\" \/><\/p>\n<p><img decoding=\"async\" class=\"alignnone size-medium wp-image-382\" src=\"https:\/\/trachtengau.org\/wordpress\/wp-content\/uploads\/2021\/09\/Oide-Wiesn-3-300x185.jpg\" alt=\"\" width=\"300\" height=\"185\" srcset=\"https:\/\/trachtengau.org\/wordpress\/wp-content\/uploads\/2021\/09\/Oide-Wiesn-3-200x124.jpg 200w, https:\/\/trachtengau.org\/wordpress\/wp-content\/uploads\/2021\/09\/Oide-Wiesn-3-300x185.jpg 300w, https:\/\/trachtengau.org\/wordpress\/wp-content\/uploads\/2021\/09\/Oide-Wiesn-3-400x247.jpg 400w, https:\/\/trachtengau.org\/wordpress\/wp-content\/uploads\/2021\/09\/Oide-Wiesn-3-600x371.jpg 600w, https:\/\/trachtengau.org\/wordpress\/wp-content\/uploads\/2021\/09\/Oide-Wiesn-3-768x475.jpg 768w, https:\/\/trachtengau.org\/wordpress\/wp-content\/uploads\/2021\/09\/Oide-Wiesn-3-800x495.jpg 800w, https:\/\/trachtengau.org\/wordpress\/wp-content\/uploads\/2021\/09\/Oide-Wiesn-3.jpg 1011w\" sizes=\"(max-width: 300px) 100vw, 300px\" \/><\/p>\n<p><img decoding=\"async\" class=\"alignnone size-medium wp-image-378\" src=\"https:\/\/trachtengau.org\/wordpress\/wp-content\/uploads\/2021\/09\/Oide-Wiesn-1-300x211.jpg\" alt=\"\" width=\"300\" height=\"211\" srcset=\"https:\/\/trachtengau.org\/wordpress\/wp-content\/uploads\/2021\/09\/Oide-Wiesn-1-200x141.jpg 200w, https:\/\/trachtengau.org\/wordpress\/wp-content\/uploads\/2021\/09\/Oide-Wiesn-1-300x211.jpg 300w, https:\/\/trachtengau.org\/wordpress\/wp-content\/uploads\/2021\/09\/Oide-Wiesn-1-400x281.jpg 400w, https:\/\/trachtengau.org\/wordpress\/wp-content\/uploads\/2021\/09\/Oide-Wiesn-1-600x422.jpg 600w, https:\/\/trachtengau.org\/wordpress\/wp-content\/uploads\/2021\/09\/Oide-Wiesn-1-768x540.jpg 768w, https:\/\/trachtengau.org\/wordpress\/wp-content\/uploads\/2021\/09\/Oide-Wiesn-1-800x563.jpg 800w, https:\/\/trachtengau.org\/wordpress\/wp-content\/uploads\/2021\/09\/Oide-Wiesn-1-1024x721.jpg 1024w, https:\/\/trachtengau.org\/wordpress\/wp-content\/uploads\/2021\/09\/Oide-Wiesn-1.jpg 1026w\" sizes=\"(max-width: 300px) 100vw, 300px\" \/><\/p>\n<\/div><\/div><\/div><div class=\"fusion-clearfix\"><\/div><\/div><\/div><\/div><div class=\"fusion-layout-column fusion_builder_column fusion-builder-column-2 fusion_builder_column_2_3 2_3 fusion-flex-column\" style=\"--awb-bg-size:cover;--awb-width-large:66.666666666667%;--awb-margin-top-large:0px;--awb-spacing-right-large:2.88%;--awb-margin-bottom-large:20px;--awb-spacing-left-large:2.88%;--awb-width-medium:66.666666666667%;--awb-order-medium:0;--awb-spacing-right-medium:2.88%;--awb-spacing-left-medium:2.88%;--awb-width-small:100%;--awb-order-small:0;--awb-spacing-right-small:1.92%;--awb-spacing-left-small:1.92%;\"><div class=\"fusion-column-wrapper fusion-column-has-shadow fusion-flex-justify-content-flex-start fusion-content-layout-column\"><div class=\"fusion-text fusion-text-1\"><p>Die Gaugruppe des Trachtengau M\u00fcnchen und Umgebung e.V. besteht aus tanzbegeisterten Volkst\u00e4nzerInnen, Schuhplattlern und Deandln jeden Alters aus allen Vereinen des Gaus. Wir treffen uns regelm\u00e4\u00dfig, vor Corona einmal im Monat, reihum in einem der Vereinsheime, um gemeinsam zu tanzen, zu platteln und auch einfach nur mal zu ratschen und beinander zu sein. Denn bei uns gilt: jeder ist willkommen! Ob jung, ob alt, ob Profi oder Anf\u00e4nger, jeder darf mitmachen und wird herzlich aufgenommen.<\/p>\n<p>Bei Auftritten, wie zum Beispiel auf der Oidn Wiesn, k\u00f6nnen wir dann zeigen, was wir bei den Proben gelernt haben. Dabei steht das akkurate Tanzen genauso im Vordergrund wie der Spa\u00df an der Freude und die Vielfalt, die wir repr\u00e4sentieren. Das Besondere an unserer Gaugruppe ist n\u00e4mlich, dass mindestens drei verschiedene Trachten zusammenkommen. So tragen unsere Mitglieder nicht nur die allseits bekannte bayrische Gebirgstracht mit Lederhosen und Mieder sondern auch das M\u00fcnchner B\u00fcrgergwand und die schlesische Festtagstracht aus dem Riesengebirge. So vielseitig wie unser Erscheinungsbild sind dann auch die Auftritte, die wir gestalten: Schuhplattler, Volkst\u00e4nze aus dem bayrischen sowie aus dem gesamten deutschsprachigen Raum, Glockenspiel und Goa\u00dflschnoizn geh\u00f6ren zu unserem Repertoire.<\/p>\n<p>Alle zwei Jahre messen sich die Deandl und Buam beim Gaupreisplatteln in ihrem K\u00f6nnen sowohl im Einzel als auch in der Gruppe. Die Besten fahren dann zum Bayrischen L\u00f6wen, um wiederum gegen die SiegerInnen aus den anderen Gauen anzutreten.<\/p>\n<p>Neben dem Tanzen darf aber auch das gesellige Beisammensein nicht zu kurz kommen. So haben wir beispielsweise ein z\u00fcnftiges H\u00fcttenwochenende am Wendelstein verbracht, nehmen j\u00e4hrlich am Oide Wiesn B\u00fcrgerball des Festrings teil und auch ein buntes Faschingstreiben bereitet uns immer viel Freude.<\/p>\n<p>Veronika Moll<\/p>\n<\/div><\/div><\/div><\/div><\/div><\/p>\n","protected":false},"excerpt":{"rendered":"","protected":false},"author":1,"featured_media":0,"parent":0,"menu_order":0,"comment_status":"closed","ping_status":"closed","template":"","meta":{"footnotes":""},"class_list":["post-130","page","type-page","status-publish","hentry"],"yoast_head":"<!-- This site is optimized with the Yoast SEO plugin v21.7 - https:\/\/yoast.com\/wordpress\/plugins\/seo\/ -->\n<title>Volkstanz und Plattler - Trachtengau M\u00fcnchen und Umgebung<\/title>\n<meta name=\"robots\" content=\"index, follow, max-snippet:-1, max-image-preview:large, max-video-preview:-1\" \/>\n<link rel=\"canonical\" href=\"https:\/\/trachtengau.org\/wordpress\/volkstanz-und-plattler\/\" \/>\n<meta property=\"og:locale\" content=\"de_DE\" \/>\n<meta property=\"og:type\" content=\"article\" \/>\n<meta property=\"og:title\" content=\"Volkstanz und Plattler - Trachtengau M\u00fcnchen und Umgebung\" \/>\n<meta property=\"og:url\" content=\"https:\/\/trachtengau.org\/wordpress\/volkstanz-und-plattler\/\" \/>\n<meta property=\"og:site_name\" content=\"Trachtengau M\u00fcnchen und Umgebung\" \/>\n<meta property=\"article:modified_time\" content=\"2021-09-30T17:35:57+00:00\" \/>\n<meta property=\"og:image\" content=\"https:\/\/trachtengau.org\/wordpress\/wp-content\/uploads\/2021\/09\/Oide-Wiesn-2-300x205.jpg\" \/>\n<meta name=\"twitter:card\" content=\"summary_large_image\" \/>\n<meta name=\"twitter:label1\" content=\"Gesch\u00e4tzte Lesezeit\" \/>\n\t<meta name=\"twitter:data1\" content=\"10\u00a0Minuten\" \/>\n<script type=\"application\/ld+json\" class=\"yoast-schema-graph\">{\"@context\":\"https:\/\/schema.org\",\"@graph\":[{\"@type\":\"WebPage\",\"@id\":\"https:\/\/trachtengau.org\/wordpress\/volkstanz-und-plattler\/\",\"url\":\"https:\/\/trachtengau.org\/wordpress\/volkstanz-und-plattler\/\",\"name\":\"Volkstanz und Plattler - Trachtengau M\u00fcnchen und Umgebung\",\"isPartOf\":{\"@id\":\"https:\/\/trachtengau.org\/wordpress\/#website\"},\"datePublished\":\"2021-09-12T13:24:48+00:00\",\"dateModified\":\"2021-09-30T17:35:57+00:00\",\"breadcrumb\":{\"@id\":\"https:\/\/trachtengau.org\/wordpress\/volkstanz-und-plattler\/#breadcrumb\"},\"inLanguage\":\"de\",\"potentialAction\":[{\"@type\":\"ReadAction\",\"target\":[\"https:\/\/trachtengau.org\/wordpress\/volkstanz-und-plattler\/\"]}]},{\"@type\":\"BreadcrumbList\",\"@id\":\"https:\/\/trachtengau.org\/wordpress\/volkstanz-und-plattler\/#breadcrumb\",\"itemListElement\":[{\"@type\":\"ListItem\",\"position\":1,\"name\":\"Startseite\",\"item\":\"https:\/\/trachtengau.org\/wordpress\/\"},{\"@type\":\"ListItem\",\"position\":2,\"name\":\"Volkstanz und Plattler\"}]},{\"@type\":\"WebSite\",\"@id\":\"https:\/\/trachtengau.org\/wordpress\/#website\",\"url\":\"https:\/\/trachtengau.org\/wordpress\/\",\"name\":\"Trachtengau M\u00fcnchen und Umgebung\",\"description\":\"\",\"potentialAction\":[{\"@type\":\"SearchAction\",\"target\":{\"@type\":\"EntryPoint\",\"urlTemplate\":\"https:\/\/trachtengau.org\/wordpress\/?s={search_term_string}\"},\"query-input\":\"required name=search_term_string\"}],\"inLanguage\":\"de\"}]}<\/script>\n<!-- \/ Yoast SEO plugin. -->","yoast_head_json":{"title":"Volkstanz und Plattler - Trachtengau M\u00fcnchen und Umgebung","robots":{"index":"index","follow":"follow","max-snippet":"max-snippet:-1","max-image-preview":"max-image-preview:large","max-video-preview":"max-video-preview:-1"},"canonical":"https:\/\/trachtengau.org\/wordpress\/volkstanz-und-plattler\/","og_locale":"de_DE","og_type":"article","og_title":"Volkstanz und Plattler - Trachtengau M\u00fcnchen und Umgebung","og_url":"https:\/\/trachtengau.org\/wordpress\/volkstanz-und-plattler\/","og_site_name":"Trachtengau M\u00fcnchen und Umgebung","article_modified_time":"2021-09-30T17:35:57+00:00","og_image":[{"url":"https:\/\/trachtengau.org\/wordpress\/wp-content\/uploads\/2021\/09\/Oide-Wiesn-2-300x205.jpg"}],"twitter_card":"summary_large_image","twitter_misc":{"Gesch\u00e4tzte Lesezeit":"10\u00a0Minuten"},"schema":{"@context":"https:\/\/schema.org","@graph":[{"@type":"WebPage","@id":"https:\/\/trachtengau.org\/wordpress\/volkstanz-und-plattler\/","url":"https:\/\/trachtengau.org\/wordpress\/volkstanz-und-plattler\/","name":"Volkstanz und Plattler - Trachtengau M\u00fcnchen und Umgebung","isPartOf":{"@id":"https:\/\/trachtengau.org\/wordpress\/#website"},"datePublished":"2021-09-12T13:24:48+00:00","dateModified":"2021-09-30T17:35:57+00:00","breadcrumb":{"@id":"https:\/\/trachtengau.org\/wordpress\/volkstanz-und-plattler\/#breadcrumb"},"inLanguage":"de","potentialAction":[{"@type":"ReadAction","target":["https:\/\/trachtengau.org\/wordpress\/volkstanz-und-plattler\/"]}]},{"@type":"BreadcrumbList","@id":"https:\/\/trachtengau.org\/wordpress\/volkstanz-und-plattler\/#breadcrumb","itemListElement":[{"@type":"ListItem","position":1,"name":"Startseite","item":"https:\/\/trachtengau.org\/wordpress\/"},{"@type":"ListItem","position":2,"name":"Volkstanz und Plattler"}]},{"@type":"WebSite","@id":"https:\/\/trachtengau.org\/wordpress\/#website","url":"https:\/\/trachtengau.org\/wordpress\/","name":"Trachtengau M\u00fcnchen und Umgebung","description":"","potentialAction":[{"@type":"SearchAction","target":{"@type":"EntryPoint","urlTemplate":"https:\/\/trachtengau.org\/wordpress\/?s={search_term_string}"},"query-input":"required name=search_term_string"}],"inLanguage":"de"}]}},"_links":{"self":[{"href":"https:\/\/trachtengau.org\/wordpress\/wp-json\/wp\/v2\/pages\/130","targetHints":{"allow":["GET"]}}],"collection":[{"href":"https:\/\/trachtengau.org\/wordpress\/wp-json\/wp\/v2\/pages"}],"about":[{"href":"https:\/\/trachtengau.org\/wordpress\/wp-json\/wp\/v2\/types\/page"}],"author":[{"embeddable":true,"href":"https:\/\/trachtengau.org\/wordpress\/wp-json\/wp\/v2\/users\/1"}],"replies":[{"embeddable":true,"href":"https:\/\/trachtengau.org\/wordpress\/wp-json\/wp\/v2\/comments?post=130"}],"version-history":[{"count":8,"href":"https:\/\/trachtengau.org\/wordpress\/wp-json\/wp\/v2\/pages\/130\/revisions"}],"predecessor-version":[{"id":745,"href":"https:\/\/trachtengau.org\/wordpress\/wp-json\/wp\/v2\/pages\/130\/revisions\/745"}],"wp:attachment":[{"href":"https:\/\/trachtengau.org\/wordpress\/wp-json\/wp\/v2\/media?parent=130"}],"curies":[{"name":"wp","href":"https:\/\/api.w.org\/{rel}","templated":true}]}}