{"id":1256,"date":"2022-03-29T13:40:22","date_gmt":"2022-03-29T11:40:22","guid":{"rendered":"https:\/\/trachtengau.org\/wordpress\/?page_id=1256"},"modified":"2022-03-29T14:24:02","modified_gmt":"2022-03-29T12:24:02","slug":"ehrungen-fuer-zwei-verdiente-trachtler","status":"publish","type":"page","link":"https:\/\/trachtengau.org\/wordpress\/ehrungen-fuer-zwei-verdiente-trachtler\/","title":{"rendered":"Ehrungen f\u00fcr zwei verdiente Trachtler"},"content":{"rendered":"<p><div class=\"fusion-fullwidth fullwidth-box fusion-builder-row-1 fusion-flex-container nonhundred-percent-fullwidth non-hundred-percent-height-scrolling\" style=\"--awb-border-radius-top-left:0px;--awb-border-radius-top-right:0px;--awb-border-radius-bottom-right:0px;--awb-border-radius-bottom-left:0px;--awb-flex-wrap:wrap;\" ><div class=\"fusion-builder-row fusion-row fusion-flex-align-items-flex-start fusion-flex-content-wrap\" style=\"max-width:1248px;margin-left: calc(-4% \/ 2 );margin-right: calc(-4% \/ 2 );\"><div class=\"fusion-layout-column fusion_builder_column fusion-builder-column-0 fusion_builder_column_1_1 1_1 fusion-flex-column\" style=\"--awb-bg-size:cover;--awb-width-large:100%;--awb-margin-top-large:0px;--awb-spacing-right-large:1.92%;--awb-margin-bottom-large:20px;--awb-spacing-left-large:1.92%;--awb-width-medium:100%;--awb-order-medium:0;--awb-spacing-right-medium:1.92%;--awb-spacing-left-medium:1.92%;--awb-width-small:100%;--awb-order-small:0;--awb-spacing-right-small:1.92%;--awb-spacing-left-small:1.92%;\"><div class=\"fusion-column-wrapper fusion-column-has-shadow fusion-flex-justify-content-flex-start fusion-content-layout-column\"><div class=\"fusion-text fusion-text-1\" style=\"--awb-text-transform:none;\"><h2 style=\"text-align: center;\"><strong>Die Ehrennadel in Gold f\u00fcr Erich Bormet und Helmut Graf<\/strong><\/h2>\n<p>Im Rahmen unserer Vorstellung unseres \u201eKloan Trachtnbiachals\u201c, die am Sonntag, den 22.03.2022 im Vereinsheim der Ammertaler Ottendichl stattfand, kamen zwei verdienten Trachtlern unseres Gaus besondere Ehrungen zuteil. Erich Bormet vom Gebirgstrachten-Erhaltungsverein D\u2018 Roaga Buam Ismaning und Helmut Graf von den Untersbergern M\u00fcnchen wurden f\u00fcr ihre jahrzehntelange ehrenamtliche T\u00e4tigkeit in der Jugendarbeit von der der Bayerischen Trachtenjugend mit der Ehrennadel in Gold ausgezeichnet. Sichtlich \u00fcberrascht und erfreut nahmen Erich und Helmut aus der Hand von Elfi Gra\u00df, die den Landesjugendvorstand vertrat, die Ehrennadel und eine Urkunde entgegen. An dieser Stelle gratulieren wir den beiden noch einmal ganz herzlich zu dieser Auszeichnung!<\/p>\n<\/div><\/div><\/div><\/div><\/div><div class=\"fusion-fullwidth fullwidth-box fusion-builder-row-2 fusion-flex-container nonhundred-percent-fullwidth non-hundred-percent-height-scrolling\" style=\"--awb-border-radius-top-left:0px;--awb-border-radius-top-right:0px;--awb-border-radius-bottom-right:0px;--awb-border-radius-bottom-left:0px;--awb-flex-wrap:wrap;\" ><div class=\"fusion-builder-row fusion-row fusion-flex-align-items-flex-start fusion-flex-content-wrap\" style=\"max-width:1248px;margin-left: calc(-4% \/ 2 );margin-right: calc(-4% \/ 2 );\"><div class=\"fusion-layout-column fusion_builder_column fusion-builder-column-1 fusion_builder_column_1_2 1_2 fusion-flex-column\" style=\"--awb-bg-size:cover;--awb-width-large:50%;--awb-margin-top-large:0px;--awb-spacing-right-large:3.84%;--awb-margin-bottom-large:20px;--awb-spacing-left-large:3.84%;--awb-width-medium:50%;--awb-order-medium:0;--awb-spacing-right-medium:3.84%;--awb-spacing-left-medium:3.84%;--awb-width-small:100%;--awb-order-small:0;--awb-spacing-right-small:1.92%;--awb-spacing-left-small:1.92%;\"><div class=\"fusion-column-wrapper fusion-column-has-shadow fusion-flex-justify-content-flex-start fusion-content-layout-column\"><div class=\"fusion-content-boxes content-boxes columns row fusion-columns-1 fusion-columns-total-1 fusion-content-boxes-1 content-boxes-icon-with-title content-left\" style=\"--awb-hover-accent-color:#000000;--awb-circle-hover-accent-color:#000000;--awb-item-margin-bottom:40px;\" data-animationOffset=\"top-into-view\"><div style=\"--awb-backgroundcolor:rgba(255,255,255,0);\" class=\"fusion-column content-box-column content-box-column content-box-column-1 col-lg-12 col-md-12 col-sm-12 fusion-content-box-hover content-box-column-last content-box-column-last-in-row\"><div class=\"col content-box-wrapper content-wrapper link-area-link-icon content-icon-wrapper-yes icon-hover-animation-fade\" data-animationOffset=\"top-into-view\"><div class=\"fusion-clearfix\"><\/div><div class=\"content-container\">\n<p><img decoding=\"async\" class=\"alignnone size-large wp-image-1261\" src=\"https:\/\/trachtengau.org\/wordpress\/wp-content\/uploads\/2022\/03\/Ehrung-Erich-Bormet-1024x744.jpg\" alt=\"\" width=\"1024\" height=\"744\" \/><\/p>\n<p>Erich Bormet<\/p>\n<\/div><\/div><\/div><div class=\"fusion-clearfix\"><\/div><\/div><\/div><\/div><div class=\"fusion-layout-column fusion_builder_column fusion-builder-column-2 fusion_builder_column_1_2 1_2 fusion-flex-column\" style=\"--awb-bg-size:cover;--awb-width-large:50%;--awb-margin-top-large:0px;--awb-spacing-right-large:3.84%;--awb-margin-bottom-large:20px;--awb-spacing-left-large:3.84%;--awb-width-medium:50%;--awb-order-medium:0;--awb-spacing-right-medium:3.84%;--awb-spacing-left-medium:3.84%;--awb-width-small:100%;--awb-order-small:0;--awb-spacing-right-small:1.92%;--awb-spacing-left-small:1.92%;\"><div class=\"fusion-column-wrapper fusion-column-has-shadow fusion-flex-justify-content-flex-start fusion-content-layout-column\"><div class=\"fusion-content-boxes content-boxes columns row fusion-columns-1 fusion-columns-total-1 fusion-content-boxes-2 content-boxes-icon-with-title content-left\" style=\"--awb-hover-accent-color:#000000;--awb-circle-hover-accent-color:#000000;--awb-item-margin-bottom:40px;\" data-animationOffset=\"top-into-view\"><div style=\"--awb-backgroundcolor:rgba(255,255,255,0);\" class=\"fusion-column content-box-column content-box-column content-box-column-1 col-lg-12 col-md-12 col-sm-12 fusion-content-box-hover content-box-column-last content-box-column-last-in-row\"><div class=\"col content-box-wrapper content-wrapper link-area-link-icon content-icon-wrapper-yes icon-hover-animation-fade\" data-animationOffset=\"top-into-view\"><div class=\"fusion-clearfix\"><\/div><div class=\"content-container\">\n<p><img decoding=\"async\" class=\"alignnone size-large wp-image-1262\" src=\"https:\/\/trachtengau.org\/wordpress\/wp-content\/uploads\/2022\/03\/Ehrung-Helmut-Graf-e1648556540339-1024x763.jpg\" alt=\"\" width=\"1024\" height=\"763\" srcset=\"https:\/\/trachtengau.org\/wordpress\/wp-content\/uploads\/2022\/03\/Ehrung-Helmut-Graf-e1648556540339-200x149.jpg 200w, https:\/\/trachtengau.org\/wordpress\/wp-content\/uploads\/2022\/03\/Ehrung-Helmut-Graf-e1648556540339-300x223.jpg 300w, https:\/\/trachtengau.org\/wordpress\/wp-content\/uploads\/2022\/03\/Ehrung-Helmut-Graf-e1648556540339-400x298.jpg 400w, https:\/\/trachtengau.org\/wordpress\/wp-content\/uploads\/2022\/03\/Ehrung-Helmut-Graf-e1648556540339-600x447.jpg 600w, https:\/\/trachtengau.org\/wordpress\/wp-content\/uploads\/2022\/03\/Ehrung-Helmut-Graf-e1648556540339-768x572.jpg 768w, https:\/\/trachtengau.org\/wordpress\/wp-content\/uploads\/2022\/03\/Ehrung-Helmut-Graf-e1648556540339-800x596.jpg 800w, https:\/\/trachtengau.org\/wordpress\/wp-content\/uploads\/2022\/03\/Ehrung-Helmut-Graf-e1648556540339-1024x763.jpg 1024w, https:\/\/trachtengau.org\/wordpress\/wp-content\/uploads\/2022\/03\/Ehrung-Helmut-Graf-e1648556540339.jpg 1176w\" sizes=\"(max-width: 1024px) 100vw, 1024px\" \/><\/p>\n<p>Helmut Graf<\/p>\n<\/div><\/div><\/div><div class=\"fusion-clearfix\"><\/div><\/div><\/div><\/div><\/div><\/div><\/p>\n","protected":false},"excerpt":{"rendered":"","protected":false},"author":2,"featured_media":0,"parent":0,"menu_order":0,"comment_status":"closed","ping_status":"closed","template":"","meta":{"footnotes":""},"class_list":["post-1256","page","type-page","status-publish","hentry"],"yoast_head":"<!-- This site is optimized with the Yoast SEO plugin v21.7 - https:\/\/yoast.com\/wordpress\/plugins\/seo\/ -->\n<title>Ehrungen f\u00fcr zwei verdiente Trachtler - Trachtengau M\u00fcnchen und Umgebung<\/title>\n<meta name=\"robots\" content=\"index, follow, max-snippet:-1, max-image-preview:large, max-video-preview:-1\" \/>\n<link rel=\"canonical\" href=\"https:\/\/trachtengau.org\/wordpress\/ehrungen-fuer-zwei-verdiente-trachtler\/\" \/>\n<meta property=\"og:locale\" content=\"de_DE\" \/>\n<meta property=\"og:type\" content=\"article\" \/>\n<meta property=\"og:title\" content=\"Ehrungen f\u00fcr zwei verdiente Trachtler - Trachtengau M\u00fcnchen und Umgebung\" \/>\n<meta property=\"og:url\" content=\"https:\/\/trachtengau.org\/wordpress\/ehrungen-fuer-zwei-verdiente-trachtler\/\" \/>\n<meta property=\"og:site_name\" content=\"Trachtengau M\u00fcnchen und Umgebung\" \/>\n<meta property=\"article:modified_time\" content=\"2022-03-29T12:24:02+00:00\" \/>\n<meta property=\"og:image\" content=\"https:\/\/trachtengau.org\/wordpress\/wp-content\/uploads\/2022\/03\/Ehrung-Erich-Bormet-1024x744.jpg\" \/>\n<meta name=\"twitter:card\" content=\"summary_large_image\" \/>\n<meta name=\"twitter:label1\" content=\"Gesch\u00e4tzte Lesezeit\" \/>\n\t<meta name=\"twitter:data1\" content=\"3\u00a0Minuten\" \/>\n<script type=\"application\/ld+json\" class=\"yoast-schema-graph\">{\"@context\":\"https:\/\/schema.org\",\"@graph\":[{\"@type\":\"WebPage\",\"@id\":\"https:\/\/trachtengau.org\/wordpress\/ehrungen-fuer-zwei-verdiente-trachtler\/\",\"url\":\"https:\/\/trachtengau.org\/wordpress\/ehrungen-fuer-zwei-verdiente-trachtler\/\",\"name\":\"Ehrungen f\u00fcr zwei verdiente Trachtler - Trachtengau M\u00fcnchen und Umgebung\",\"isPartOf\":{\"@id\":\"https:\/\/trachtengau.org\/wordpress\/#website\"},\"datePublished\":\"2022-03-29T11:40:22+00:00\",\"dateModified\":\"2022-03-29T12:24:02+00:00\",\"breadcrumb\":{\"@id\":\"https:\/\/trachtengau.org\/wordpress\/ehrungen-fuer-zwei-verdiente-trachtler\/#breadcrumb\"},\"inLanguage\":\"de\",\"potentialAction\":[{\"@type\":\"ReadAction\",\"target\":[\"https:\/\/trachtengau.org\/wordpress\/ehrungen-fuer-zwei-verdiente-trachtler\/\"]}]},{\"@type\":\"BreadcrumbList\",\"@id\":\"https:\/\/trachtengau.org\/wordpress\/ehrungen-fuer-zwei-verdiente-trachtler\/#breadcrumb\",\"itemListElement\":[{\"@type\":\"ListItem\",\"position\":1,\"name\":\"Startseite\",\"item\":\"https:\/\/trachtengau.org\/wordpress\/\"},{\"@type\":\"ListItem\",\"position\":2,\"name\":\"Ehrungen f\u00fcr zwei verdiente Trachtler\"}]},{\"@type\":\"WebSite\",\"@id\":\"https:\/\/trachtengau.org\/wordpress\/#website\",\"url\":\"https:\/\/trachtengau.org\/wordpress\/\",\"name\":\"Trachtengau M\u00fcnchen und Umgebung\",\"description\":\"\",\"potentialAction\":[{\"@type\":\"SearchAction\",\"target\":{\"@type\":\"EntryPoint\",\"urlTemplate\":\"https:\/\/trachtengau.org\/wordpress\/?s={search_term_string}\"},\"query-input\":\"required name=search_term_string\"}],\"inLanguage\":\"de\"}]}<\/script>\n<!-- \/ Yoast SEO plugin. -->","yoast_head_json":{"title":"Ehrungen f\u00fcr zwei verdiente Trachtler - Trachtengau M\u00fcnchen und Umgebung","robots":{"index":"index","follow":"follow","max-snippet":"max-snippet:-1","max-image-preview":"max-image-preview:large","max-video-preview":"max-video-preview:-1"},"canonical":"https:\/\/trachtengau.org\/wordpress\/ehrungen-fuer-zwei-verdiente-trachtler\/","og_locale":"de_DE","og_type":"article","og_title":"Ehrungen f\u00fcr zwei verdiente Trachtler - Trachtengau M\u00fcnchen und Umgebung","og_url":"https:\/\/trachtengau.org\/wordpress\/ehrungen-fuer-zwei-verdiente-trachtler\/","og_site_name":"Trachtengau M\u00fcnchen und Umgebung","article_modified_time":"2022-03-29T12:24:02+00:00","og_image":[{"url":"https:\/\/trachtengau.org\/wordpress\/wp-content\/uploads\/2022\/03\/Ehrung-Erich-Bormet-1024x744.jpg"}],"twitter_card":"summary_large_image","twitter_misc":{"Gesch\u00e4tzte Lesezeit":"3\u00a0Minuten"},"schema":{"@context":"https:\/\/schema.org","@graph":[{"@type":"WebPage","@id":"https:\/\/trachtengau.org\/wordpress\/ehrungen-fuer-zwei-verdiente-trachtler\/","url":"https:\/\/trachtengau.org\/wordpress\/ehrungen-fuer-zwei-verdiente-trachtler\/","name":"Ehrungen f\u00fcr zwei verdiente Trachtler - Trachtengau M\u00fcnchen und Umgebung","isPartOf":{"@id":"https:\/\/trachtengau.org\/wordpress\/#website"},"datePublished":"2022-03-29T11:40:22+00:00","dateModified":"2022-03-29T12:24:02+00:00","breadcrumb":{"@id":"https:\/\/trachtengau.org\/wordpress\/ehrungen-fuer-zwei-verdiente-trachtler\/#breadcrumb"},"inLanguage":"de","potentialAction":[{"@type":"ReadAction","target":["https:\/\/trachtengau.org\/wordpress\/ehrungen-fuer-zwei-verdiente-trachtler\/"]}]},{"@type":"BreadcrumbList","@id":"https:\/\/trachtengau.org\/wordpress\/ehrungen-fuer-zwei-verdiente-trachtler\/#breadcrumb","itemListElement":[{"@type":"ListItem","position":1,"name":"Startseite","item":"https:\/\/trachtengau.org\/wordpress\/"},{"@type":"ListItem","position":2,"name":"Ehrungen f\u00fcr zwei verdiente Trachtler"}]},{"@type":"WebSite","@id":"https:\/\/trachtengau.org\/wordpress\/#website","url":"https:\/\/trachtengau.org\/wordpress\/","name":"Trachtengau M\u00fcnchen und Umgebung","description":"","potentialAction":[{"@type":"SearchAction","target":{"@type":"EntryPoint","urlTemplate":"https:\/\/trachtengau.org\/wordpress\/?s={search_term_string}"},"query-input":"required name=search_term_string"}],"inLanguage":"de"}]}},"_links":{"self":[{"href":"https:\/\/trachtengau.org\/wordpress\/wp-json\/wp\/v2\/pages\/1256","targetHints":{"allow":["GET"]}}],"collection":[{"href":"https:\/\/trachtengau.org\/wordpress\/wp-json\/wp\/v2\/pages"}],"about":[{"href":"https:\/\/trachtengau.org\/wordpress\/wp-json\/wp\/v2\/types\/page"}],"author":[{"embeddable":true,"href":"https:\/\/trachtengau.org\/wordpress\/wp-json\/wp\/v2\/users\/2"}],"replies":[{"embeddable":true,"href":"https:\/\/trachtengau.org\/wordpress\/wp-json\/wp\/v2\/comments?post=1256"}],"version-history":[{"count":16,"href":"https:\/\/trachtengau.org\/wordpress\/wp-json\/wp\/v2\/pages\/1256\/revisions"}],"predecessor-version":[{"id":1278,"href":"https:\/\/trachtengau.org\/wordpress\/wp-json\/wp\/v2\/pages\/1256\/revisions\/1278"}],"wp:attachment":[{"href":"https:\/\/trachtengau.org\/wordpress\/wp-json\/wp\/v2\/media?parent=1256"}],"curies":[{"name":"wp","href":"https:\/\/api.w.org\/{rel}","templated":true}]}}