{"id":123,"date":"2021-09-12T15:19:27","date_gmt":"2021-09-12T13:19:27","guid":{"rendered":"https:\/\/trachtengau.org\/wordpress\/?page_id=123"},"modified":"2021-10-10T19:03:49","modified_gmt":"2021-10-10T17:03:49","slug":"100-jaehriges-jubilaeum","status":"publish","type":"page","link":"https:\/\/trachtengau.org\/wordpress\/100-jaehriges-jubilaeum\/","title":{"rendered":"100-j\u00e4hriges Jubil\u00e4um"},"content":{"rendered":"<p><div class=\"fusion-fullwidth fullwidth-box fusion-builder-row-1 fusion-flex-container nonhundred-percent-fullwidth non-hundred-percent-height-scrolling\" style=\"--awb-border-radius-top-left:0px;--awb-border-radius-top-right:0px;--awb-border-radius-bottom-right:0px;--awb-border-radius-bottom-left:0px;--awb-flex-wrap:wrap;\" ><div class=\"fusion-builder-row fusion-row fusion-flex-align-items-flex-start fusion-flex-content-wrap\" style=\"max-width:1248px;margin-left: calc(-4% \/ 2 );margin-right: calc(-4% \/ 2 );\"><div class=\"fusion-layout-column fusion_builder_column fusion-builder-column-0 fusion_builder_column_1_1 1_1 fusion-flex-column\" style=\"--awb-bg-size:cover;--awb-width-large:100%;--awb-margin-top-large:0px;--awb-spacing-right-large:1.92%;--awb-margin-bottom-large:20px;--awb-spacing-left-large:1.92%;--awb-width-medium:100%;--awb-order-medium:0;--awb-spacing-right-medium:1.92%;--awb-spacing-left-medium:1.92%;--awb-width-small:100%;--awb-order-small:0;--awb-spacing-right-small:1.92%;--awb-spacing-left-small:1.92%;\"><div class=\"fusion-column-wrapper fusion-column-has-shadow fusion-flex-justify-content-flex-start fusion-content-layout-column\"><div class=\"fusion-title title fusion-title-1 fusion-sep-none fusion-title-text fusion-title-size-one\"><h1 class=\"fusion-title-heading title-heading-left\" style=\"margin:0;\">100 Jahre Trachtengau M\u00fcnchen und Umgebung<\/h1><\/div><\/div><\/div><\/div><\/div><div class=\"fusion-fullwidth fullwidth-box fusion-builder-row-2 fusion-flex-container nonhundred-percent-fullwidth non-hundred-percent-height-scrolling\" style=\"--awb-border-radius-top-left:0px;--awb-border-radius-top-right:0px;--awb-border-radius-bottom-right:0px;--awb-border-radius-bottom-left:0px;--awb-flex-wrap:wrap;\" ><div class=\"fusion-builder-row fusion-row fusion-flex-align-items-flex-start fusion-flex-content-wrap\" style=\"max-width:1248px;margin-left: calc(-4% \/ 2 );margin-right: calc(-4% \/ 2 );\"><div class=\"fusion-layout-column fusion_builder_column fusion-builder-column-1 fusion_builder_column_1_3 1_3 fusion-flex-column\" style=\"--awb-bg-size:cover;--awb-width-large:33.333333333333%;--awb-margin-top-large:0px;--awb-spacing-right-large:5.76%;--awb-margin-bottom-large:20px;--awb-spacing-left-large:5.76%;--awb-width-medium:33.333333333333%;--awb-order-medium:0;--awb-spacing-right-medium:5.76%;--awb-spacing-left-medium:5.76%;--awb-width-small:100%;--awb-order-small:0;--awb-spacing-right-small:1.92%;--awb-spacing-left-small:1.92%;\"><div class=\"fusion-column-wrapper fusion-column-has-shadow fusion-flex-justify-content-flex-start fusion-content-layout-column\"><div class=\"fusion-content-boxes content-boxes columns row fusion-columns-1 fusion-columns-total-1 fusion-content-boxes-1 content-boxes-icon-with-title content-left\" style=\"--awb-hover-accent-color:#000000;--awb-circle-hover-accent-color:#000000;--awb-item-margin-bottom:40px;\" data-animationOffset=\"top-into-view\"><div style=\"--awb-backgroundcolor:rgba(255,255,255,0);\" class=\"fusion-column content-box-column content-box-column content-box-column-1 col-lg-12 col-md-12 col-sm-12 fusion-content-box-hover content-box-column-last content-box-column-last-in-row\"><div class=\"col content-box-wrapper content-wrapper link-area-link-icon content-icon-wrapper-yes icon-hover-animation-fade\" data-animationOffset=\"top-into-view\"><div class=\"fusion-clearfix\"><\/div><div class=\"content-container\">\n<h6><img decoding=\"async\" class=\"\" src=\"https:\/\/trachtengau.org\/wordpress\/wp-content\/uploads\/2021\/09\/Sterntanz.jpg\" width=\"747\" height=\"489\" \/><br \/>\nEdelwei\u00df Unterf\u00f6hring mit dem Sterntanz<\/h6>\n<\/div><\/div><\/div><div class=\"fusion-clearfix\"><\/div><\/div><div class=\"fusion-content-boxes content-boxes columns row fusion-columns-1 fusion-columns-total-1 fusion-content-boxes-2 content-boxes-icon-with-title content-left\" style=\"--awb-hover-accent-color:#000000;--awb-circle-hover-accent-color:#000000;--awb-item-margin-bottom:40px;\" data-animationOffset=\"top-into-view\"><div style=\"--awb-backgroundcolor:rgba(255,255,255,0);\" class=\"fusion-column content-box-column content-box-column content-box-column-1 col-lg-12 col-md-12 col-sm-12 fusion-content-box-hover content-box-column-last content-box-column-last-in-row\"><div class=\"col content-box-wrapper content-wrapper link-area-link-icon content-icon-wrapper-yes icon-hover-animation-fade\" data-animationOffset=\"top-into-view\"><div class=\"fusion-clearfix\"><\/div><div class=\"content-container\">\n<h6><img decoding=\"async\" class=\"\" src=\"https:\/\/trachtengau.org\/wordpress\/wp-content\/uploads\/2021\/09\/Heimatabend-Kreuz-Koenig.jpg\" width=\"768\" height=\"491\" \/><br \/>\nD&#8216; Roaga Buam Ismaning und die Riesengebirgs-Trachtengruppe mit dem Kreuz-K\u00f6nig<\/h6>\n<\/div><\/div><\/div><div class=\"fusion-clearfix\"><\/div><\/div><div class=\"fusion-content-boxes content-boxes columns row fusion-columns-1 fusion-columns-total-1 fusion-content-boxes-3 content-boxes-icon-with-title content-left\" style=\"--awb-hover-accent-color:#000000;--awb-circle-hover-accent-color:#000000;--awb-item-margin-bottom:40px;\" data-animationOffset=\"top-into-view\"><div style=\"--awb-backgroundcolor:rgba(255,255,255,0);\" class=\"fusion-column content-box-column content-box-column content-box-column-1 col-lg-12 col-md-12 col-sm-12 fusion-content-box-hover content-box-column-last content-box-column-last-in-row\"><div class=\"col content-box-wrapper content-wrapper link-area-link-icon content-icon-wrapper-yes icon-hover-animation-fade\" data-animationOffset=\"top-into-view\"><div class=\"fusion-clearfix\"><\/div><div class=\"content-container\">\n<h6><img decoding=\"async\" class=\"\" src=\"https:\/\/trachtengau.org\/wordpress\/wp-content\/uploads\/2021\/09\/Fahneweihe-Pfarrer.jpg\" width=\"692\" height=\"453\" \/><br \/>\nHeilige Messe mit Pater Abraham von St. Quirin Aubing und Stadtpfarrer Johann Lechner von St. Canisius<\/h6>\n<\/div><\/div><\/div><div class=\"fusion-clearfix\"><\/div><\/div><div class=\"fusion-content-boxes content-boxes columns row fusion-columns-1 fusion-columns-total-1 fusion-content-boxes-4 content-boxes-icon-with-title content-left\" style=\"--awb-hover-accent-color:#000000;--awb-circle-hover-accent-color:#000000;--awb-item-margin-bottom:40px;\" data-animationOffset=\"top-into-view\"><div style=\"--awb-backgroundcolor:rgba(255,255,255,0);\" class=\"fusion-column content-box-column content-box-column content-box-column-1 col-lg-12 col-md-12 col-sm-12 fusion-content-box-hover content-box-column-last content-box-column-last-in-row\"><div class=\"col content-box-wrapper content-wrapper link-area-link-icon content-icon-wrapper-yes icon-hover-animation-fade\" data-animationOffset=\"top-into-view\"><div class=\"fusion-clearfix\"><\/div><div class=\"content-container\">\n<h6><img decoding=\"async\" class=\"\" src=\"https:\/\/trachtengau.org\/wordpress\/wp-content\/uploads\/2021\/09\/Standartenweihe.jpg\" width=\"575\" height=\"480\" \/><br \/>\nStandartenweihe<\/h6>\n<\/div><\/div><\/div><div class=\"fusion-clearfix\"><\/div><\/div><div class=\"fusion-content-boxes content-boxes columns row fusion-columns-1 fusion-columns-total-1 fusion-content-boxes-5 content-boxes-icon-with-title content-left\" style=\"--awb-hover-accent-color:#000000;--awb-circle-hover-accent-color:#000000;--awb-item-margin-bottom:40px;\" data-animationOffset=\"top-into-view\"><div style=\"--awb-backgroundcolor:rgba(255,255,255,0);\" class=\"fusion-column content-box-column content-box-column content-box-column-1 col-lg-12 col-md-12 col-sm-12 fusion-content-box-hover content-box-column-last content-box-column-last-in-row\"><div class=\"col content-box-wrapper content-wrapper link-area-link-icon content-icon-wrapper-yes icon-hover-animation-fade\" data-animationOffset=\"top-into-view\"><div class=\"fusion-clearfix\"><\/div><div class=\"content-container\">\n<h6><img decoding=\"async\" class=\"\" src=\"https:\/\/trachtengau.org\/wordpress\/wp-content\/uploads\/2021\/09\/Festzug-Festwagen.jpg\" width=\"770\" height=\"494\" \/><br \/>\nFestkutsche: Alt-Landr\u00e4tin Johanna Romsch\u00f6ttel, Alt-B\u00fcrgermeister Christian Ude sowie die unsere Ehrenmitglieder Herbert Thiemann und Otto Kragler<\/h6>\n<\/div><\/div><\/div><div class=\"fusion-clearfix\"><\/div><\/div><div class=\"fusion-content-boxes content-boxes columns row fusion-columns-1 fusion-columns-total-1 fusion-content-boxes-6 content-boxes-icon-with-title content-left\" style=\"--awb-hover-accent-color:#000000;--awb-circle-hover-accent-color:#000000;--awb-item-margin-bottom:40px;\" data-animationOffset=\"top-into-view\"><div style=\"--awb-backgroundcolor:rgba(255,255,255,0);\" class=\"fusion-column content-box-column content-box-column content-box-column-1 col-lg-12 col-md-12 col-sm-12 fusion-content-box-hover content-box-column-last content-box-column-last-in-row\"><div class=\"col content-box-wrapper content-wrapper link-area-link-icon content-icon-wrapper-yes icon-hover-animation-fade\" data-animationOffset=\"top-into-view\"><div class=\"fusion-clearfix\"><\/div><div class=\"content-container\">\n<h6><img decoding=\"async\" class=\"\" src=\"https:\/\/trachtengau.org\/wordpress\/wp-content\/uploads\/2021\/09\/Festzug-Gaustandarte.jpg\" width=\"714\" height=\"454\" \/><br \/>\nFestzug mit der neuen Gaustandarte<\/h6>\n<\/div><\/div><\/div><div class=\"fusion-clearfix\"><\/div><\/div><\/div><\/div><div class=\"fusion-layout-column fusion_builder_column fusion-builder-column-2 fusion_builder_column_2_3 2_3 fusion-flex-column\" style=\"--awb-bg-size:cover;--awb-width-large:66.666666666667%;--awb-margin-top-large:0px;--awb-spacing-right-large:2.88%;--awb-margin-bottom-large:20px;--awb-spacing-left-large:2.88%;--awb-width-medium:66.666666666667%;--awb-order-medium:0;--awb-spacing-right-medium:2.88%;--awb-spacing-left-medium:2.88%;--awb-width-small:100%;--awb-order-small:0;--awb-spacing-right-small:1.92%;--awb-spacing-left-small:1.92%;\"><div class=\"fusion-column-wrapper fusion-column-has-shadow fusion-flex-justify-content-flex-start fusion-content-layout-column\"><div class=\"fusion-text fusion-text-1\"><p><strong>100 Jahre Trachtengau M\u00fcnchen und Umgebung<\/strong><\/p>\n<p align=\"JUSTIFY\">Nach fast zweij\u00e4hriger Vorbereitung konnten wir am Samstag den 11.09.2010 bei bayerischem Bilderbuch-Himmel um 16.00 Uhr unsere Gauvereine, unseren Patengau, den Rhein-Main-Gau, und einige Bruder- und Ortsvereine im Festzelt in Aubing begr\u00fc\u00dfen. Mit den Fahnenabordnungen ging es zum Kriegerdenkmal St. Quirin, wo wir im Gedenken an unsere verstorbenen Mitglieder einen Kranz niederlegten. Danach ging es mit musikalischer Begleitung der Wartenberger Blaskapelle zur\u00fcck ins Festzelt.<\/p>\n<p align=\"JUSTIFY\">Zu Beginn des anschlie\u00dfenden Heimatabends begr\u00fc\u00dfte der 1. Gauvorstand Martin Werner alle anwesenden Vereine, den Ehrenschirmherrn Helmut Pfundstein, die Schirmherrin Barbara Kuhn, den Staatsminister a.D. Ottmar Bernhard, den Stadtrat Otto Seidl, Walter Weinzierl vom Bayerischen Trachtenverband. Als Ehrenmitglieder des Gaus M\u00fcnchen und Umgebung konnten wir Otto Kragler, K\u00e4thi Baumann und Herbert Thiemann in unsrer Mitte willkommen hei\u00dfen. \u00dcber das Kommen und die \u00dcbernahme der Patenschaft bedankte er sich besonders bei dem Gauvorstand des Rhein-Main-Gaues, Michael Ronalter. Ebenso begr\u00fc\u00dfte er Abordnungen des Houisigaues und des Isargaues.<\/p>\n<p align=\"JUSTIFY\">Durch den nun folgenden und mit manchen Schmankerl gespickten\u00a0Heimatabend f\u00fchrte Gerhard Holz vom Bayerischen Rundfunk.\u00a0Er trug im Vorfeld durch viele Telefonate und Internetrecherchen \u00fcber alle teilnehmenden Vereine Informationen zusammen und f\u00fcgte diese dann zwischen den einzelnen Auftritten in Abwechslung mit kleinen Kurzgeschichten ein.\u00a0Das Programm wurde vom 1. Gauvorplattler Harry Fischer und vom Gauvort\u00e4nzers Markus Hochlahner zusammengestellt; den Beginn machte die Gaugruppe mit dem Gauschlag. Anschlie\u00dfend zeigten alle Gauvereine ihre T\u00e4nze, wobei die Riesengebirgs-Trachtengruppe und D`Roaga Buam Ismaning als Besonderheit den Kreuzk\u00f6nig zusammen tanzten. Als H\u00f6hepunkt der Tanzvorf\u00fchrung \u00fcberraschten D`Ammertaler Ottendichl alle Zuschauer mit der Auff\u00fchrung des Knappentanzes, der nach \u00fcber 20 Jahren extra f\u00fcr das 100j\u00e4hrige wieder neu einstudiert wurde.<\/p>\n<p align=\"JUSTIFY\">Die B\u00fchne wurde zu klein als gegen 22.30 Uhr zum Abschluss des Heimatabends alle Plattler die von der Wartenberger Blaskapelle gespielte Ambosspolka plattelten.<\/p>\n<p align=\"JUSTIFY\">Nach einer kurzen Nacht ging es am Sonntag um 05.00 Uhr mit dem Umbau des Zeltes f\u00fcr die Standartenweihe weiter, da bereits um 8.00 Uhr 42 Vereinen aus nah und fern weiter erwartet wurden.<\/p>\n<p align=\"JUSTIFY\">Mit dem\u00a0Einzug zur Heiligen Messe breitete sich eine angenehme Stille und Andacht unter den Trachtlern und G\u00e4sten aus. Die\u00a0neue Standarte zog noch verh\u00fcllt ins Festzelt ein, getragen von vier Deandln aus dem Gau. Pater Abraham von St. Quirin Aubing und Stadtpfarrer Johann Lechner von St. Canisius, Gro\u00dfhadern, zelebrierte gemeinsam die Messe und \u00fcberraschten durch eine feurige und unterhaltsame Predigt auf bayrisch, wof\u00fcr sie einen spontanen Applaus von allen Anwesenden erhielten. Musikalisch umrahmt wurde sie vom M\u00e4nnergesangsverein Aubing und der Festkapelle Wartenberg.<\/p>\n<p align=\"JUSTIFY\">Fahnenmutter Barbara Steinbei\u00dfer und Fahnenbraut Regina Fischer enth\u00fcllten nach der Weihe die neue Standarte und der F\u00e4hnrich Philipp Pust hob die Standarte empor, so dass Sie von allen gesehen werden konnte. Die Vorderseite zeigt das alte M\u00fcnchner Rathaus mit dem Glockenspiel, die T\u00fcrme der Frauenkirche und die Marienstatue auf dem Marienplatz. Auf der R\u00fcckseite ist die Schutzpatronin Bayerns, die Patrona Bavaria, mit dem Jesuskind abgebildet.<\/p>\n<p align=\"JUSTIFY\">Nach der Segnung h\u00e4ngten die Fahnenmutter und die Fahnenbraut ihr Fahnenband an die neue Standarte, bevor die die Schirmherrin Barbara Kuhn das von ihr gestiftete Trauerband ebenfalls anbrachte. Von den Gauvorst\u00e4nden wurden jeweils die Patenb\u00e4nder an die Fahnen des anderen Gaus geheftet.<\/p>\n<p align=\"JUSTIFY\">Noch vor dem Ende der Messe wurden zwei Ehrungen durchgef\u00fchrt. In Vertretung vom 1. Jugendleiter des Bayerischen Trachtenverbandes, G\u00fcnter Frey, \u00fcberreichten unsere Gaujugendleiter Markus Hochlahner und Heike Hardi Wilma Christhaller vom GTEV D`Roaga Buam Ismaning f\u00fcr Ihre langj\u00e4hrige Jugendarbeit die goldene Ehrennadel der Bayerischen Trachtenjugend.<\/p>\n<p align=\"JUSTIFY\">Zur \u00dcberraschung des Geehrten \u00fcberreichte der Gauvorstand des Gaus M\u00fcnchen und Umgebung Martin Werner die Nadel f\u00fcr\u00a0\u201eBesondere Verdienste\u201c an Harry Fischer von Alt-Miesbach M\u00fcnchen. Damit soll Harrys langj\u00e4hrige Arbeit und ganz besonders sein pers\u00f6nlicher Einsatz f\u00fcr die Vorbereitung des 100j\u00e4hrigen Festes gew\u00fcrdigt werden.<\/p>\n<p align=\"JUSTIFY\">Nach dem feierlichen Gottesdienst begr\u00fc\u00dfte Gauvorstand Martin Werner den Ehrenschirmherrn Helmut Pfundstein, die Schirmherrin Barbara Kuhn, den Staatsminister a. D. Otmar Bernhard, den Berzirktstagspr\u00e4sidenten Josef Mederer, die Landr\u00e4tin des Landkreises M\u00fcnchen, Fr. Johanna Rumsch\u00f6ttel, den 1. Vorsitzenden des Bayerischen Trachtenverbandes Otto Dufter mit Frau Hilde, die Schriftf\u00fchrerin des BTV, Hildegard Hofmann, den Stadtrat und Trachtenbeirat der Landeshauptstadt M\u00fcnchen, Josef Schmid, die Stadtr\u00e4te Otto Seidl und Dr. Josef Assal, Sebastian Kriesel vom Berzirksausschu\u00df, den Gesch\u00e4ftsf\u00fchrer des Festrings M\u00fcnchen, Manfred Newrzella, den B\u00fcrgermeister der Stadt Germering, Andreas Haas, eine Abordnung des Isargaues mit dem 1. Gauvorstand, Michael Unruh, unsere Ehrenmitglieder Otto Kragler, K\u00e4thi Baumann und Herbert Thiemann sowie zahlreiche Vereine aus Aubing oder der n\u00e4heren Umgebung.<\/p>\n<p align=\"JUSTIFY\">P\u00fcnktlich um 14.00 Uhr wurde der Festzug von den B\u00f6llersch\u00fctzen angeschossen und in Marsch gesetzt. Angef\u00fchrt vom Brauereiwagen, der Festkapelle Wartenberg und der Neuen Standarte f\u00fchrte der Weg durch Aubing. Mit gro\u00dfem Applaus wurden die unterschiedlichen Volks- und Gebirgstrachten und die festlich geschm\u00fcckten W\u00e4gen von den Zuschauern auf dem gesamten Zugweg begr\u00fc\u00dft. Auch Oberb\u00fcrgermeister Christian Ude hatte sich vor dem Festzugbeginn eingefunden und fuhr in einer Kutsche mit.<\/p>\n<p align=\"JUSTIFY\">Nach dem Festzug bat der Gauvorstand noch verschiedene Ehreng\u00e4ste um ein kurzes Gru\u00dfwort. Als kleines Dankesch\u00f6n f\u00fcr die \u00dcbernahme der Schirmherrschaft \u00fcberreichte er Helmut Pfundstein und Barbara Kuhn einen Taler, der extra f\u00fcr das Jubil\u00e4um angefertigt wurde. Mit einem Verpflegungskorb und mehreren kleinen F\u00e4ssern Bier f\u00fcr den langen R\u00fcckweg bedankte er sich beim Rhein-Main-Gau f\u00fcr die Erneuerung der Patenschaft.<\/p>\n<p align=\"JUSTIFY\">Das Ehepaar Heike und Dr. Markus Hardi von den D\u2019Ammertalern Ottendichl erhielten f\u00fcr ihre wochenlange und oft bis in die Nacht andauernde Arbeit zur Erstellung der Festschrift ebenfalls je einen Jubil\u00e4umstaler.<\/p>\n<p align=\"JUSTIFY\">Zum Abschluss dieses sch\u00f6nen, gelungenen Festes m\u00f6chte sich der Trachtengau M\u00fcnchen und Umgebung sehr herzlich bedanken f\u00fcr die geleistete Arbeit bei allen Festausschuss-Mitgliedern, dem Freifl\u00e4chenverein Aubing, allen Gauvereinen, der Fahnenmutter Barbara Steinbei\u00dfer, der Fahnenbraut Regina Fischer, den Schirmherren Helmut Pfundstein und Barbara Kuhn, allen Helfern aus den Vereinen, dem Berufsbildungswerk M\u00fcnchen, dem THW Aubing und dem Roten Kreuz Aubing.<\/p>\n<p align=\"JUSTIFY\">Ein besonderer Dank gilt Pater Abraham, Stadtpfarrer Johann Lechner und allen Mitwirkenden f\u00fcr den festlichen Gottesdienst sowie dem B\u00fcrgermeister der Gemeinde Unterf\u00f6hring, Franz Schwarz, f\u00fcr die \u00dcberlassung eines Fahnenschrankes f\u00fcr unsere neue Standarte im neu erbauten B\u00fcrgerhaus.<\/p>\n<p align=\"JUSTIFY\">Barbara Steinbei\u00dfer<\/p>\n<\/div><\/div><\/div><\/div><\/div><\/p>\n","protected":false},"excerpt":{"rendered":"","protected":false},"author":1,"featured_media":0,"parent":0,"menu_order":0,"comment_status":"closed","ping_status":"closed","template":"","meta":{"footnotes":""},"class_list":["post-123","page","type-page","status-publish","hentry"],"yoast_head":"<!-- This site is optimized with the Yoast SEO plugin v21.7 - https:\/\/yoast.com\/wordpress\/plugins\/seo\/ -->\n<title>100-j\u00e4hriges Jubil\u00e4um - Trachtengau M\u00fcnchen und Umgebung<\/title>\n<meta name=\"robots\" content=\"index, follow, max-snippet:-1, max-image-preview:large, max-video-preview:-1\" \/>\n<link rel=\"canonical\" href=\"https:\/\/trachtengau.org\/wordpress\/100-jaehriges-jubilaeum\/\" \/>\n<meta property=\"og:locale\" content=\"de_DE\" \/>\n<meta property=\"og:type\" content=\"article\" \/>\n<meta property=\"og:title\" content=\"100-j\u00e4hriges Jubil\u00e4um - Trachtengau M\u00fcnchen und Umgebung\" \/>\n<meta property=\"og:url\" content=\"https:\/\/trachtengau.org\/wordpress\/100-jaehriges-jubilaeum\/\" \/>\n<meta property=\"og:site_name\" content=\"Trachtengau M\u00fcnchen und Umgebung\" \/>\n<meta property=\"article:modified_time\" content=\"2021-10-10T17:03:49+00:00\" \/>\n<meta property=\"og:image\" content=\"https:\/\/trachtengau.org\/wordpress\/wp-content\/uploads\/2021\/09\/Sterntanz.jpg\" \/>\n<meta name=\"twitter:card\" content=\"summary_large_image\" \/>\n<meta name=\"twitter:label1\" content=\"Gesch\u00e4tzte Lesezeit\" \/>\n\t<meta name=\"twitter:data1\" content=\"17\u00a0Minuten\" \/>\n<script type=\"application\/ld+json\" class=\"yoast-schema-graph\">{\"@context\":\"https:\/\/schema.org\",\"@graph\":[{\"@type\":\"WebPage\",\"@id\":\"https:\/\/trachtengau.org\/wordpress\/100-jaehriges-jubilaeum\/\",\"url\":\"https:\/\/trachtengau.org\/wordpress\/100-jaehriges-jubilaeum\/\",\"name\":\"100-j\u00e4hriges Jubil\u00e4um - Trachtengau M\u00fcnchen und Umgebung\",\"isPartOf\":{\"@id\":\"https:\/\/trachtengau.org\/wordpress\/#website\"},\"datePublished\":\"2021-09-12T13:19:27+00:00\",\"dateModified\":\"2021-10-10T17:03:49+00:00\",\"breadcrumb\":{\"@id\":\"https:\/\/trachtengau.org\/wordpress\/100-jaehriges-jubilaeum\/#breadcrumb\"},\"inLanguage\":\"de\",\"potentialAction\":[{\"@type\":\"ReadAction\",\"target\":[\"https:\/\/trachtengau.org\/wordpress\/100-jaehriges-jubilaeum\/\"]}]},{\"@type\":\"BreadcrumbList\",\"@id\":\"https:\/\/trachtengau.org\/wordpress\/100-jaehriges-jubilaeum\/#breadcrumb\",\"itemListElement\":[{\"@type\":\"ListItem\",\"position\":1,\"name\":\"Startseite\",\"item\":\"https:\/\/trachtengau.org\/wordpress\/\"},{\"@type\":\"ListItem\",\"position\":2,\"name\":\"100-j\u00e4hriges Jubil\u00e4um\"}]},{\"@type\":\"WebSite\",\"@id\":\"https:\/\/trachtengau.org\/wordpress\/#website\",\"url\":\"https:\/\/trachtengau.org\/wordpress\/\",\"name\":\"Trachtengau M\u00fcnchen und Umgebung\",\"description\":\"\",\"potentialAction\":[{\"@type\":\"SearchAction\",\"target\":{\"@type\":\"EntryPoint\",\"urlTemplate\":\"https:\/\/trachtengau.org\/wordpress\/?s={search_term_string}\"},\"query-input\":\"required name=search_term_string\"}],\"inLanguage\":\"de\"}]}<\/script>\n<!-- \/ Yoast SEO plugin. -->","yoast_head_json":{"title":"100-j\u00e4hriges Jubil\u00e4um - Trachtengau M\u00fcnchen und Umgebung","robots":{"index":"index","follow":"follow","max-snippet":"max-snippet:-1","max-image-preview":"max-image-preview:large","max-video-preview":"max-video-preview:-1"},"canonical":"https:\/\/trachtengau.org\/wordpress\/100-jaehriges-jubilaeum\/","og_locale":"de_DE","og_type":"article","og_title":"100-j\u00e4hriges Jubil\u00e4um - Trachtengau M\u00fcnchen und Umgebung","og_url":"https:\/\/trachtengau.org\/wordpress\/100-jaehriges-jubilaeum\/","og_site_name":"Trachtengau M\u00fcnchen und Umgebung","article_modified_time":"2021-10-10T17:03:49+00:00","og_image":[{"url":"https:\/\/trachtengau.org\/wordpress\/wp-content\/uploads\/2021\/09\/Sterntanz.jpg"}],"twitter_card":"summary_large_image","twitter_misc":{"Gesch\u00e4tzte Lesezeit":"17\u00a0Minuten"},"schema":{"@context":"https:\/\/schema.org","@graph":[{"@type":"WebPage","@id":"https:\/\/trachtengau.org\/wordpress\/100-jaehriges-jubilaeum\/","url":"https:\/\/trachtengau.org\/wordpress\/100-jaehriges-jubilaeum\/","name":"100-j\u00e4hriges Jubil\u00e4um - Trachtengau M\u00fcnchen und Umgebung","isPartOf":{"@id":"https:\/\/trachtengau.org\/wordpress\/#website"},"datePublished":"2021-09-12T13:19:27+00:00","dateModified":"2021-10-10T17:03:49+00:00","breadcrumb":{"@id":"https:\/\/trachtengau.org\/wordpress\/100-jaehriges-jubilaeum\/#breadcrumb"},"inLanguage":"de","potentialAction":[{"@type":"ReadAction","target":["https:\/\/trachtengau.org\/wordpress\/100-jaehriges-jubilaeum\/"]}]},{"@type":"BreadcrumbList","@id":"https:\/\/trachtengau.org\/wordpress\/100-jaehriges-jubilaeum\/#breadcrumb","itemListElement":[{"@type":"ListItem","position":1,"name":"Startseite","item":"https:\/\/trachtengau.org\/wordpress\/"},{"@type":"ListItem","position":2,"name":"100-j\u00e4hriges Jubil\u00e4um"}]},{"@type":"WebSite","@id":"https:\/\/trachtengau.org\/wordpress\/#website","url":"https:\/\/trachtengau.org\/wordpress\/","name":"Trachtengau M\u00fcnchen und Umgebung","description":"","potentialAction":[{"@type":"SearchAction","target":{"@type":"EntryPoint","urlTemplate":"https:\/\/trachtengau.org\/wordpress\/?s={search_term_string}"},"query-input":"required name=search_term_string"}],"inLanguage":"de"}]}},"_links":{"self":[{"href":"https:\/\/trachtengau.org\/wordpress\/wp-json\/wp\/v2\/pages\/123","targetHints":{"allow":["GET"]}}],"collection":[{"href":"https:\/\/trachtengau.org\/wordpress\/wp-json\/wp\/v2\/pages"}],"about":[{"href":"https:\/\/trachtengau.org\/wordpress\/wp-json\/wp\/v2\/types\/page"}],"author":[{"embeddable":true,"href":"https:\/\/trachtengau.org\/wordpress\/wp-json\/wp\/v2\/users\/1"}],"replies":[{"embeddable":true,"href":"https:\/\/trachtengau.org\/wordpress\/wp-json\/wp\/v2\/comments?post=123"}],"version-history":[{"count":18,"href":"https:\/\/trachtengau.org\/wordpress\/wp-json\/wp\/v2\/pages\/123\/revisions"}],"predecessor-version":[{"id":1092,"href":"https:\/\/trachtengau.org\/wordpress\/wp-json\/wp\/v2\/pages\/123\/revisions\/1092"}],"wp:attachment":[{"href":"https:\/\/trachtengau.org\/wordpress\/wp-json\/wp\/v2\/media?parent=123"}],"curies":[{"name":"wp","href":"https:\/\/api.w.org\/{rel}","templated":true}]}}