{"id":117,"date":"2021-09-12T15:16:04","date_gmt":"2021-09-12T13:16:04","guid":{"rendered":"https:\/\/trachtengau.org\/wordpress\/?page_id=117"},"modified":"2025-05-27T18:03:45","modified_gmt":"2025-05-27T16:03:45","slug":"ehrungen","status":"publish","type":"page","link":"https:\/\/trachtengau.org\/wordpress\/unser-gau\/ehrungen\/","title":{"rendered":"Ehrungen"},"content":{"rendered":"<p><div class=\"fusion-fullwidth fullwidth-box fusion-builder-row-1 fusion-flex-container nonhundred-percent-fullwidth non-hundred-percent-height-scrolling\" style=\"--awb-border-radius-top-left:0px;--awb-border-radius-top-right:0px;--awb-border-radius-bottom-right:0px;--awb-border-radius-bottom-left:0px;--awb-flex-wrap:wrap;\" ><div class=\"fusion-builder-row fusion-row fusion-flex-align-items-flex-start fusion-flex-content-wrap\" style=\"max-width:1248px;margin-left: calc(-4% \/ 2 );margin-right: calc(-4% \/ 2 );\"><div class=\"fusion-layout-column fusion_builder_column fusion-builder-column-0 fusion_builder_column_1_1 1_1 fusion-flex-column\" style=\"--awb-bg-size:cover;--awb-width-large:100%;--awb-margin-top-large:0px;--awb-spacing-right-large:1.92%;--awb-margin-bottom-large:20px;--awb-spacing-left-large:1.92%;--awb-width-medium:100%;--awb-order-medium:0;--awb-spacing-right-medium:1.92%;--awb-spacing-left-medium:1.92%;--awb-width-small:100%;--awb-order-small:0;--awb-spacing-right-small:1.92%;--awb-spacing-left-small:1.92%;\"><div class=\"fusion-column-wrapper fusion-column-has-shadow fusion-flex-justify-content-flex-start fusion-content-layout-column\"><div class=\"fusion-title title fusion-title-1 fusion-sep-none fusion-title-text fusion-title-size-one\"><h1 class=\"fusion-title-heading title-heading-left\" style=\"margin:0;\">Ehrungen<\/h1><\/div><\/div><\/div><\/div><\/div><div class=\"fusion-fullwidth fullwidth-box fusion-builder-row-2 fusion-flex-container nonhundred-percent-fullwidth non-hundred-percent-height-scrolling\" style=\"--awb-border-radius-top-left:0px;--awb-border-radius-top-right:0px;--awb-border-radius-bottom-right:0px;--awb-border-radius-bottom-left:0px;--awb-flex-wrap:wrap;\" ><div class=\"fusion-builder-row fusion-row fusion-flex-align-items-flex-start fusion-flex-content-wrap\" style=\"max-width:1248px;margin-left: calc(-4% \/ 2 );margin-right: calc(-4% \/ 2 );\"><div class=\"fusion-layout-column fusion_builder_column fusion-builder-column-1 fusion_builder_column_1_1 1_1 fusion-flex-column\" style=\"--awb-bg-size:cover;--awb-width-large:100%;--awb-margin-top-large:0px;--awb-spacing-right-large:1.92%;--awb-margin-bottom-large:20px;--awb-spacing-left-large:1.92%;--awb-width-medium:100%;--awb-order-medium:0;--awb-spacing-right-medium:1.92%;--awb-spacing-left-medium:1.92%;--awb-width-small:100%;--awb-order-small:0;--awb-spacing-right-small:1.92%;--awb-spacing-left-small:1.92%;\"><div class=\"fusion-column-wrapper fusion-column-has-shadow fusion-flex-justify-content-flex-start fusion-content-layout-column\"><div class=\"fusion-content-boxes content-boxes columns row fusion-columns-1 fusion-columns-total-1 fusion-content-boxes-1 content-boxes-icon-with-title content-left\" style=\"--awb-hover-accent-color:#000000;--awb-circle-hover-accent-color:#000000;--awb-item-margin-bottom:40px;\" data-animationOffset=\"top-into-view\"><div style=\"--awb-backgroundcolor:rgba(255,255,255,0);\" class=\"fusion-column content-box-column content-box-column content-box-column-1 col-lg-12 col-md-12 col-sm-12 fusion-content-box-hover content-box-column-last content-box-column-last-in-row\"><div class=\"col content-box-wrapper content-wrapper link-area-link-icon content-icon-wrapper-yes icon-hover-animation-fade\" data-animationOffset=\"top-into-view\"><div class=\"fusion-clearfix\"><\/div><div class=\"content-container\">\n<p><strong>Gauehrenvorstand<\/strong><br \/>\nLudwig Huber von Edelwei\u00df Unterf\u00f6hring, seit 23.03.2025<\/p>\n<p><strong>Ehrenmitglieder<\/strong><br \/>\nEvi Tomasini von den Lechlern M\u00fcnchen, seit 25.11.2017<br \/>\nBarbara Steinbei\u00dfer von den Ammertalern Ottendichl, seit 23.03.2025<br \/>\nFranziska Huber von Edelwei\u00df Unterf\u00f6hring, seit 23.03.2025<br \/>\nJ\u00fcrgen Jantke von den Schl\u00f6\u00dflberglern Anzin, seit 23.03.2025<\/p>\n<p><strong>Ehrennadel des Trachtengau M\u00fcnchen und Umgebung<br \/>\n<\/strong>30.11.2024 Peter Betz von den Ammertalern Ottendichl f\u00fcr besondere Verdienste im Trachtengau M\u00fcnchen und Umgebung<br \/>\n12.09.2010 Harry Fischer von Alt-Miesbach M\u00fcnchen f\u00fcr besondere Leistungen um das 100 j\u00e4hrige Jubil\u00e4um und seine Leistungen f\u00fcr den Trachtengau M\u00fcnchen und Umgebung<\/p>\n<\/div><\/div><\/div><div class=\"fusion-clearfix\"><\/div><\/div><\/div><\/div><div class=\"fusion-layout-column fusion_builder_column fusion-builder-column-2 fusion_builder_column_1_3 1_3 fusion-flex-column\" style=\"--awb-bg-size:cover;--awb-width-large:33.333333333333%;--awb-margin-top-large:0px;--awb-spacing-right-large:5.76%;--awb-margin-bottom-large:20px;--awb-spacing-left-large:5.76%;--awb-width-medium:33.333333333333%;--awb-order-medium:0;--awb-spacing-right-medium:5.76%;--awb-spacing-left-medium:5.76%;--awb-width-small:100%;--awb-order-small:0;--awb-spacing-right-small:1.92%;--awb-spacing-left-small:1.92%;\"><div class=\"fusion-column-wrapper fusion-column-has-shadow fusion-flex-justify-content-flex-start fusion-content-layout-column\"><div class=\"fusion-text fusion-text-1\"><h6 style=\"text-align: center;\"><img decoding=\"async\" class=\"alignnone wp-image-347 alignleft\" src=\"https:\/\/trachtengau.org\/wordpress\/wp-content\/uploads\/2021\/09\/Ehrennadel-Harry-Fischer-2-300x272.jpg\" alt=\"\" width=\"332\" height=\"302\" srcset=\"https:\/\/trachtengau.org\/wordpress\/wp-content\/uploads\/2021\/09\/Ehrennadel-Harry-Fischer-2-200x182.jpg 200w, https:\/\/trachtengau.org\/wordpress\/wp-content\/uploads\/2021\/09\/Ehrennadel-Harry-Fischer-2-300x272.jpg 300w, https:\/\/trachtengau.org\/wordpress\/wp-content\/uploads\/2021\/09\/Ehrennadel-Harry-Fischer-2-400x363.jpg 400w, https:\/\/trachtengau.org\/wordpress\/wp-content\/uploads\/2021\/09\/Ehrennadel-Harry-Fischer-2-600x545.jpg 600w, https:\/\/trachtengau.org\/wordpress\/wp-content\/uploads\/2021\/09\/Ehrennadel-Harry-Fischer-2.jpg 692w\" sizes=\"(max-width: 332px) 100vw, 332px\" \/><\/h6>\n<h6><\/h6>\n<p>Die Ehrennadel f\u00fcr Harry Fischer<\/p>\n<\/div><\/div><\/div><div class=\"fusion-layout-column fusion_builder_column fusion-builder-column-3 fusion_builder_column_1_3 1_3 fusion-flex-column\" style=\"--awb-bg-size:cover;--awb-width-large:33.333333333333%;--awb-margin-top-large:0px;--awb-spacing-right-large:5.76%;--awb-margin-bottom-large:20px;--awb-spacing-left-large:5.76%;--awb-width-medium:33.333333333333%;--awb-order-medium:0;--awb-spacing-right-medium:5.76%;--awb-spacing-left-medium:5.76%;--awb-width-small:100%;--awb-order-small:0;--awb-spacing-right-small:1.92%;--awb-spacing-left-small:1.92%;\"><div class=\"fusion-column-wrapper fusion-column-has-shadow fusion-flex-justify-content-flex-start fusion-content-layout-column\"><div class=\"fusion-text fusion-text-2\"><h6 style=\"text-align: center;\"><img decoding=\"async\" class=\"alignnone wp-image-350 alignleft\" src=\"https:\/\/trachtengau.org\/wordpress\/wp-content\/uploads\/2021\/09\/Ehrenmitglied-Evi-Tomasini-300x238.jpg\" alt=\"\" width=\"364\" height=\"302\" \/><\/h6>\n<p>Unser Ehrenmitglied Eva Tomasini<\/p>\n<\/div><\/div><\/div><div class=\"fusion-layout-column fusion_builder_column fusion-builder-column-4 fusion_builder_column_1_3 1_3 fusion-flex-column\" style=\"--awb-bg-size:cover;--awb-width-large:33.333333333333%;--awb-margin-top-large:0px;--awb-spacing-right-large:5.76%;--awb-margin-bottom-large:20px;--awb-spacing-left-large:5.76%;--awb-width-medium:33.333333333333%;--awb-order-medium:0;--awb-spacing-right-medium:5.76%;--awb-spacing-left-medium:5.76%;--awb-width-small:100%;--awb-order-small:0;--awb-spacing-right-small:1.92%;--awb-spacing-left-small:1.92%;\"><div class=\"fusion-column-wrapper fusion-column-has-shadow fusion-flex-justify-content-flex-start fusion-content-layout-column\"><div class=\"fusion-text fusion-text-3\"><h6 style=\"text-align: center;\"><img decoding=\"async\" class=\"alignnone wp-image-350 alignleft\" src=\"https:\/\/trachtengau.org\/wordpress\/wp-content\/uploads\/2025\/01\/IMG_8210-1024x683.jpg\" alt=\"\" width=\"364\" height=\"400\" \/><\/h6>\n<p>Die goldene Ehrennadel f\u00fcr Peter Betz<\/p>\n<\/div><\/div><\/div><\/div><\/div><div class=\"fusion-fullwidth fullwidth-box fusion-builder-row-3 fusion-flex-container has-pattern-background has-mask-background nonhundred-percent-fullwidth non-hundred-percent-height-scrolling\" style=\"--awb-border-radius-top-left:0px;--awb-border-radius-top-right:0px;--awb-border-radius-bottom-right:0px;--awb-border-radius-bottom-left:0px;--awb-flex-wrap:wrap;\" ><div class=\"fusion-builder-row fusion-row fusion-flex-align-items-flex-start fusion-flex-content-wrap\" style=\"max-width:1248px;margin-left: calc(-4% \/ 2 );margin-right: calc(-4% \/ 2 );\"><div class=\"fusion-layout-column fusion_builder_column fusion-builder-column-5 fusion_builder_column_1_3 1_3 fusion-flex-column\" style=\"--awb-bg-size:cover;--awb-width-large:33.333333333333%;--awb-margin-top-large:0px;--awb-spacing-right-large:5.76%;--awb-margin-bottom-large:20px;--awb-spacing-left-large:5.76%;--awb-width-medium:33.333333333333%;--awb-order-medium:0;--awb-spacing-right-medium:5.76%;--awb-spacing-left-medium:5.76%;--awb-width-small:100%;--awb-order-small:0;--awb-spacing-right-small:1.92%;--awb-spacing-left-small:1.92%;\"><div class=\"fusion-column-wrapper fusion-column-has-shadow fusion-flex-justify-content-flex-start fusion-content-layout-column\"><div class=\"fusion-content-boxes content-boxes columns row fusion-columns-1 fusion-columns-total-1 fusion-content-boxes-2 content-boxes-icon-with-title content-left\" style=\"--awb-hover-accent-color:#000000;--awb-circle-hover-accent-color:#000000;--awb-item-margin-bottom:40px;\" data-animationOffset=\"top-into-view\"><div style=\"--awb-backgroundcolor:rgba(255,255,255,0);\" class=\"fusion-column content-box-column content-box-column content-box-column-1 col-lg-12 col-md-12 col-sm-12 fusion-content-box-hover content-box-column-last content-box-column-last-in-row\"><div class=\"col content-box-wrapper content-wrapper link-area-link-icon content-icon-wrapper-yes icon-hover-animation-fade\" data-animationOffset=\"top-into-view\"><div class=\"fusion-clearfix\"><\/div><div class=\"content-container\">\n<p><img decoding=\"async\" class=\"alignnone size-large wp-image-2082\" src=\"https:\/\/trachtengau.org\/wordpress\/wp-content\/uploads\/2025\/05\/DSC_0129-1024x683.jpg\" alt=\"\" width=\"1024\" height=\"683\" srcset=\"https:\/\/trachtengau.org\/wordpress\/wp-content\/uploads\/2025\/05\/DSC_0129-200x133.jpg 200w, https:\/\/trachtengau.org\/wordpress\/wp-content\/uploads\/2025\/05\/DSC_0129-300x200.jpg 300w, https:\/\/trachtengau.org\/wordpress\/wp-content\/uploads\/2025\/05\/DSC_0129-400x267.jpg 400w, https:\/\/trachtengau.org\/wordpress\/wp-content\/uploads\/2025\/05\/DSC_0129-600x400.jpg 600w, https:\/\/trachtengau.org\/wordpress\/wp-content\/uploads\/2025\/05\/DSC_0129-768x512.jpg 768w, https:\/\/trachtengau.org\/wordpress\/wp-content\/uploads\/2025\/05\/DSC_0129-800x533.jpg 800w, https:\/\/trachtengau.org\/wordpress\/wp-content\/uploads\/2025\/05\/DSC_0129-1024x683.jpg 1024w, https:\/\/trachtengau.org\/wordpress\/wp-content\/uploads\/2025\/05\/DSC_0129-1200x800.jpg 1200w, https:\/\/trachtengau.org\/wordpress\/wp-content\/uploads\/2025\/05\/DSC_0129-1536x1024.jpg 1536w\" sizes=\"(max-width: 1024px) 100vw, 1024px\" \/><\/p>\n<p>Unser Gauehrenvorstand Ludwig Huber<\/p>\n<\/div><\/div><\/div><div class=\"fusion-clearfix\"><\/div><\/div><\/div><\/div><div class=\"fusion-layout-column fusion_builder_column fusion-builder-column-6 fusion_builder_column_1_3 1_3 fusion-flex-column\" style=\"--awb-bg-size:cover;--awb-width-large:33.333333333333%;--awb-margin-top-large:0px;--awb-spacing-right-large:5.76%;--awb-margin-bottom-large:20px;--awb-spacing-left-large:5.76%;--awb-width-medium:33.333333333333%;--awb-order-medium:0;--awb-spacing-right-medium:5.76%;--awb-spacing-left-medium:5.76%;--awb-width-small:100%;--awb-order-small:0;--awb-spacing-right-small:1.92%;--awb-spacing-left-small:1.92%;\"><div class=\"fusion-column-wrapper fusion-column-has-shadow fusion-flex-justify-content-flex-start fusion-content-layout-column\"><div class=\"fusion-content-boxes content-boxes columns row fusion-columns-1 fusion-columns-total-1 fusion-content-boxes-3 content-boxes-icon-with-title content-left\" style=\"--awb-hover-accent-color:#000000;--awb-circle-hover-accent-color:#000000;--awb-item-margin-bottom:40px;\" data-animationOffset=\"top-into-view\"><div style=\"--awb-backgroundcolor:rgba(255,255,255,0);\" class=\"fusion-column content-box-column content-box-column content-box-column-1 col-lg-12 col-md-12 col-sm-12 fusion-content-box-hover content-box-column-last content-box-column-last-in-row\"><div class=\"col content-box-wrapper content-wrapper link-area-link-icon content-icon-wrapper-yes icon-hover-animation-fade\" data-animationOffset=\"top-into-view\"><div class=\"fusion-clearfix\"><\/div><div class=\"content-container\">\n<p><img decoding=\"async\" class=\"alignnone size-large wp-image-2083\" src=\"https:\/\/trachtengau.org\/wordpress\/wp-content\/uploads\/2025\/05\/DSC_0159-1024x683.jpg\" alt=\"\" width=\"1024\" height=\"683\" srcset=\"https:\/\/trachtengau.org\/wordpress\/wp-content\/uploads\/2025\/05\/DSC_0159-200x133.jpg 200w, https:\/\/trachtengau.org\/wordpress\/wp-content\/uploads\/2025\/05\/DSC_0159-300x200.jpg 300w, https:\/\/trachtengau.org\/wordpress\/wp-content\/uploads\/2025\/05\/DSC_0159-400x267.jpg 400w, https:\/\/trachtengau.org\/wordpress\/wp-content\/uploads\/2025\/05\/DSC_0159-600x400.jpg 600w, https:\/\/trachtengau.org\/wordpress\/wp-content\/uploads\/2025\/05\/DSC_0159-768x512.jpg 768w, https:\/\/trachtengau.org\/wordpress\/wp-content\/uploads\/2025\/05\/DSC_0159-800x533.jpg 800w, https:\/\/trachtengau.org\/wordpress\/wp-content\/uploads\/2025\/05\/DSC_0159-1024x683.jpg 1024w, https:\/\/trachtengau.org\/wordpress\/wp-content\/uploads\/2025\/05\/DSC_0159-1200x800.jpg 1200w, https:\/\/trachtengau.org\/wordpress\/wp-content\/uploads\/2025\/05\/DSC_0159-1536x1024.jpg 1536w\" sizes=\"(max-width: 1024px) 100vw, 1024px\" \/><\/p>\n<p>Unsere Ehrenmitglieder Barbara Steinbei\u00dfer, J\u00fcrgen Jantke und Franziska Huber<\/p>\n<\/div><\/div><\/div><div class=\"fusion-clearfix\"><\/div><\/div><\/div><\/div><div class=\"fusion-layout-column fusion_builder_column fusion-builder-column-7 fusion_builder_column_1_3 1_3 fusion-flex-column\" style=\"--awb-bg-size:cover;--awb-width-large:33.333333333333%;--awb-margin-top-large:0px;--awb-spacing-right-large:5.76%;--awb-margin-bottom-large:20px;--awb-spacing-left-large:5.76%;--awb-width-medium:33.333333333333%;--awb-order-medium:0;--awb-spacing-right-medium:5.76%;--awb-spacing-left-medium:5.76%;--awb-width-small:100%;--awb-order-small:0;--awb-spacing-right-small:1.92%;--awb-spacing-left-small:1.92%;\"><div class=\"fusion-column-wrapper fusion-column-has-shadow fusion-flex-justify-content-flex-start fusion-content-layout-column\"><\/div><\/div><\/div><\/div><\/p>\n","protected":false},"excerpt":{"rendered":"","protected":false},"author":1,"featured_media":0,"parent":32,"menu_order":0,"comment_status":"closed","ping_status":"closed","template":"","meta":{"footnotes":""},"class_list":["post-117","page","type-page","status-publish","hentry"],"yoast_head":"<!-- This site is optimized with the Yoast SEO plugin v21.7 - https:\/\/yoast.com\/wordpress\/plugins\/seo\/ -->\n<title>Ehrungen - Trachtengau M\u00fcnchen und Umgebung<\/title>\n<meta name=\"robots\" content=\"index, follow, max-snippet:-1, max-image-preview:large, max-video-preview:-1\" \/>\n<link rel=\"canonical\" href=\"https:\/\/trachtengau.org\/wordpress\/unser-gau\/ehrungen\/\" \/>\n<meta property=\"og:locale\" content=\"de_DE\" \/>\n<meta property=\"og:type\" content=\"article\" \/>\n<meta property=\"og:title\" content=\"Ehrungen - Trachtengau M\u00fcnchen und Umgebung\" \/>\n<meta property=\"og:url\" content=\"https:\/\/trachtengau.org\/wordpress\/unser-gau\/ehrungen\/\" \/>\n<meta property=\"og:site_name\" content=\"Trachtengau M\u00fcnchen und Umgebung\" \/>\n<meta property=\"article:modified_time\" content=\"2025-05-27T16:03:45+00:00\" \/>\n<meta property=\"og:image\" content=\"https:\/\/trachtengau.org\/wordpress\/wp-content\/uploads\/2021\/09\/Ehrennadel-Harry-Fischer-2-300x272.jpg\" \/>\n<meta name=\"twitter:card\" content=\"summary_large_image\" \/>\n<meta name=\"twitter:label1\" content=\"Gesch\u00e4tzte Lesezeit\" \/>\n\t<meta name=\"twitter:data1\" content=\"2\u00a0Minuten\" \/>\n<script type=\"application\/ld+json\" class=\"yoast-schema-graph\">{\"@context\":\"https:\/\/schema.org\",\"@graph\":[{\"@type\":\"WebPage\",\"@id\":\"https:\/\/trachtengau.org\/wordpress\/unser-gau\/ehrungen\/\",\"url\":\"https:\/\/trachtengau.org\/wordpress\/unser-gau\/ehrungen\/\",\"name\":\"Ehrungen - Trachtengau M\u00fcnchen und Umgebung\",\"isPartOf\":{\"@id\":\"https:\/\/trachtengau.org\/wordpress\/#website\"},\"datePublished\":\"2021-09-12T13:16:04+00:00\",\"dateModified\":\"2025-05-27T16:03:45+00:00\",\"breadcrumb\":{\"@id\":\"https:\/\/trachtengau.org\/wordpress\/unser-gau\/ehrungen\/#breadcrumb\"},\"inLanguage\":\"de\",\"potentialAction\":[{\"@type\":\"ReadAction\",\"target\":[\"https:\/\/trachtengau.org\/wordpress\/unser-gau\/ehrungen\/\"]}]},{\"@type\":\"BreadcrumbList\",\"@id\":\"https:\/\/trachtengau.org\/wordpress\/unser-gau\/ehrungen\/#breadcrumb\",\"itemListElement\":[{\"@type\":\"ListItem\",\"position\":1,\"name\":\"Startseite\",\"item\":\"https:\/\/trachtengau.org\/wordpress\/\"},{\"@type\":\"ListItem\",\"position\":2,\"name\":\"Unser Gau\",\"item\":\"https:\/\/trachtengau.org\/wordpress\/unser-gau\/\"},{\"@type\":\"ListItem\",\"position\":3,\"name\":\"Ehrungen\"}]},{\"@type\":\"WebSite\",\"@id\":\"https:\/\/trachtengau.org\/wordpress\/#website\",\"url\":\"https:\/\/trachtengau.org\/wordpress\/\",\"name\":\"Trachtengau M\u00fcnchen und Umgebung\",\"description\":\"\",\"potentialAction\":[{\"@type\":\"SearchAction\",\"target\":{\"@type\":\"EntryPoint\",\"urlTemplate\":\"https:\/\/trachtengau.org\/wordpress\/?s={search_term_string}\"},\"query-input\":\"required name=search_term_string\"}],\"inLanguage\":\"de\"}]}<\/script>\n<!-- \/ Yoast SEO plugin. -->","yoast_head_json":{"title":"Ehrungen - Trachtengau M\u00fcnchen und Umgebung","robots":{"index":"index","follow":"follow","max-snippet":"max-snippet:-1","max-image-preview":"max-image-preview:large","max-video-preview":"max-video-preview:-1"},"canonical":"https:\/\/trachtengau.org\/wordpress\/unser-gau\/ehrungen\/","og_locale":"de_DE","og_type":"article","og_title":"Ehrungen - Trachtengau M\u00fcnchen und Umgebung","og_url":"https:\/\/trachtengau.org\/wordpress\/unser-gau\/ehrungen\/","og_site_name":"Trachtengau M\u00fcnchen und Umgebung","article_modified_time":"2025-05-27T16:03:45+00:00","og_image":[{"url":"https:\/\/trachtengau.org\/wordpress\/wp-content\/uploads\/2021\/09\/Ehrennadel-Harry-Fischer-2-300x272.jpg"}],"twitter_card":"summary_large_image","twitter_misc":{"Gesch\u00e4tzte Lesezeit":"2\u00a0Minuten"},"schema":{"@context":"https:\/\/schema.org","@graph":[{"@type":"WebPage","@id":"https:\/\/trachtengau.org\/wordpress\/unser-gau\/ehrungen\/","url":"https:\/\/trachtengau.org\/wordpress\/unser-gau\/ehrungen\/","name":"Ehrungen - Trachtengau M\u00fcnchen und Umgebung","isPartOf":{"@id":"https:\/\/trachtengau.org\/wordpress\/#website"},"datePublished":"2021-09-12T13:16:04+00:00","dateModified":"2025-05-27T16:03:45+00:00","breadcrumb":{"@id":"https:\/\/trachtengau.org\/wordpress\/unser-gau\/ehrungen\/#breadcrumb"},"inLanguage":"de","potentialAction":[{"@type":"ReadAction","target":["https:\/\/trachtengau.org\/wordpress\/unser-gau\/ehrungen\/"]}]},{"@type":"BreadcrumbList","@id":"https:\/\/trachtengau.org\/wordpress\/unser-gau\/ehrungen\/#breadcrumb","itemListElement":[{"@type":"ListItem","position":1,"name":"Startseite","item":"https:\/\/trachtengau.org\/wordpress\/"},{"@type":"ListItem","position":2,"name":"Unser Gau","item":"https:\/\/trachtengau.org\/wordpress\/unser-gau\/"},{"@type":"ListItem","position":3,"name":"Ehrungen"}]},{"@type":"WebSite","@id":"https:\/\/trachtengau.org\/wordpress\/#website","url":"https:\/\/trachtengau.org\/wordpress\/","name":"Trachtengau M\u00fcnchen und Umgebung","description":"","potentialAction":[{"@type":"SearchAction","target":{"@type":"EntryPoint","urlTemplate":"https:\/\/trachtengau.org\/wordpress\/?s={search_term_string}"},"query-input":"required name=search_term_string"}],"inLanguage":"de"}]}},"_links":{"self":[{"href":"https:\/\/trachtengau.org\/wordpress\/wp-json\/wp\/v2\/pages\/117","targetHints":{"allow":["GET"]}}],"collection":[{"href":"https:\/\/trachtengau.org\/wordpress\/wp-json\/wp\/v2\/pages"}],"about":[{"href":"https:\/\/trachtengau.org\/wordpress\/wp-json\/wp\/v2\/types\/page"}],"author":[{"embeddable":true,"href":"https:\/\/trachtengau.org\/wordpress\/wp-json\/wp\/v2\/users\/1"}],"replies":[{"embeddable":true,"href":"https:\/\/trachtengau.org\/wordpress\/wp-json\/wp\/v2\/comments?post=117"}],"version-history":[{"count":29,"href":"https:\/\/trachtengau.org\/wordpress\/wp-json\/wp\/v2\/pages\/117\/revisions"}],"predecessor-version":[{"id":2094,"href":"https:\/\/trachtengau.org\/wordpress\/wp-json\/wp\/v2\/pages\/117\/revisions\/2094"}],"up":[{"embeddable":true,"href":"https:\/\/trachtengau.org\/wordpress\/wp-json\/wp\/v2\/pages\/32"}],"wp:attachment":[{"href":"https:\/\/trachtengau.org\/wordpress\/wp-json\/wp\/v2\/media?parent=117"}],"curies":[{"name":"wp","href":"https:\/\/api.w.org\/{rel}","templated":true}]}}