{"id":1118,"date":"2021-10-20T17:00:04","date_gmt":"2021-10-20T15:00:04","guid":{"rendered":"https:\/\/trachtengau.org\/wordpress\/?page_id=1118"},"modified":"2021-10-20T17:31:20","modified_gmt":"2021-10-20T15:31:20","slug":"die-gaujugend-auf-der-gruenen-woche-berlin","status":"publish","type":"page","link":"https:\/\/trachtengau.org\/wordpress\/die-gaujugend-auf-der-gruenen-woche-berlin\/","title":{"rendered":"Die Gaujugend auf der Gr\u00fcnen Woche Berlin"},"content":{"rendered":"<p><div class=\"fusion-fullwidth fullwidth-box fusion-builder-row-1 fusion-flex-container nonhundred-percent-fullwidth non-hundred-percent-height-scrolling\" style=\"--awb-border-radius-top-left:0px;--awb-border-radius-top-right:0px;--awb-border-radius-bottom-right:0px;--awb-border-radius-bottom-left:0px;--awb-flex-wrap:wrap;\" ><div class=\"fusion-builder-row fusion-row fusion-flex-align-items-flex-start fusion-flex-content-wrap\" style=\"max-width:1248px;margin-left: calc(-4% \/ 2 );margin-right: calc(-4% \/ 2 );\"><div class=\"fusion-layout-column fusion_builder_column fusion-builder-column-0 fusion_builder_column_1_1 1_1 fusion-flex-column\" style=\"--awb-bg-size:cover;--awb-width-large:100%;--awb-margin-top-large:0px;--awb-spacing-right-large:1.92%;--awb-margin-bottom-large:20px;--awb-spacing-left-large:1.92%;--awb-width-medium:100%;--awb-order-medium:0;--awb-spacing-right-medium:1.92%;--awb-spacing-left-medium:1.92%;--awb-width-small:100%;--awb-order-small:0;--awb-spacing-right-small:1.92%;--awb-spacing-left-small:1.92%;\"><div class=\"fusion-column-wrapper fusion-column-has-shadow fusion-flex-justify-content-flex-start fusion-content-layout-column\"><div class=\"fusion-text fusion-text-1\"><h1 style=\"text-align: center;\">Die Gaujugend auf der Gr\u00fcnen Woche in Berlin<\/h1>\n<\/div><\/div><\/div><\/div><\/div><div class=\"fusion-fullwidth fullwidth-box fusion-builder-row-2 fusion-flex-container nonhundred-percent-fullwidth non-hundred-percent-height-scrolling\" style=\"--awb-border-radius-top-left:0px;--awb-border-radius-top-right:0px;--awb-border-radius-bottom-right:0px;--awb-border-radius-bottom-left:0px;--awb-flex-wrap:wrap;\" ><div class=\"fusion-builder-row fusion-row fusion-flex-align-items-flex-start fusion-flex-content-wrap\" style=\"max-width:1248px;margin-left: calc(-4% \/ 2 );margin-right: calc(-4% \/ 2 );\"><div class=\"fusion-layout-column fusion_builder_column fusion-builder-column-1 fusion_builder_column_1_5 1_5 fusion-flex-column\" style=\"--awb-bg-size:cover;--awb-width-large:20%;--awb-margin-top-large:0px;--awb-spacing-right-large:9.6%;--awb-margin-bottom-large:20px;--awb-spacing-left-large:9.6%;--awb-width-medium:20%;--awb-order-medium:0;--awb-spacing-right-medium:9.6%;--awb-spacing-left-medium:9.6%;--awb-width-small:100%;--awb-order-small:0;--awb-spacing-right-small:1.92%;--awb-spacing-left-small:1.92%;\"><div class=\"fusion-column-wrapper fusion-column-has-shadow fusion-flex-justify-content-flex-start fusion-content-layout-column\"><\/div><\/div><div class=\"fusion-layout-column fusion_builder_column fusion-builder-column-2 fusion_builder_column_3_5 3_5 fusion-flex-column\" style=\"--awb-bg-size:cover;--awb-width-large:60%;--awb-margin-top-large:0px;--awb-spacing-right-large:3.2%;--awb-margin-bottom-large:20px;--awb-spacing-left-large:3.2%;--awb-width-medium:60%;--awb-order-medium:0;--awb-spacing-right-medium:3.2%;--awb-spacing-left-medium:3.2%;--awb-width-small:100%;--awb-order-small:0;--awb-spacing-right-small:1.92%;--awb-spacing-left-small:1.92%;\"><div class=\"fusion-column-wrapper fusion-column-has-shadow fusion-flex-justify-content-flex-start fusion-content-layout-column\"><div class=\"fusion-image-element \" style=\"--awb-caption-title-font-family:var(--h2_typography-font-family);--awb-caption-title-font-weight:var(--h2_typography-font-weight);--awb-caption-title-font-style:var(--h2_typography-font-style);--awb-caption-title-size:var(--h2_typography-font-size);--awb-caption-title-transform:var(--h2_typography-text-transform);--awb-caption-title-line-height:var(--h2_typography-line-height);--awb-caption-title-letter-spacing:var(--h2_typography-letter-spacing);\"><span class=\" fusion-imageframe imageframe-none imageframe-1 hover-type-none\"><img decoding=\"async\" width=\"1024\" height=\"681\" title=\"0031\" src=\"https:\/\/trachtengau.org\/wordpress\/wp-content\/uploads\/2021\/10\/0031-1024x681.jpg\" alt class=\"img-responsive wp-image-874\" srcset=\"https:\/\/trachtengau.org\/wordpress\/wp-content\/uploads\/2021\/10\/0031-200x133.jpg 200w, https:\/\/trachtengau.org\/wordpress\/wp-content\/uploads\/2021\/10\/0031-400x266.jpg 400w, https:\/\/trachtengau.org\/wordpress\/wp-content\/uploads\/2021\/10\/0031-600x399.jpg 600w, https:\/\/trachtengau.org\/wordpress\/wp-content\/uploads\/2021\/10\/0031-800x532.jpg 800w, https:\/\/trachtengau.org\/wordpress\/wp-content\/uploads\/2021\/10\/0031.jpg 1071w\" sizes=\"(max-width: 640px) 100vw, 800px\" \/><\/span><\/div><\/div><\/div><div class=\"fusion-layout-column fusion_builder_column fusion-builder-column-3 fusion_builder_column_1_5 1_5 fusion-flex-column\" style=\"--awb-bg-size:cover;--awb-width-large:20%;--awb-margin-top-large:0px;--awb-spacing-right-large:9.6%;--awb-margin-bottom-large:20px;--awb-spacing-left-large:9.6%;--awb-width-medium:20%;--awb-order-medium:0;--awb-spacing-right-medium:9.6%;--awb-spacing-left-medium:9.6%;--awb-width-small:100%;--awb-order-small:0;--awb-spacing-right-small:1.92%;--awb-spacing-left-small:1.92%;\"><div class=\"fusion-column-wrapper fusion-column-has-shadow fusion-flex-justify-content-flex-start fusion-content-layout-column\"><\/div><\/div><\/div><\/div><div class=\"fusion-fullwidth fullwidth-box fusion-builder-row-3 fusion-flex-container nonhundred-percent-fullwidth non-hundred-percent-height-scrolling\" style=\"--awb-border-radius-top-left:0px;--awb-border-radius-top-right:0px;--awb-border-radius-bottom-right:0px;--awb-border-radius-bottom-left:0px;--awb-flex-wrap:wrap;\" ><div class=\"fusion-builder-row fusion-row fusion-flex-align-items-flex-start fusion-flex-content-wrap\" style=\"max-width:1248px;margin-left: calc(-4% \/ 2 );margin-right: calc(-4% \/ 2 );\"><div class=\"fusion-layout-column fusion_builder_column fusion-builder-column-4 fusion_builder_column_1_1 1_1 fusion-flex-column\" style=\"--awb-bg-size:cover;--awb-width-large:100%;--awb-margin-top-large:0px;--awb-spacing-right-large:1.92%;--awb-margin-bottom-large:20px;--awb-spacing-left-large:1.92%;--awb-width-medium:100%;--awb-order-medium:0;--awb-spacing-right-medium:1.92%;--awb-spacing-left-medium:1.92%;--awb-width-small:100%;--awb-order-small:0;--awb-spacing-right-small:1.92%;--awb-spacing-left-small:1.92%;\"><div class=\"fusion-column-wrapper fusion-column-has-shadow fusion-flex-justify-content-flex-start fusion-content-layout-column\"><div class=\"fusion-text fusion-text-2\"><p>Vom 18. Januar bis zum 20.Januar 2020 fuhren wir nach Berlin, um auf der Internationalen Gr\u00fcnen Woche aufzutreten.<br \/>\nAm Samstagmorgen sammelten wir alle Jugendlichen und G\u00e4ste ein und machten uns auf den Weg in die Landeshauptstadt. Alles verlief nach Plan, bis auf einen Unfall auf der Autobahn, der uns zwei Stunden Zeit kostete. Durch unser gutes Miteinander schafften wir es dennoch, einigerma\u00dfen p\u00fcnktlich am Hotel anzukommen. Im Turbo bezogen wir die Zimmer und richteten uns f\u00fcr das Abendessen im \u201eErdinger\u201c her. Mit Blasmusik wurden wir empfangen und zu unseren Tischen gef\u00fchrt. Nach dem Abendessen machten wir es uns im Hotel gem\u00fctlich. Dort wurde bis sp\u00e4t in die Nacht gemeinsam mit dem Bayerischen Waldgau viel getanzt, gelacht und gesungen.<br \/>\nAm n\u00e4chsten Morgen ist es dann schon fr\u00fch weiter gegangen, denn es stand der Besuch im Bundestag an. Nach einem kleinen Vortrag schauten wir uns gemeinsam die Kuppel an, in dieser wir auch spontan tanzten. Nach einer kleinen St\u00e4rkung stand eine Stadtrundfahrt auf dem Programm. Kreuz und quer fuhren wir durch Berlin \u00a0und sahen eine ganze Menge. Gegen 17:00 Uhr waren wir wieder im Hotel. Das Abendessen war an diesem Abend im \u201eMaximilians\u201c, wo wir auch wieder den Bayerischen Waldgau trafen. Gegen 21:30 Uhr kamen wir zur\u00fcck ins Hotel und setzten uns wieder gem\u00fctlich zusammen. Mit vielen T\u00e4nzen wurde die Lobby des Hotels unsicher gemacht und als die Trachtler des Bayerischen Waldgaus und die Blaskapelle aus Hindelang dazu kamen, war die Gaudi noch viel gr\u00f6\u00dfer. Auch an diesem Abend tanzten, sangen und lachten wir noch sehr lange.<br \/>\nAm Montagmorgen ging es nach dem Fr\u00fchst\u00fcck auf das Messegel\u00e4nde. Nach der Ankunft erkundeten wir die verschiedenen Hallen. Um ca. 14:00 Uhr hatten wir gemeinsam mit dem Bayerischen Waldgau unseren ersten Auftritt. Mit 21 Paaren standen wir auf der B\u00fchne und machten einen Auftanz. Wir haben allen gezeigt, dass Plattler und Volkst\u00e4nzer sehr wohl miteinander harmonieren und zusammen eine Menge Spa\u00df haben k\u00f6nnen. Im folgenden Programm wechselten wir uns dann immer ab. Unsere Auftritte verliefen alle wie nach Plan und dabei hatten wir eine Menge Spa\u00df. Nach einem langen und erlebnisreichen Tag traten wir gegen 16:30 Uhr die Heimreise an. Im Bus herrschte beste Stimmung und wir fuhren alle total stolz und mit neuen Eindr\u00fccken nach Hause. An allen drei Tagen hatten wir gemeinsam eine \u201efetzen Gaudi\u201c und wurden somit nochmal ein bisschen mehr zusammen geschwei\u00dft.<\/p>\n<p><strong><a href=\"https:\/\/trachtengau.org\/wordpress\/galerie-2\/galerie-2020\/gaujugend-auf-der-gruenen-woche-berlin\/\">Hier geht&#8217;s zu den Bildern<\/a><\/strong><\/p>\n<p>Katharina Hardi<\/p>\n<\/div><\/div><\/div><\/div><\/div><\/p>\n","protected":false},"excerpt":{"rendered":"","protected":false},"author":2,"featured_media":0,"parent":0,"menu_order":0,"comment_status":"closed","ping_status":"closed","template":"","meta":{"footnotes":""},"class_list":["post-1118","page","type-page","status-publish","hentry"],"yoast_head":"<!-- This site is optimized with the Yoast SEO plugin v21.7 - https:\/\/yoast.com\/wordpress\/plugins\/seo\/ -->\n<title>Die Gaujugend auf der Gr\u00fcnen Woche Berlin - Trachtengau M\u00fcnchen und Umgebung<\/title>\n<meta name=\"robots\" content=\"index, follow, max-snippet:-1, max-image-preview:large, max-video-preview:-1\" \/>\n<link rel=\"canonical\" href=\"https:\/\/trachtengau.org\/wordpress\/die-gaujugend-auf-der-gruenen-woche-berlin\/\" \/>\n<meta property=\"og:locale\" content=\"de_DE\" \/>\n<meta property=\"og:type\" content=\"article\" \/>\n<meta property=\"og:title\" content=\"Die Gaujugend auf der Gr\u00fcnen Woche Berlin - Trachtengau M\u00fcnchen und Umgebung\" \/>\n<meta property=\"og:url\" content=\"https:\/\/trachtengau.org\/wordpress\/die-gaujugend-auf-der-gruenen-woche-berlin\/\" \/>\n<meta property=\"og:site_name\" content=\"Trachtengau M\u00fcnchen und Umgebung\" \/>\n<meta property=\"article:modified_time\" content=\"2021-10-20T15:31:20+00:00\" \/>\n<meta name=\"twitter:card\" content=\"summary_large_image\" \/>\n<meta name=\"twitter:label1\" content=\"Gesch\u00e4tzte Lesezeit\" \/>\n\t<meta name=\"twitter:data1\" content=\"6\u00a0Minuten\" \/>\n<script type=\"application\/ld+json\" class=\"yoast-schema-graph\">{\"@context\":\"https:\/\/schema.org\",\"@graph\":[{\"@type\":\"WebPage\",\"@id\":\"https:\/\/trachtengau.org\/wordpress\/die-gaujugend-auf-der-gruenen-woche-berlin\/\",\"url\":\"https:\/\/trachtengau.org\/wordpress\/die-gaujugend-auf-der-gruenen-woche-berlin\/\",\"name\":\"Die Gaujugend auf der Gr\u00fcnen Woche Berlin - Trachtengau M\u00fcnchen und Umgebung\",\"isPartOf\":{\"@id\":\"https:\/\/trachtengau.org\/wordpress\/#website\"},\"datePublished\":\"2021-10-20T15:00:04+00:00\",\"dateModified\":\"2021-10-20T15:31:20+00:00\",\"breadcrumb\":{\"@id\":\"https:\/\/trachtengau.org\/wordpress\/die-gaujugend-auf-der-gruenen-woche-berlin\/#breadcrumb\"},\"inLanguage\":\"de\",\"potentialAction\":[{\"@type\":\"ReadAction\",\"target\":[\"https:\/\/trachtengau.org\/wordpress\/die-gaujugend-auf-der-gruenen-woche-berlin\/\"]}]},{\"@type\":\"BreadcrumbList\",\"@id\":\"https:\/\/trachtengau.org\/wordpress\/die-gaujugend-auf-der-gruenen-woche-berlin\/#breadcrumb\",\"itemListElement\":[{\"@type\":\"ListItem\",\"position\":1,\"name\":\"Startseite\",\"item\":\"https:\/\/trachtengau.org\/wordpress\/\"},{\"@type\":\"ListItem\",\"position\":2,\"name\":\"Die Gaujugend auf der Gr\u00fcnen Woche Berlin\"}]},{\"@type\":\"WebSite\",\"@id\":\"https:\/\/trachtengau.org\/wordpress\/#website\",\"url\":\"https:\/\/trachtengau.org\/wordpress\/\",\"name\":\"Trachtengau M\u00fcnchen und Umgebung\",\"description\":\"\",\"potentialAction\":[{\"@type\":\"SearchAction\",\"target\":{\"@type\":\"EntryPoint\",\"urlTemplate\":\"https:\/\/trachtengau.org\/wordpress\/?s={search_term_string}\"},\"query-input\":\"required name=search_term_string\"}],\"inLanguage\":\"de\"}]}<\/script>\n<!-- \/ Yoast SEO plugin. -->","yoast_head_json":{"title":"Die Gaujugend auf der Gr\u00fcnen Woche Berlin - Trachtengau M\u00fcnchen und Umgebung","robots":{"index":"index","follow":"follow","max-snippet":"max-snippet:-1","max-image-preview":"max-image-preview:large","max-video-preview":"max-video-preview:-1"},"canonical":"https:\/\/trachtengau.org\/wordpress\/die-gaujugend-auf-der-gruenen-woche-berlin\/","og_locale":"de_DE","og_type":"article","og_title":"Die Gaujugend auf der Gr\u00fcnen Woche Berlin - Trachtengau M\u00fcnchen und Umgebung","og_url":"https:\/\/trachtengau.org\/wordpress\/die-gaujugend-auf-der-gruenen-woche-berlin\/","og_site_name":"Trachtengau M\u00fcnchen und Umgebung","article_modified_time":"2021-10-20T15:31:20+00:00","twitter_card":"summary_large_image","twitter_misc":{"Gesch\u00e4tzte Lesezeit":"6\u00a0Minuten"},"schema":{"@context":"https:\/\/schema.org","@graph":[{"@type":"WebPage","@id":"https:\/\/trachtengau.org\/wordpress\/die-gaujugend-auf-der-gruenen-woche-berlin\/","url":"https:\/\/trachtengau.org\/wordpress\/die-gaujugend-auf-der-gruenen-woche-berlin\/","name":"Die Gaujugend auf der Gr\u00fcnen Woche Berlin - Trachtengau M\u00fcnchen und Umgebung","isPartOf":{"@id":"https:\/\/trachtengau.org\/wordpress\/#website"},"datePublished":"2021-10-20T15:00:04+00:00","dateModified":"2021-10-20T15:31:20+00:00","breadcrumb":{"@id":"https:\/\/trachtengau.org\/wordpress\/die-gaujugend-auf-der-gruenen-woche-berlin\/#breadcrumb"},"inLanguage":"de","potentialAction":[{"@type":"ReadAction","target":["https:\/\/trachtengau.org\/wordpress\/die-gaujugend-auf-der-gruenen-woche-berlin\/"]}]},{"@type":"BreadcrumbList","@id":"https:\/\/trachtengau.org\/wordpress\/die-gaujugend-auf-der-gruenen-woche-berlin\/#breadcrumb","itemListElement":[{"@type":"ListItem","position":1,"name":"Startseite","item":"https:\/\/trachtengau.org\/wordpress\/"},{"@type":"ListItem","position":2,"name":"Die Gaujugend auf der Gr\u00fcnen Woche Berlin"}]},{"@type":"WebSite","@id":"https:\/\/trachtengau.org\/wordpress\/#website","url":"https:\/\/trachtengau.org\/wordpress\/","name":"Trachtengau M\u00fcnchen und Umgebung","description":"","potentialAction":[{"@type":"SearchAction","target":{"@type":"EntryPoint","urlTemplate":"https:\/\/trachtengau.org\/wordpress\/?s={search_term_string}"},"query-input":"required name=search_term_string"}],"inLanguage":"de"}]}},"_links":{"self":[{"href":"https:\/\/trachtengau.org\/wordpress\/wp-json\/wp\/v2\/pages\/1118","targetHints":{"allow":["GET"]}}],"collection":[{"href":"https:\/\/trachtengau.org\/wordpress\/wp-json\/wp\/v2\/pages"}],"about":[{"href":"https:\/\/trachtengau.org\/wordpress\/wp-json\/wp\/v2\/types\/page"}],"author":[{"embeddable":true,"href":"https:\/\/trachtengau.org\/wordpress\/wp-json\/wp\/v2\/users\/2"}],"replies":[{"embeddable":true,"href":"https:\/\/trachtengau.org\/wordpress\/wp-json\/wp\/v2\/comments?post=1118"}],"version-history":[{"count":11,"href":"https:\/\/trachtengau.org\/wordpress\/wp-json\/wp\/v2\/pages\/1118\/revisions"}],"predecessor-version":[{"id":1130,"href":"https:\/\/trachtengau.org\/wordpress\/wp-json\/wp\/v2\/pages\/1118\/revisions\/1130"}],"wp:attachment":[{"href":"https:\/\/trachtengau.org\/wordpress\/wp-json\/wp\/v2\/media?parent=1118"}],"curies":[{"name":"wp","href":"https:\/\/api.w.org\/{rel}","templated":true}]}}